{"id":172,"date":"2024-09-19T16:47:30","date_gmt":"2024-09-19T14:47:30","guid":{"rendered":"https:\/\/lioneletlesautresvictimesdelaroute.fr\/justice\/?page_id=172"},"modified":"2025-07-22T10:26:23","modified_gmt":"2025-07-22T08:26:23","slug":"religions","status":"publish","type":"page","link":"https:\/\/lioneletlesautresvictimesdelaroute.fr\/justice\/etat-des-lieux\/religions\/","title":{"rendered":"Religions"},"content":{"rendered":"\t\t<div data-elementor-type=\"wp-page\" data-elementor-id=\"172\" class=\"elementor elementor-172\" data-elementor-settings=\"{&quot;ha_cmc_init_switcher&quot;:&quot;no&quot;}\">\n\t\t\t\t<div class=\"elementor-element elementor-element-51ac851 e-con-full e-flex wpr-particle-no wpr-jarallax-no wpr-parallax-no wpr-sticky-section-no wpr-equal-height-no e-con e-parent\" data-id=\"51ac851\" data-element_type=\"container\" data-e-type=\"container\" data-settings=\"{&quot;_ha_eqh_enable&quot;:false}\">\n\t\t\t\t<div class=\"elementor-element elementor-element-4a1625d elementor-widget elementor-widget-heading\" data-id=\"4a1625d\" data-element_type=\"widget\" data-e-type=\"widget\" data-widget_type=\"heading.default\">\n\t\t\t\t<div class=\"elementor-widget-container\">\n\t\t\t\t\t<h2 class=\"elementor-heading-title elementor-size-default\">Que deviennent les organes de nos proches lors d'une autopsie judiciaire ordonn\u00e9e suite \u00e0 un accident de route , un homicide, un f\u00e9minicide, un attentat ..<\/h2>\t\t\t\t<\/div>\n\t\t\t\t<\/div>\n\t\t\t\t<div class=\"elementor-element elementor-element-5d5d6a0 elementor-widget elementor-widget-text-editor\" data-id=\"5d5d6a0\" data-element_type=\"widget\" data-e-type=\"widget\" data-widget_type=\"text-editor.default\">\n\t\t\t\t<div class=\"elementor-widget-container\">\n\t\t\t\t\t\t\t\t\t<p>Une question anodine pour certains, mais qui surprend et qui va \u00e0 l\u2019encontre de toutes les lois d\u00e9finies en France, devant la <a href=\"https:\/\/www.coe.int\/fr\/web\/civil-society\/european-court-of-human-rights\">Cour Europ\u00e9enne des Droits de l\u2019Homme<\/a> et la <a href=\"https:\/\/www.un.org\/fr\/universal-declaration-human-rights\/\">D\u00e9claration Universelle des Droits de l\u2019Homme<\/a>.<\/p><p>Pour bien comprendre ce que nous affirmons, il est important de mentionner diff\u00e9rents points pr\u00e9sents.<\/p><p><strong>Toutes les religions sont bafou\u00e9es, les familles n\u2019ont pas le droit de s\u2019opposer \u00e0 une autopsie. La loi est-elle au-dessus des religions, des croyances et des coutumes ?<\/strong><\/p><p>Mais quand la personne d\u00e9c\u00e8de, qu\u2019une l\u2019autopsie est r\u00e9alis\u00e9e, et que les organes sont plac\u00e9s sous scell\u00e9s sans que la famille soit mise au courant et ensuite quand les organes du d\u00e9funt sont d\u00e9truits et consid\u00e9r\u00e9s comme <strong>d\u00e9chets anatomiques<\/strong>.<\/p><h3><strong>Les religions quelles qu\u2019elles soient, sont bafou\u00e9es.<\/strong><\/h3><p>\u00ab Une r\u00e9cente \u00e9tude men\u00e9e par l&rsquo;Ipsos et la ville de Paris revient sur les pratiques fun\u00e9raires des Fran\u00e7ais de toutes confessions, leurs perceptions et leurs souhaits quant \u00e0 l&rsquo;organisation de leurs obs\u00e8ques et celles de leurs proches.<\/p><p>Ils sont aujourd&rsquo;hui nombreux, pouss\u00e9s par leurs convictions, un souci d&rsquo;\u00e9conomies ou des consid\u00e9rations environnementales, \u00e0 accepter de voir leur corps dispara\u00eetre. L&rsquo;ancrage dans la terre n&rsquo;est plus aujourd&rsquo;hui la solution privil\u00e9gi\u00e9e des Fran\u00e7ais : ils sont 52 % \u00e0 souhaiter, pour leurs obs\u00e8ques, recourir \u00e0 la cr\u00e9mation plut\u00f4t qu&rsquo;\u00e0 l&rsquo;inhumation.<\/p><p>Parmi eux, les croyants (qui repr\u00e9sentent aujourd&rsquo;hui plus de la moiti\u00e9 de la population fran\u00e7aise) choisissent \u00e0 41 % la cr\u00e9mation. Une option que les diff\u00e9rentes confessions envisagent selon des approches diverses. Si musulmans et Juifs proscrivent le recours \u00e0 cette m\u00e9thode, l&rsquo;\u00c9glise catholique a r\u00e9cemment assoupli ses directives. La \u00ab note de Mgr Feidt \u00bb du 4 juin 1986 mentionne que \u00ab\u00a0l&rsquo;\u00c9glise ne refuse plus la cr\u00e9mation \u00e0 condition que celle-ci ne soit pas envisag\u00e9e par opposition et provocation \u00e0 la foi catholique\u00a0\u00bb. La dispersion reste interdite, les cendres devant \u00eatre d\u00e9pos\u00e9es dans un \u00ab\u00a0lieu de m\u00e9moire\u00a0\u00bb. \u00bb<\/p><p>En France, les familles doivent attendre un d\u00e9lai de 24 heures avant d&rsquo;enterrer un d\u00e9funt. Pour les religions Isra\u00e9lite et Musulmane, le corps doit \u00eatre enterr\u00e9 rapidement apr\u00e8s le d\u00e9c\u00e8s. \u00ab\u00a0Tout Juif ou Musulman enterr\u00e9 en France se doit de patienter 24 heures avant que les fun\u00e9railles aient lieu\u00a0\u00bb. De m\u00eame, alors que leur religion est contre le cercueil, ils doivent se plier \u00e0 cette r\u00e8gle exig\u00e9e par la France.<\/p><p>De leur c\u00f4t\u00e9, Hindous et Bouddhistes sont contre le fait de toucher \u00e0 l&rsquo;int\u00e9grit\u00e9 du corps apr\u00e8s la mort, rappelle Isabelle L\u00e9vy. Pourtant, si le d\u00e9funt \u00e9tait porteur d&rsquo;un pacemaker, celui-ci devra lui \u00eatre retir\u00e9 comme l&rsquo;impose la loi fran\u00e7aise.<\/p><p>Notre corps est notre patrimoine, la question \u00e0 se poser : notre corps apr\u00e8s la mort fait-il toujours partie de notre patrimoine ?<\/p><p>Mais en r\u00e9alit\u00e9, que le corps humain, avec l\u2019int\u00e9gralit\u00e9 de ses organes entre dans un patrimoine reste une question pr\u00e9sentant un int\u00e9r\u00eat essentiellement pour les juristes. On ne commence \u00e0 percevoir la dimension soci\u00e9tale et anthropologique de la r\u00e9ification que lorsque l\u2019on se penche sur une autre de ses cons\u00e9quences, le respect du corps humain, des religions et la D\u00e9claration Universelle des Droits de l\u2019Homme.<\/p>\t\t\t\t\t\t\t\t<\/div>\n\t\t\t\t<\/div>\n\t\t\t\t<div class=\"elementor-element elementor-element-18da118 elementor-widget elementor-widget-image\" data-id=\"18da118\" data-element_type=\"widget\" data-e-type=\"widget\" data-widget_type=\"image.default\">\n\t\t\t\t<div class=\"elementor-widget-container\">\n\t\t\t\t\t\t\t\t\t\t\t\t\t\t\t<img decoding=\"async\" width=\"300\" height=\"150\" src=\"https:\/\/lioneletlesautresvictimesdelaroute.fr\/justice\/wp-content\/uploads\/2024\/10\/coexist-1211709_1280-300x150.png\" class=\"attachment-medium size-medium wp-image-43885\" alt=\"Coexiste Illustration\" srcset=\"https:\/\/lioneletlesautresvictimesdelaroute.fr\/justice\/wp-content\/uploads\/2024\/10\/coexist-1211709_1280-300x150.png 300w, https:\/\/lioneletlesautresvictimesdelaroute.fr\/justice\/wp-content\/uploads\/2024\/10\/coexist-1211709_1280-1024x512.png 1024w, https:\/\/lioneletlesautresvictimesdelaroute.fr\/justice\/wp-content\/uploads\/2024\/10\/coexist-1211709_1280-768x384.png 768w, https:\/\/lioneletlesautresvictimesdelaroute.fr\/justice\/wp-content\/uploads\/2024\/10\/coexist-1211709_1280.png 1280w\" sizes=\"(max-width: 300px) 100vw, 300px\" \/>\t\t\t\t\t\t\t\t\t\t\t\t\t\t\t<\/div>\n\t\t\t\t<\/div>\n\t\t\t\t<\/div>\n\t\t\t\t<\/div>\n\t\t","protected":false},"excerpt":{"rendered":"<p>Que deviennent les organes de nos proches lors d&rsquo;une autopsie judiciaire ordonn\u00e9e suite \u00e0 un accident de route , un homicide, un f\u00e9minicide, un attentat .. Une question anodine pour certains, mais qui surprend et qui va \u00e0 l\u2019encontre de toutes les lois d\u00e9finies en France, devant la Cour Europ\u00e9enne des Droits de l\u2019Homme et la D\u00e9claration Universelle des Droits de l\u2019Homme. Pour bien comprendre ce que nous affirmons, il est important de mentionner diff\u00e9rents points pr\u00e9sents. Toutes les religions sont bafou\u00e9es, les familles n\u2019ont pas le droit de s\u2019opposer \u00e0 une autopsie. La loi est-elle au-dessus des religions, des croyances et des coutumes ? Mais quand la personne d\u00e9c\u00e8de, qu\u2019une l\u2019autopsie est r\u00e9alis\u00e9e, et que les organes sont plac\u00e9s sous scell\u00e9s sans que la famille soit mise au courant et ensuite quand les organes du d\u00e9funt sont d\u00e9truits et consid\u00e9r\u00e9s comme d\u00e9chets anatomiques. Les religions quelles qu\u2019elles soient, sont bafou\u00e9es. \u00ab Une r\u00e9cente \u00e9tude men\u00e9e par l&rsquo;Ipsos et la ville de Paris revient sur les pratiques fun\u00e9raires des Fran\u00e7ais de toutes confessions, leurs perceptions et leurs souhaits quant \u00e0 l&rsquo;organisation de leurs obs\u00e8ques et celles de leurs proches. Ils sont aujourd&rsquo;hui nombreux, pouss\u00e9s par leurs convictions, un souci d&rsquo;\u00e9conomies ou des consid\u00e9rations environnementales, \u00e0 accepter de voir leur corps dispara\u00eetre. L&rsquo;ancrage dans la terre n&rsquo;est plus aujourd&rsquo;hui la solution privil\u00e9gi\u00e9e des Fran\u00e7ais : ils sont 52 % \u00e0 souhaiter, pour leurs obs\u00e8ques, recourir \u00e0 la cr\u00e9mation plut\u00f4t qu&rsquo;\u00e0 l&rsquo;inhumation. Parmi eux, les croyants (qui repr\u00e9sentent aujourd&rsquo;hui plus de la moiti\u00e9 de la population fran\u00e7aise) choisissent \u00e0 41 % la cr\u00e9mation. Une option que les diff\u00e9rentes confessions envisagent selon des approches diverses. Si musulmans et Juifs proscrivent le recours \u00e0 cette m\u00e9thode, l&rsquo;\u00c9glise catholique a r\u00e9cemment assoupli ses directives. La \u00ab note de Mgr Feidt \u00bb du 4 juin 1986 mentionne que \u00ab\u00a0l&rsquo;\u00c9glise ne refuse plus la cr\u00e9mation \u00e0 condition que celle-ci ne soit pas envisag\u00e9e par opposition et provocation \u00e0 la foi catholique\u00a0\u00bb. La dispersion reste interdite, les cendres devant \u00eatre d\u00e9pos\u00e9es dans un \u00ab\u00a0lieu de m\u00e9moire\u00a0\u00bb. \u00bb En France, les familles doivent attendre un d\u00e9lai de 24 heures avant d&rsquo;enterrer un d\u00e9funt. Pour les religions Isra\u00e9lite et Musulmane, le corps doit \u00eatre enterr\u00e9 rapidement apr\u00e8s le d\u00e9c\u00e8s. \u00ab\u00a0Tout Juif ou Musulman enterr\u00e9 en France se doit de patienter 24 heures avant que les fun\u00e9railles aient lieu\u00a0\u00bb. De m\u00eame, alors que leur religion est contre le cercueil, ils doivent se plier \u00e0 cette r\u00e8gle exig\u00e9e par la France. De leur c\u00f4t\u00e9, Hindous et Bouddhistes sont contre le fait de toucher \u00e0 l&rsquo;int\u00e9grit\u00e9 du corps apr\u00e8s la mort, rappelle Isabelle L\u00e9vy. Pourtant, si le d\u00e9funt \u00e9tait porteur d&rsquo;un pacemaker, celui-ci devra lui \u00eatre retir\u00e9 comme l&rsquo;impose la loi fran\u00e7aise. Notre corps est notre patrimoine, la question \u00e0 se poser : notre corps apr\u00e8s la mort fait-il toujours partie de notre patrimoine ? Mais en r\u00e9alit\u00e9, que le corps humain, avec l\u2019int\u00e9gralit\u00e9 de ses organes entre dans un patrimoine reste une question pr\u00e9sentant un int\u00e9r\u00eat essentiellement pour les juristes. On ne commence \u00e0 percevoir la dimension soci\u00e9tale et anthropologique de la r\u00e9ification que lorsque l\u2019on se penche sur une autre de ses cons\u00e9quences, le respect du corps humain, des religions et la D\u00e9claration Universelle des Droits de l\u2019Homme.<\/p>\n","protected":false},"author":1,"featured_media":0,"parent":200,"menu_order":7,"comment_status":"closed","ping_status":"closed","template":"elementor_theme","meta":{"_uag_custom_page_level_css":"","sfsi_plus_gutenberg_text_before_share":"","sfsi_plus_gutenberg_show_text_before_share":"","sfsi_plus_gutenberg_icon_type":"","sfsi_plus_gutenberg_icon_alignemt":"","sfsi_plus_gutenburg_max_per_row":"","_lmt_disableupdate":"no","_lmt_disable":"no","_monsterinsights_skip_tracking":false,"_monsterinsights_sitenote_active":false,"_monsterinsights_sitenote_note":"","_monsterinsights_sitenote_category":0,"site-sidebar-layout":"right-sidebar","site-content-layout":"","ast-site-content-layout":"default","site-content-style":"default","site-sidebar-style":"default","ast-global-header-display":"","ast-banner-title-visibility":"","ast-main-header-display":"","ast-hfb-above-header-display":"","ast-hfb-below-header-display":"","ast-hfb-mobile-header-display":"","site-post-title":"","ast-breadcrumbs-content":"","ast-featured-img":"","footer-sml-layout":"","ast-disable-related-posts":"","theme-transparent-header-meta":"default","adv-header-id-meta":"","stick-header-meta":"","header-above-stick-meta":"","header-main-stick-meta":"","header-below-stick-meta":"","astra-migrate-meta-layouts":"set","ast-page-background-enabled":"default","ast-page-background-meta":{"desktop":{"background-color":"var(--ast-global-color-4)","background-image":"","background-repeat":"repeat","background-position":"center center","background-size":"auto","background-attachment":"scroll","background-type":"","background-media":"","overlay-type":"","overlay-color":"","overlay-opacity":"","overlay-gradient":""},"tablet":{"background-color":"","background-image":"","background-repeat":"repeat","background-position":"center center","background-size":"auto","background-attachment":"scroll","background-type":"","background-media":"","overlay-type":"","overlay-color":"","overlay-opacity":"","overlay-gradient":""},"mobile":{"background-color":"","background-image":"","background-repeat":"repeat","background-position":"center center","background-size":"auto","background-attachment":"scroll","background-type":"","background-media":"","overlay-type":"","overlay-color":"","overlay-opacity":"","overlay-gradient":""}},"ast-content-background-meta":{"desktop":{"background-color":"var(--ast-global-color-5)","background-image":"","background-repeat":"repeat","background-position":"center center","background-size":"auto","background-attachment":"scroll","background-type":"","background-media":"","overlay-type":"","overlay-color":"","overlay-opacity":"","overlay-gradient":""},"tablet":{"background-color":"var(--ast-global-color-5)","background-image":"","background-repeat":"repeat","background-position":"center center","background-size":"auto","background-attachment":"scroll","background-type":"","background-media":"","overlay-type":"","overlay-color":"","overlay-opacity":"","overlay-gradient":""},"mobile":{"background-color":"var(--ast-global-color-5)","background-image":"","background-repeat":"repeat","background-position":"center center","background-size":"auto","background-attachment":"scroll","background-type":"","background-media":"","overlay-type":"","overlay-color":"","overlay-opacity":"","overlay-gradient":""}},"iawp_total_views":2,"footnotes":""},"categories":[],"tags":[],"class_list":["post-172","page","type-page","status-publish","hentry"],"aioseo_notices":[],"uagb_featured_image_src":{"full":false,"thumbnail":false,"medium":false,"medium_large":false,"large":false,"1536x1536":false,"2048x2048":false},"uagb_author_info":{"display_name":"Michel BOUDRY","author_link":"https:\/\/lioneletlesautresvictimesdelaroute.fr\/justice\/author\/wmliojustbdy208\/"},"uagb_comment_info":0,"uagb_excerpt":"Que deviennent les organes de nos proches lors d&rsquo;une autopsie judiciaire ordonn\u00e9e suite \u00e0 un accident de route , un homicide, un f\u00e9minicide, un attentat .. Une question anodine pour certains, mais qui surprend et qui va \u00e0 l\u2019encontre de toutes les lois d\u00e9finies en France, devant la Cour Europ\u00e9enne des Droits de l\u2019Homme et\u2026","rttpg_featured_image_url":null,"rttpg_author":{"display_name":"Michel BOUDRY","author_link":"https:\/\/lioneletlesautresvictimesdelaroute.fr\/justice\/author\/wmliojustbdy208\/"},"rttpg_comment":0,"rttpg_category":false,"rttpg_excerpt":"Que deviennent les organes de nos proches lors d&rsquo;une autopsie judiciaire ordonn\u00e9e suite \u00e0 un accident de route , un homicide, un f\u00e9minicide, un attentat .. Une question anodine pour certains, mais qui surprend et qui va \u00e0 l\u2019encontre de toutes les lois d\u00e9finies en France, devant la Cour Europ\u00e9enne des Droits de l\u2019Homme et\u2026","_links":{"self":[{"href":"https:\/\/lioneletlesautresvictimesdelaroute.fr\/justice\/wp-json\/wp\/v2\/pages\/172","targetHints":{"allow":["GET"]}}],"collection":[{"href":"https:\/\/lioneletlesautresvictimesdelaroute.fr\/justice\/wp-json\/wp\/v2\/pages"}],"about":[{"href":"https:\/\/lioneletlesautresvictimesdelaroute.fr\/justice\/wp-json\/wp\/v2\/types\/page"}],"author":[{"embeddable":true,"href":"https:\/\/lioneletlesautresvictimesdelaroute.fr\/justice\/wp-json\/wp\/v2\/users\/1"}],"replies":[{"embeddable":true,"href":"https:\/\/lioneletlesautresvictimesdelaroute.fr\/justice\/wp-json\/wp\/v2\/comments?post=172"}],"version-history":[{"count":2,"href":"https:\/\/lioneletlesautresvictimesdelaroute.fr\/justice\/wp-json\/wp\/v2\/pages\/172\/revisions"}],"predecessor-version":[{"id":52993,"href":"https:\/\/lioneletlesautresvictimesdelaroute.fr\/justice\/wp-json\/wp\/v2\/pages\/172\/revisions\/52993"}],"up":[{"embeddable":true,"href":"https:\/\/lioneletlesautresvictimesdelaroute.fr\/justice\/wp-json\/wp\/v2\/pages\/200"}],"wp:attachment":[{"href":"https:\/\/lioneletlesautresvictimesdelaroute.fr\/justice\/wp-json\/wp\/v2\/media?parent=172"}],"wp:term":[{"taxonomy":"category","embeddable":true,"href":"https:\/\/lioneletlesautresvictimesdelaroute.fr\/justice\/wp-json\/wp\/v2\/categories?post=172"},{"taxonomy":"post_tag","embeddable":true,"href":"https:\/\/lioneletlesautresvictimesdelaroute.fr\/justice\/wp-json\/wp\/v2\/tags?post=172"}],"curies":[{"name":"wp","href":"https:\/\/api.w.org\/{rel}","templated":true}]}}