{"id":195,"date":"2024-09-19T17:01:30","date_gmt":"2024-09-19T15:01:30","guid":{"rendered":"https:\/\/lioneletlesautresvictimesdelaroute.fr\/justice\/?page_id=195"},"modified":"2025-07-22T21:46:39","modified_gmt":"2025-07-22T19:46:39","slug":"nos-propositions-pour-les-autopsies","status":"publish","type":"page","link":"https:\/\/lioneletlesautresvictimesdelaroute.fr\/justice\/notre-analyse\/nos-propositions-pour-les-autopsies\/","title":{"rendered":"Nos propositions pour les autopsies"},"content":{"rendered":"\t\t<div data-elementor-type=\"wp-page\" data-elementor-id=\"195\" class=\"elementor elementor-195\" data-elementor-settings=\"{&quot;ha_cmc_init_switcher&quot;:&quot;no&quot;}\">\n\t\t\t\t<div class=\"elementor-element elementor-element-581511d e-con-full e-flex wpr-particle-no wpr-jarallax-no wpr-parallax-no wpr-sticky-section-no wpr-equal-height-no e-con e-parent\" data-id=\"581511d\" data-element_type=\"container\" data-e-type=\"container\" data-settings=\"{&quot;_ha_eqh_enable&quot;:false}\">\n\t\t\t\t<div class=\"elementor-element elementor-element-3ebe556 elementor-widget elementor-widget-text-editor\" data-id=\"3ebe556\" data-element_type=\"widget\" data-e-type=\"widget\" data-widget_type=\"text-editor.default\">\n\t\t\t\t<div class=\"elementor-widget-container\">\n\t\t\t\t\t\t\t\t\t<p>\u00c0 chaque autopsie, la famille doit \u00eatre inform\u00e9e si des organes sont mis sont scell\u00e9s.<br \/>La mise d\u2019organe sous scell\u00e9s doit avoir un rapport direct avec la cause de la mort.<\/p><p>Une explication m\u00e9dicale pr\u00e9cise doit pr\u00e9ciser pourquoi les organes pr\u00e9lev\u00e9s sont plac\u00e9s sous scell\u00e9s.<br \/>Apr\u00e8s enqu\u00eate, la famille doit pouvoir acc\u00e8s aux organes du d\u00e9funt, en respectant les r\u00e8gles sanitaires m\u00e9dicales.<\/p><p>Nous sommes conscients que seule la cr\u00e9mation peut r\u00e9pondre \u00e0 cette r\u00e8gle sanitaire, malgr\u00e9 les croyances, les pratiques, le culte et l&rsquo;accomplissement des rites.<br \/>Si une autre solution sanitaire existe, nous demandons \u00e0 ce qu\u2019elle soit prise en consid\u00e9ration et de nous en faire part.<\/p><p>Attention, il ne s\u2019agit pas d\u2019un commerce, les valeurs morales et les croyances religieuses doivent \u00eatre respect\u00e9es.<\/p><p>Les cendres doivent \u00eatre rendues \u00e0 la famille dans un r\u00e9ceptacle correspondant \u00e0 la<br \/>R\u00e9glementation nationale afin que les familles puissent suivant leurs volont\u00e9s, proc\u00e9der \u00e0 la dispersion, ou \u00e0 l\u2019ajout de ces derni\u00e8res dans le caveau aupr\u00e8s du cercueil du d\u00e9funt.<br \/>Si les familles ne souhaitent pas reprendre les cendres des organes, celle-ci doivent \u00eatre dispers\u00e9es dans un site appropri\u00e9 afin de respecter le droit du corps humain mort.<\/p>\t\t\t\t\t\t\t\t<\/div>\n\t\t\t\t<\/div>\n\t\t\t\t<div class=\"elementor-element elementor-element-b598ad1 elementor-widget elementor-widget-spacer\" data-id=\"b598ad1\" data-element_type=\"widget\" data-e-type=\"widget\" data-widget_type=\"spacer.default\">\n\t\t\t\t<div class=\"elementor-widget-container\">\n\t\t\t\t\t\t\t<div class=\"elementor-spacer\">\n\t\t\t<div class=\"elementor-spacer-inner\"><\/div>\n\t\t<\/div>\n\t\t\t\t\t\t<\/div>\n\t\t\t\t<\/div>\n\t\t\t\t<\/div>\n\t\t<div class=\"elementor-element elementor-element-3c80647 e-con-full e-flex wpr-particle-no wpr-jarallax-no wpr-parallax-no wpr-sticky-section-no wpr-equal-height-no e-con e-parent\" data-id=\"3c80647\" data-element_type=\"container\" data-e-type=\"container\" data-settings=\"{&quot;_ha_eqh_enable&quot;:false}\">\n\t\t\t\t<div class=\"elementor-element elementor-element-f2b57fa elementor-widget elementor-widget-heading\" data-id=\"f2b57fa\" data-element_type=\"widget\" data-e-type=\"widget\" data-widget_type=\"heading.default\">\n\t\t\t\t<div class=\"elementor-widget-container\">\n\t\t\t\t\t<h2 class=\"elementor-heading-title elementor-size-default\">En attente<\/h2>\t\t\t\t<\/div>\n\t\t\t\t<\/div>\n\t\t\t\t<div class=\"elementor-element elementor-element-b9514b8 elementor-widget elementor-widget-text-editor\" data-id=\"b9514b8\" data-element_type=\"widget\" data-e-type=\"widget\" data-widget_type=\"text-editor.default\">\n\t\t\t\t<div class=\"elementor-widget-container\">\n\t\t\t\t\t\t\t\t\t<p>En attente<\/p>\t\t\t\t\t\t\t\t<\/div>\n\t\t\t\t<\/div>\n\t\t\t\t<div class=\"elementor-element elementor-element-1e2043e elementor-widget elementor-widget-embedpres_document\" data-id=\"1e2043e\" data-element_type=\"widget\" data-e-type=\"widget\" data-widget_type=\"embedpres_document.default\">\n\t\t\t\t<div class=\"elementor-widget-container\">\n\t\t\t\t\t\n        <div class=\"embedpress-document-embed ep-doc-c7e18e672a2ff24139d554b30319492a ose-document \" style=\"width: 600px; height: 600px; max-width:100%; display: inline-block\">\n\n                        <div >\n\n                <div id=\"ep-elementor-content-1e2043e\" class=\"ep-elementor-content    ep-content-protection-disabled\">\n                    <div id=\"1e2043e\" class=\"ep-embed-content-wraper\">\n                        <div class=\"embedpress-embed-document-pdf embedpress-pdf-1e2043e\" data-emid=\"embedpress-pdf-1e2043e\" data-embedpress-content=\"0021cdf23a74b7de4fcc417f5f1f5fcd\" data-embed-type=\"Document\" data-emsrc=\"https:\/\/lioneletlesautresvictimesdelaroute.fr\/justice\/wp-content\/uploads\/2024\/09\/TARN-PROTOCOLE-ADAPVCEJ-1.pdf\"><iframe title=\"TARN-PROTOCOLE ADAPVCEJ-1\" class=\"embedpress-embed-document-pdf embedpress-pdf-1e2043e\" style=\"width: 600px; height: 600px; max-width:100%; display: inline-block\" src=\"https:\/\/lioneletlesautresvictimesdelaroute.fr\/justice\/wp-admin\/admin-ajax.php?action=get_viewer&#038;file=https%3A%2F%2Flioneletlesautresvictimesdelaroute.fr%2Fjustice%2Fwp-content%2Fuploads%2F2024%2F09%2FTARN-PROTOCOLE-ADAPVCEJ-1.pdf#key=dGhlbWVNb2RlPWRlZmF1bHQmdG9vbGJhcj10cnVlJnBvc2l0aW9uPXRvcCZwcmVzZW50YXRpb249ZmFsc2UmbGF6eUxvYWQ9ZmFsc2UmZG93bmxvYWQ9dHJ1ZSZjb3B5X3RleHQ9dHJ1ZSZhZGRfdGV4dD1mYWxzZSZkcmF3PXRydWUmYWRkX2ltYWdlPWZhbHNlJnBkZl9yb3RhdGlvbj1mYWxzZSZwZGZfZGV0YWlscz1mYWxzZSZ6b29tX2luPXRydWUmem9vbV9vdXQ9dHJ1ZSZmaXRfdmlldz10cnVlJmJvb2ttYXJrPWZhbHNlJnNvdW5kPWZhbHNlJmZsaXBib29rX3Rvb2xiYXJfcG9zaXRpb249Ym90dG9tJnNlbGVjdGlvbl90b29sPTAmc2Nyb2xsaW5nPS0xJnNwcmVhZHM9LTEmaXNfcHJvX2FjdGl2ZT0wJndhdGVybWFya190ZXh0PSZ3YXRlcm1hcmtfZm9udF9zaXplPTQ4JndhdGVybWFya19jb2xvcj0lMjMwMDAwMDAmd2F0ZXJtYXJrX29wYWNpdHk9MTUmd2F0ZXJtYXJrX3N0eWxlPWNlbnRlcg==\" frameborder=\"0\"><\/iframe><p class=\"embedpress-el-powered\">Powered By EmbedPress<\/p><\/div>                    <\/div>\n                <\/div>\n                            <\/div>\n        <\/div>\n\n    \t\t\t\t<\/div>\n\t\t\t\t<\/div>\n\t\t\t\t<div class=\"elementor-element elementor-element-818bf6b elementor-widget elementor-widget-ha-pdf-view happy-addon ha-pdf-view\" data-id=\"818bf6b\" data-element_type=\"widget\" data-e-type=\"widget\" data-widget_type=\"ha-pdf-view.default\">\n\t\t\t\t<div class=\"elementor-widget-container\">\n\t\t\t\t\t        <div class=\"pdf_viewer_container\">\n            <div class=\"pdf_viewer_options viewer-818bf6b\" data-pdf-settings=\"{&quot;unique_id&quot;:&quot;viewer-818bf6b&quot;,&quot;pdf_url&quot;:&quot;https:\\\/\\\/lioneletlesautresvictimesdelaroute.fr\\\/justice\\\/wp-content\\\/uploads\\\/2024\\\/09\\\/TARN-PROTOCOLE-ADAPVCEJ-1.pdf&quot;,&quot;file_type&quot;:&quot;url&quot;,&quot;page_number&quot;:&quot;1&quot;,&quot;width&quot;:&quot;100%&quot;,&quot;height&quot;:&quot;600px&quot;}\">\n\t\t\t\t<span class=\"ha-title-flex\">\n\t\t\t\t\t<span class=\"pdf-icon\">\n\t\t\t\t\t\t<i aria-hidden=\"true\" class=\"fas fa-file-pdf\"><\/i>\t\t\t\t\t<\/span>\n\t\t\t\t\t<h2 class=\"ha-pdf-title\">PDF Title<\/h2>\t\t\t\t<\/span>\n\t\t\t\t                <div class=\"pdf-button\">\n                <a href=\"https:\/\/lioneletlesautresvictimesdelaroute.fr\/justice\/wp-content\/uploads\/2024\/09\/TARN-PROTOCOLE-ADAPVCEJ-1.pdf\" class=\"ha-btn\" download title=\"PDF Title\">Download<\/a>                <\/div>\n            <\/div>\n\n\t\t\t<div>\n\t\t\t\t<div id=\"viewer-818bf6b\"><\/div>\n\t\t\t<\/div>\n\n        <\/div>\n        \t\t\t\t<\/div>\n\t\t\t\t<\/div>\n\t\t\t\t<div class=\"elementor-element elementor-element-f425c74 elementor-widget elementor-widget-spacer\" data-id=\"f425c74\" data-element_type=\"widget\" data-e-type=\"widget\" data-widget_type=\"spacer.default\">\n\t\t\t\t<div class=\"elementor-widget-container\">\n\t\t\t\t\t\t\t<div class=\"elementor-spacer\">\n\t\t\t<div class=\"elementor-spacer-inner\"><\/div>\n\t\t<\/div>\n\t\t\t\t\t\t<\/div>\n\t\t\t\t<\/div>\n\t\t\t\t<\/div>\n\t\t\t\t<\/div>\n\t\t","protected":false},"excerpt":{"rendered":"<p>\u00c0 chaque autopsie, la famille doit \u00eatre inform\u00e9e si des organes sont mis sont scell\u00e9s. La mise d\u2019organe sous scell\u00e9s doit avoir un rapport direct avec la cause de la mort. Une explication m\u00e9dicale pr\u00e9cise doit pr\u00e9ciser pourquoi les organes pr\u00e9lev\u00e9s sont plac\u00e9s sous scell\u00e9s. Apr\u00e8s enqu\u00eate, la famille doit pouvoir acc\u00e8s aux organes du d\u00e9funt, en respectant les r\u00e8gles sanitaires m\u00e9dicales. Nous sommes conscients que seule la cr\u00e9mation peut r\u00e9pondre \u00e0 cette r\u00e8gle sanitaire, malgr\u00e9 les croyances, les pratiques, le culte et l&rsquo;accomplissement des rites. Si une autre solution sanitaire existe, nous demandons \u00e0 ce qu\u2019elle soit prise en consid\u00e9ration et de nous en faire part. Attention, il ne s\u2019agit pas d\u2019un commerce, les valeurs morales et les croyances religieuses doivent \u00eatre respect\u00e9es. Les cendres doivent \u00eatre rendues \u00e0 la famille dans un r\u00e9ceptacle correspondant \u00e0 la R\u00e9glementation nationale afin que les familles puissent suivant leurs volont\u00e9s, proc\u00e9der \u00e0 la dispersion, ou \u00e0 l\u2019ajout de ces derni\u00e8res dans le caveau aupr\u00e8s du cercueil du d\u00e9funt. Si les familles ne souhaitent pas reprendre les cendres des organes, celle-ci doivent \u00eatre dispers\u00e9es dans un site appropri\u00e9 afin de respecter le droit du corps humain mort. En attente En attente Powered By EmbedPress PDF Title Download<\/p>\n","protected":false},"author":1,"featured_media":0,"parent":21,"menu_order":7,"comment_status":"closed","ping_status":"closed","template":"elementor_theme","meta":{"_uag_custom_page_level_css":"","sfsi_plus_gutenberg_text_before_share":"","sfsi_plus_gutenberg_show_text_before_share":"","sfsi_plus_gutenberg_icon_type":"","sfsi_plus_gutenberg_icon_alignemt":"","sfsi_plus_gutenburg_max_per_row":"","_lmt_disableupdate":"no","_lmt_disable":"no","_monsterinsights_skip_tracking":false,"_monsterinsights_sitenote_active":false,"_monsterinsights_sitenote_note":"","_monsterinsights_sitenote_category":0,"site-sidebar-layout":"right-sidebar","site-content-layout":"","ast-site-content-layout":"default","site-content-style":"default","site-sidebar-style":"default","ast-global-header-display":"","ast-banner-title-visibility":"","ast-main-header-display":"","ast-hfb-above-header-display":"","ast-hfb-below-header-display":"","ast-hfb-mobile-header-display":"","site-post-title":"","ast-breadcrumbs-content":"","ast-featured-img":"","footer-sml-layout":"","ast-disable-related-posts":"","theme-transparent-header-meta":"default","adv-header-id-meta":"","stick-header-meta":"","header-above-stick-meta":"","header-main-stick-meta":"","header-below-stick-meta":"","astra-migrate-meta-layouts":"set","ast-page-background-enabled":"default","ast-page-background-meta":{"desktop":{"background-color":"var(--ast-global-color-4)","background-image":"","background-repeat":"repeat","background-position":"center center","background-size":"auto","background-attachment":"scroll","background-type":"","background-media":"","overlay-type":"","overlay-color":"","overlay-opacity":"","overlay-gradient":""},"tablet":{"background-color":"","background-image":"","background-repeat":"repeat","background-position":"center center","background-size":"auto","background-attachment":"scroll","background-type":"","background-media":"","overlay-type":"","overlay-color":"","overlay-opacity":"","overlay-gradient":""},"mobile":{"background-color":"","background-image":"","background-repeat":"repeat","background-position":"center center","background-size":"auto","background-attachment":"scroll","background-type":"","background-media":"","overlay-type":"","overlay-color":"","overlay-opacity":"","overlay-gradient":""}},"ast-content-background-meta":{"desktop":{"background-color":"var(--ast-global-color-5)","background-image":"","background-repeat":"repeat","background-position":"center center","background-size":"auto","background-attachment":"scroll","background-type":"","background-media":"","overlay-type":"","overlay-color":"","overlay-opacity":"","overlay-gradient":""},"tablet":{"background-color":"var(--ast-global-color-5)","background-image":"","background-repeat":"repeat","background-position":"center center","background-size":"auto","background-attachment":"scroll","background-type":"","background-media":"","overlay-type":"","overlay-color":"","overlay-opacity":"","overlay-gradient":""},"mobile":{"background-color":"var(--ast-global-color-5)","background-image":"","background-repeat":"repeat","background-position":"center center","background-size":"auto","background-attachment":"scroll","background-type":"","background-media":"","overlay-type":"","overlay-color":"","overlay-opacity":"","overlay-gradient":""}},"iawp_total_views":2,"footnotes":""},"categories":[],"tags":[],"class_list":["post-195","page","type-page","status-publish","hentry"],"aioseo_notices":[],"uagb_featured_image_src":{"full":false,"thumbnail":false,"medium":false,"medium_large":false,"large":false,"1536x1536":false,"2048x2048":false},"uagb_author_info":{"display_name":"Michel BOUDRY","author_link":"https:\/\/lioneletlesautresvictimesdelaroute.fr\/justice\/author\/wmliojustbdy208\/"},"uagb_comment_info":0,"uagb_excerpt":"\u00c0 chaque autopsie, la famille doit \u00eatre inform\u00e9e si des organes sont mis sont scell\u00e9s. La mise d\u2019organe sous scell\u00e9s doit avoir un rapport direct avec la cause de la mort. Une explication m\u00e9dicale pr\u00e9cise doit pr\u00e9ciser pourquoi les organes pr\u00e9lev\u00e9s sont plac\u00e9s sous scell\u00e9s. Apr\u00e8s enqu\u00eate, la famille doit pouvoir acc\u00e8s aux organes du\u2026","rttpg_featured_image_url":null,"rttpg_author":{"display_name":"Michel BOUDRY","author_link":"https:\/\/lioneletlesautresvictimesdelaroute.fr\/justice\/author\/wmliojustbdy208\/"},"rttpg_comment":0,"rttpg_category":false,"rttpg_excerpt":"\u00c0 chaque autopsie, la famille doit \u00eatre inform\u00e9e si des organes sont mis sont scell\u00e9s. La mise d\u2019organe sous scell\u00e9s doit avoir un rapport direct avec la cause de la mort. Une explication m\u00e9dicale pr\u00e9cise doit pr\u00e9ciser pourquoi les organes pr\u00e9lev\u00e9s sont plac\u00e9s sous scell\u00e9s. Apr\u00e8s enqu\u00eate, la famille doit pouvoir acc\u00e8s aux organes du\u2026","_links":{"self":[{"href":"https:\/\/lioneletlesautresvictimesdelaroute.fr\/justice\/wp-json\/wp\/v2\/pages\/195","targetHints":{"allow":["GET"]}}],"collection":[{"href":"https:\/\/lioneletlesautresvictimesdelaroute.fr\/justice\/wp-json\/wp\/v2\/pages"}],"about":[{"href":"https:\/\/lioneletlesautresvictimesdelaroute.fr\/justice\/wp-json\/wp\/v2\/types\/page"}],"author":[{"embeddable":true,"href":"https:\/\/lioneletlesautresvictimesdelaroute.fr\/justice\/wp-json\/wp\/v2\/users\/1"}],"replies":[{"embeddable":true,"href":"https:\/\/lioneletlesautresvictimesdelaroute.fr\/justice\/wp-json\/wp\/v2\/comments?post=195"}],"version-history":[{"count":2,"href":"https:\/\/lioneletlesautresvictimesdelaroute.fr\/justice\/wp-json\/wp\/v2\/pages\/195\/revisions"}],"predecessor-version":[{"id":53130,"href":"https:\/\/lioneletlesautresvictimesdelaroute.fr\/justice\/wp-json\/wp\/v2\/pages\/195\/revisions\/53130"}],"up":[{"embeddable":true,"href":"https:\/\/lioneletlesautresvictimesdelaroute.fr\/justice\/wp-json\/wp\/v2\/pages\/21"}],"wp:attachment":[{"href":"https:\/\/lioneletlesautresvictimesdelaroute.fr\/justice\/wp-json\/wp\/v2\/media?parent=195"}],"wp:term":[{"taxonomy":"category","embeddable":true,"href":"https:\/\/lioneletlesautresvictimesdelaroute.fr\/justice\/wp-json\/wp\/v2\/categories?post=195"},{"taxonomy":"post_tag","embeddable":true,"href":"https:\/\/lioneletlesautresvictimesdelaroute.fr\/justice\/wp-json\/wp\/v2\/tags?post=195"}],"curies":[{"name":"wp","href":"https:\/\/api.w.org\/{rel}","templated":true}]}}