{"id":41,"date":"2024-09-17T15:11:02","date_gmt":"2024-09-17T13:11:02","guid":{"rendered":"https:\/\/lioneletlesautresvictimesdelaroute.fr\/justice\/?page_id=41"},"modified":"2025-07-22T10:28:38","modified_gmt":"2025-07-22T08:28:38","slug":"accompagnement-de-familles","status":"publish","type":"page","link":"https:\/\/lioneletlesautresvictimesdelaroute.fr\/justice\/accompagnement-de-familles\/","title":{"rendered":"Accompagnement de familles"},"content":{"rendered":"\t\t<div data-elementor-type=\"wp-page\" data-elementor-id=\"41\" class=\"elementor elementor-41\" data-elementor-settings=\"{&quot;ha_cmc_init_switcher&quot;:&quot;no&quot;}\">\n\t\t\t\t<div class=\"elementor-element elementor-element-15526ad e-con-full e-flex wpr-particle-no wpr-jarallax-no wpr-parallax-no wpr-sticky-section-no wpr-equal-height-no e-con e-parent\" data-id=\"15526ad\" data-element_type=\"container\" data-e-type=\"container\" data-settings=\"{&quot;_ha_eqh_enable&quot;:false}\">\n\t\t\t\t<div class=\"elementor-element elementor-element-17734b8 elementor-widget elementor-widget-image\" data-id=\"17734b8\" data-element_type=\"widget\" data-e-type=\"widget\" data-widget_type=\"image.default\">\n\t\t\t\t<div class=\"elementor-widget-container\">\n\t\t\t\t\t\t\t\t\t\t\t\t\t\t\t<img fetchpriority=\"high\" decoding=\"async\" width=\"300\" height=\"300\" src=\"https:\/\/lioneletlesautresvictimesdelaroute.fr\/justice\/wp-content\/uploads\/2024\/10\/maze-2094070_1280-300x300.png\" class=\"attachment-medium size-medium wp-image-44372\" alt=\"D\u00e9dale circulaire Illustration\" srcset=\"https:\/\/lioneletlesautresvictimesdelaroute.fr\/justice\/wp-content\/uploads\/2024\/10\/maze-2094070_1280-300x300.png 300w, https:\/\/lioneletlesautresvictimesdelaroute.fr\/justice\/wp-content\/uploads\/2024\/10\/maze-2094070_1280-1024x1024.png 1024w, https:\/\/lioneletlesautresvictimesdelaroute.fr\/justice\/wp-content\/uploads\/2024\/10\/maze-2094070_1280-150x150.png 150w, https:\/\/lioneletlesautresvictimesdelaroute.fr\/justice\/wp-content\/uploads\/2024\/10\/maze-2094070_1280-768x768.png 768w, https:\/\/lioneletlesautresvictimesdelaroute.fr\/justice\/wp-content\/uploads\/2024\/10\/maze-2094070_1280.png 1280w\" sizes=\"(max-width: 300px) 100vw, 300px\" \/>\t\t\t\t\t\t\t\t\t\t\t\t\t\t\t<\/div>\n\t\t\t\t<\/div>\n\t\t\t\t<div class=\"elementor-element elementor-element-83bc729 elementor-widget elementor-widget-text-editor\" data-id=\"83bc729\" data-element_type=\"widget\" data-e-type=\"widget\" data-widget_type=\"text-editor.default\">\n\t\t\t\t<div class=\"elementor-widget-container\">\n\t\t\t\t\t\t\t\t\t<p>L\u2019<a href=\"https:\/\/lioneletlesautresvictimesdelaroute.fr\/tarn-protocole-evaluation-accompagnement-victimes\/\">association<\/a> Lionel et les Autres Victimes de la Route\u00a0 a travaill\u00e9e durant l&rsquo;ann\u00e9e\u00a0 2023 avec la Pr\u00e9fecture du Tarn et le TGI de Castres pour \u00e9laborer un protocole d\u2019accompagnement des familles, celui-ci doit \u00eatre mis en action dans les jours qui viennent.<\/p><p>Une fois encore, il est tr\u00e8s complexe pour nous association de victimes de faire conna\u00eetre et de faire appliquer cela aupr\u00e8s des d\u00e9partements de France.<\/p><p>Une famille de victime ne doit pas rester seule, c\u2019est un citoyen de la commune o\u00f9 r\u00e9side sa famille, il a droit \u00e0 toutes les aides, suivant les principes de L\u00e9galit\u00e9s des personnes.<\/p>\t\t\t\t\t\t\t\t<\/div>\n\t\t\t\t<\/div>\n\t\t\t\t<div class=\"elementor-element elementor-element-04ce219 elementor-widget elementor-widget-embedpres_elementor\" data-id=\"04ce219\" data-element_type=\"widget\" data-e-type=\"widget\" data-widget_type=\"embedpres_elementor.default\">\n\t\t\t\t<div class=\"elementor-widget-container\">\n\t\t\t\t\t\n\t\t<div class=\"embedpress-elements-wrapper  \" id=\"ep-elements-id-04ce219\">\n\n\t\t\t\t\t\t\t<div id=\"ep-elementor-content-04ce219\"\n\t\t\t\t\tclass=\"ep-elementor-content\n\t\t\t\t\t\t\t\t\t\t  ep-content-protection-disabled\t\t\t\t\tsource-default\t\t\t\t\t\">\n\n\t\t\t\t\t<div id=\"04ce219\"\n\t\t\t\t\t\tclass=\"ep-embed-content-wrapper\n\t\t\t\t\t\t\t\t\t\t\t\t\t\t\t\t\t\tep-google-photos-\t\t\t\t\t\tdata-show-title=\"yes\"\t\t\t\t\t\t\"\n\t\t\t\t\t\t\t\t\t\t\t\t\t\t\t\t\t\t\t\t\t\t\t\t>\n\n\t\t\t\t\t\t<div id=\"ep-elementor-content-04ce219\"\n\t\t\t\t\t\t\tclass=\"ep-elementor-content\n\t\t\t\t\t\t\t\t\t\t\t\t\t\t  ep-content-protection-disabled\t\t\t\t\t\t\tsource-default\">\n\n\t\t\t\t\t\t\t<div >\n\t\t\t\t\t\t\t\t<div id=\"04ce219\"\n\t\t\t\t\t\t\t\t\tclass=\"ep-embed-content-wraper\n\t\t\t\t\t\t\t\t\t\"\n\t\t\t\t\t\t\t\t\t\t\t\t\t\t\t\t\t\t>\n\n\t\t\t\t\t\t\t\t\t\t\t\t\t\t\t\t\t<\/div>\n\n\t\t\t\t\t\t\t\t\n\t\t\t\t\t\t\t<\/div>\n\t\t\t\t\t\t<\/div>\n\t\t\t\t\t<\/div>\n\t\t\t\t<\/div>\n\n\t\t\t\n\t\t<\/div>\n\n\n\t\t\n\t\t\t\t<\/div>\n\t\t\t\t<\/div>\n\t\t\t\t<\/div>\n\t\t<div class=\"elementor-element elementor-element-82c1836 e-flex e-con-boxed wpr-particle-no wpr-jarallax-no wpr-parallax-no wpr-sticky-section-no wpr-equal-height-no e-con e-parent\" data-id=\"82c1836\" data-element_type=\"container\" data-e-type=\"container\" data-settings=\"{&quot;_ha_eqh_enable&quot;:false}\">\n\t\t\t\t\t<div class=\"e-con-inner\">\n\t\t\t\t<div class=\"elementor-element elementor-element-02dd21f elementor-widget elementor-widget-shortcode\" data-id=\"02dd21f\" data-element_type=\"widget\" data-e-type=\"widget\" data-widget_type=\"shortcode.default\">\n\t\t\t\t<div class=\"elementor-widget-container\">\n\t\t\t\t\t\t\t<div class=\"elementor-shortcode\"><div class=\"_df_book df-lite\" id=\"df_43497\"  _slug=\"protocole-3d\" data-title=\"protocole-3d\" wpoptions=\"true\" thumbtype=\"\" ><\/div><script class=\"df-shortcode-script\" nowprocket type=\"application\/javascript\">window.option_df_43497 = {\"outline\":[],\"autoEnableOutline\":\"false\",\"autoEnableThumbnail\":\"false\",\"overwritePDFOutline\":\"false\",\"direction\":\"1\",\"pageSize\":\"0\",\"source\":\"https:\\\/\\\/lioneletlesautresvictimesdelaroute.fr\\\/justice\\\/wp-content\\\/uploads\\\/2024\\\/09\\\/TARN-PROTOCOLE-ADAPVCEJ-1.pdf\",\"wpOptions\":\"true\"}; if(window.DFLIP && window.DFLIP.parseBooks){window.DFLIP.parseBooks();}<\/script> <\/div>\n\t\t\t\t\t\t<\/div>\n\t\t\t\t<\/div>\n\t\t\t\t\t<\/div>\n\t\t\t\t<\/div>\n\t\t\t\t<\/div>\n\t\t","protected":false},"excerpt":{"rendered":"<p>L\u2019association Lionel et les Autres Victimes de la Route\u00a0 a travaill\u00e9e durant l&rsquo;ann\u00e9e\u00a0 2023 avec la Pr\u00e9fecture du Tarn et le TGI de Castres pour \u00e9laborer un protocole d\u2019accompagnement des familles, celui-ci doit \u00eatre mis en action dans les jours qui viennent. Une fois encore, il est tr\u00e8s complexe pour nous association de victimes de faire conna\u00eetre et de faire appliquer cela aupr\u00e8s des d\u00e9partements de France. Une famille de victime ne doit pas rester seule, c\u2019est un citoyen de la commune o\u00f9 r\u00e9side sa famille, il a droit \u00e0 toutes les aides, suivant les principes de L\u00e9galit\u00e9s des personnes.<\/p>\n","protected":false},"author":1,"featured_media":0,"parent":0,"menu_order":7,"comment_status":"closed","ping_status":"closed","template":"elementor_theme","meta":{"_uag_custom_page_level_css":"","sfsi_plus_gutenberg_text_before_share":"","sfsi_plus_gutenberg_show_text_before_share":"","sfsi_plus_gutenberg_icon_type":"","sfsi_plus_gutenberg_icon_alignemt":"","sfsi_plus_gutenburg_max_per_row":"","_lmt_disableupdate":"","_lmt_disable":"","_monsterinsights_skip_tracking":false,"_monsterinsights_sitenote_active":false,"_monsterinsights_sitenote_note":"","_monsterinsights_sitenote_category":0,"site-sidebar-layout":"default","site-content-layout":"","ast-site-content-layout":"default","site-content-style":"default","site-sidebar-style":"default","ast-global-header-display":"","ast-banner-title-visibility":"","ast-main-header-display":"","ast-hfb-above-header-display":"","ast-hfb-below-header-display":"","ast-hfb-mobile-header-display":"","site-post-title":"","ast-breadcrumbs-content":"","ast-featured-img":"","footer-sml-layout":"","ast-disable-related-posts":"","theme-transparent-header-meta":"","adv-header-id-meta":"","stick-header-meta":"","header-above-stick-meta":"","header-main-stick-meta":"","header-below-stick-meta":"","astra-migrate-meta-layouts":"default","ast-page-background-enabled":"default","ast-page-background-meta":{"desktop":{"background-color":"var(--ast-global-color-4)","background-image":"","background-repeat":"repeat","background-position":"center center","background-size":"auto","background-attachment":"scroll","background-type":"","background-media":"","overlay-type":"","overlay-color":"","overlay-opacity":"","overlay-gradient":""},"tablet":{"background-color":"","background-image":"","background-repeat":"repeat","background-position":"center center","background-size":"auto","background-attachment":"scroll","background-type":"","background-media":"","overlay-type":"","overlay-color":"","overlay-opacity":"","overlay-gradient":""},"mobile":{"background-color":"","background-image":"","background-repeat":"repeat","background-position":"center center","background-size":"auto","background-attachment":"scroll","background-type":"","background-media":"","overlay-type":"","overlay-color":"","overlay-opacity":"","overlay-gradient":""}},"ast-content-background-meta":{"desktop":{"background-color":"var(--ast-global-color-5)","background-image":"","background-repeat":"repeat","background-position":"center center","background-size":"auto","background-attachment":"scroll","background-type":"","background-media":"","overlay-type":"","overlay-color":"","overlay-opacity":"","overlay-gradient":""},"tablet":{"background-color":"var(--ast-global-color-5)","background-image":"","background-repeat":"repeat","background-position":"center center","background-size":"auto","background-attachment":"scroll","background-type":"","background-media":"","overlay-type":"","overlay-color":"","overlay-opacity":"","overlay-gradient":""},"mobile":{"background-color":"var(--ast-global-color-5)","background-image":"","background-repeat":"repeat","background-position":"center center","background-size":"auto","background-attachment":"scroll","background-type":"","background-media":"","overlay-type":"","overlay-color":"","overlay-opacity":"","overlay-gradient":""}},"iawp_total_views":0,"footnotes":""},"categories":[],"tags":[],"class_list":["post-41","page","type-page","status-publish","hentry"],"aioseo_notices":[],"uagb_featured_image_src":{"full":false,"thumbnail":false,"medium":false,"medium_large":false,"large":false,"1536x1536":false,"2048x2048":false},"uagb_author_info":{"display_name":"Michel BOUDRY","author_link":"https:\/\/lioneletlesautresvictimesdelaroute.fr\/justice\/author\/wmliojustbdy208\/"},"uagb_comment_info":0,"uagb_excerpt":"L\u2019association Lionel et les Autres Victimes de la Route\u00a0 a travaill\u00e9e durant l&rsquo;ann\u00e9e\u00a0 2023 avec la Pr\u00e9fecture du Tarn et le TGI de Castres pour \u00e9laborer un protocole d\u2019accompagnement des familles, celui-ci doit \u00eatre mis en action dans les jours qui viennent. Une fois encore, il est tr\u00e8s complexe pour nous association de victimes de\u2026","rttpg_featured_image_url":null,"rttpg_author":{"display_name":"Michel BOUDRY","author_link":"https:\/\/lioneletlesautresvictimesdelaroute.fr\/justice\/author\/wmliojustbdy208\/"},"rttpg_comment":0,"rttpg_category":false,"rttpg_excerpt":"L\u2019association Lionel et les Autres Victimes de la Route\u00a0 a travaill\u00e9e durant l&rsquo;ann\u00e9e\u00a0 2023 avec la Pr\u00e9fecture du Tarn et le TGI de Castres pour \u00e9laborer un protocole d\u2019accompagnement des familles, celui-ci doit \u00eatre mis en action dans les jours qui viennent. Une fois encore, il est tr\u00e8s complexe pour nous association de victimes de\u2026","_links":{"self":[{"href":"https:\/\/lioneletlesautresvictimesdelaroute.fr\/justice\/wp-json\/wp\/v2\/pages\/41","targetHints":{"allow":["GET"]}}],"collection":[{"href":"https:\/\/lioneletlesautresvictimesdelaroute.fr\/justice\/wp-json\/wp\/v2\/pages"}],"about":[{"href":"https:\/\/lioneletlesautresvictimesdelaroute.fr\/justice\/wp-json\/wp\/v2\/types\/page"}],"author":[{"embeddable":true,"href":"https:\/\/lioneletlesautresvictimesdelaroute.fr\/justice\/wp-json\/wp\/v2\/users\/1"}],"replies":[{"embeddable":true,"href":"https:\/\/lioneletlesautresvictimesdelaroute.fr\/justice\/wp-json\/wp\/v2\/comments?post=41"}],"version-history":[{"count":2,"href":"https:\/\/lioneletlesautresvictimesdelaroute.fr\/justice\/wp-json\/wp\/v2\/pages\/41\/revisions"}],"predecessor-version":[{"id":53002,"href":"https:\/\/lioneletlesautresvictimesdelaroute.fr\/justice\/wp-json\/wp\/v2\/pages\/41\/revisions\/53002"}],"wp:attachment":[{"href":"https:\/\/lioneletlesautresvictimesdelaroute.fr\/justice\/wp-json\/wp\/v2\/media?parent=41"}],"wp:term":[{"taxonomy":"category","embeddable":true,"href":"https:\/\/lioneletlesautresvictimesdelaroute.fr\/justice\/wp-json\/wp\/v2\/categories?post=41"},{"taxonomy":"post_tag","embeddable":true,"href":"https:\/\/lioneletlesautresvictimesdelaroute.fr\/justice\/wp-json\/wp\/v2\/tags?post=41"}],"curies":[{"name":"wp","href":"https:\/\/api.w.org\/{rel}","templated":true}]}}