{"id":43196,"date":"2024-09-23T14:26:57","date_gmt":"2024-09-23T12:26:57","guid":{"rendered":"https:\/\/lioneletlesautresvictimesdelaroute.fr\/justice\/?page_id=43196"},"modified":"2025-07-22T09:28:39","modified_gmt":"2025-07-22T07:28:39","slug":"accueil","status":"publish","type":"page","link":"https:\/\/lioneletlesautresvictimesdelaroute.fr\/justice\/","title":{"rendered":"Bienvenue"},"content":{"rendered":"\t\t<div data-elementor-type=\"wp-page\" data-elementor-id=\"43196\" class=\"elementor elementor-43196\" data-elementor-settings=\"{&quot;ha_cmc_init_switcher&quot;:&quot;no&quot;}\">\n\t\t\t\t<div class=\"elementor-element elementor-element-9c33a8e e-flex e-con-boxed wpr-particle-no wpr-jarallax-no wpr-parallax-no wpr-sticky-section-no wpr-equal-height-no e-con e-parent\" data-id=\"9c33a8e\" data-element_type=\"container\" data-e-type=\"container\" data-settings=\"{&quot;_ha_eqh_enable&quot;:false}\">\n\t\t\t\t\t<div class=\"e-con-inner\">\n\t\t<div class=\"elementor-element elementor-element-a684f48 e-con-full e-flex wpr-particle-no wpr-jarallax-no wpr-parallax-no wpr-sticky-section-no wpr-equal-height-no e-con e-child\" data-id=\"a684f48\" data-element_type=\"container\" data-e-type=\"container\" data-settings=\"{&quot;_ha_eqh_enable&quot;:false}\">\n\t\t\t\t<div class=\"elementor-element elementor-element-059176d elementor-widget elementor-widget-text-editor\" data-id=\"059176d\" data-element_type=\"widget\" data-e-type=\"widget\" data-widget_type=\"text-editor.default\">\n\t\t\t\t<div class=\"elementor-widget-container\">\n\t\t\t\t\t\t\t\t\t<ul><li><h3><a title=\"Qui sommes-nous ?\" href=\"https:\/\/lioneletlesautresvictimesdelaroute.fr\/justice\/accueil\/qui-sommes-nous\/\">Qui suis je ?<\/a><\/h3><\/li><li><h3><a title=\"Nos b\u00e9n\u00e9voles\" href=\"https:\/\/lioneletlesautresvictimesdelaroute.fr\/justice\/nos-benevoles-2\/\">Nos b\u00e9n\u00e9voles<\/a><\/h3><\/li><li><h3><a title=\"Pourquoi ce site ?\" href=\"https:\/\/lioneletlesautresvictimesdelaroute.fr\/justice\/accueil\/pourquoi-ce-site\/\">Pourquoi ce site ?<\/a><\/h3><\/li><li><h3><a title=\"Je ne suis pas la seule \u00e0 avoir \u00e0 survivre \u00e0 ce type de d\u00e9c\u00e8s !\" href=\"https:\/\/lioneletlesautresvictimesdelaroute.fr\/justice\/je-ne-suis-pas-la-seule-a-avoir-a-survivre-a-ce-type-de-deces\/\">Je ne suis pas la seule \u00e0 avoir \u00e0 survivre \u00e0 ce type de d\u00e9c\u00e8s !<\/a><\/h3><\/li><li><h3><a href=\"https:\/\/lioneletlesautresvictimesdelaroute.fr\/justice\/blog\/\">Nos derniers articles publi\u00e9s &#8230;<\/a><\/h3><\/li><\/ul>\t\t\t\t\t\t\t\t<\/div>\n\t\t\t\t<\/div>\n\t\t\t\t<div class=\"elementor-element elementor-element-74d4c7d elementor-widget elementor-widget-spacer\" data-id=\"74d4c7d\" data-element_type=\"widget\" data-e-type=\"widget\" data-widget_type=\"spacer.default\">\n\t\t\t\t<div class=\"elementor-widget-container\">\n\t\t\t\t\t\t\t<div class=\"elementor-spacer\">\n\t\t\t<div class=\"elementor-spacer-inner\"><\/div>\n\t\t<\/div>\n\t\t\t\t\t\t<\/div>\n\t\t\t\t<\/div>\n\t\t\t\t<div class=\"elementor-element elementor-element-6e0da18 elementor-widget elementor-widget-heading\" data-id=\"6e0da18\" data-element_type=\"widget\" data-e-type=\"widget\" data-widget_type=\"heading.default\">\n\t\t\t\t<div class=\"elementor-widget-container\">\n\t\t\t\t\t<h3 class=\"elementor-heading-title elementor-size-default\">\u201cCoup de poing \u201d de l\u2019Institut National de la Justice<\/h3>\t\t\t\t<\/div>\n\t\t\t\t<\/div>\n\t\t\t\t<div class=\"elementor-element elementor-element-dd957b4 elementor-widget elementor-widget-heading\" data-id=\"dd957b4\" data-element_type=\"widget\" data-e-type=\"widget\" data-widget_type=\"heading.default\">\n\t\t\t\t<div class=\"elementor-widget-container\">\n\t\t\t\t\t<h3 class=\"elementor-heading-title elementor-size-default\">PARIS .... <\/h3>\t\t\t\t<\/div>\n\t\t\t\t<\/div>\n\t\t\t\t<div class=\"elementor-element elementor-element-cad57eb elementor-widget elementor-widget-image\" data-id=\"cad57eb\" data-element_type=\"widget\" data-e-type=\"widget\" data-widget_type=\"image.default\">\n\t\t\t\t<div class=\"elementor-widget-container\">\n\t\t\t\t\t\t\t\t\t\t\t\t\t\t\t<img fetchpriority=\"high\" decoding=\"async\" width=\"768\" height=\"1024\" src=\"https:\/\/lioneletlesautresvictimesdelaroute.fr\/justice\/wp-content\/uploads\/2025\/03\/paris-rue-lionel-pailhes-2.jpeg\" class=\"attachment-large size-large wp-image-50576\" alt=\"PARIS Rue Lionel PAILH\u00c8S\" srcset=\"https:\/\/lioneletlesautresvictimesdelaroute.fr\/justice\/wp-content\/uploads\/2025\/03\/paris-rue-lionel-pailhes-2.jpeg 768w, https:\/\/lioneletlesautresvictimesdelaroute.fr\/justice\/wp-content\/uploads\/2025\/03\/paris-rue-lionel-pailhes-2-225x300.jpeg 225w\" sizes=\"(max-width: 768px) 100vw, 768px\" \/>\t\t\t\t\t\t\t\t\t\t\t\t\t\t\t<\/div>\n\t\t\t\t<\/div>\n\t\t\t\t<div class=\"elementor-element elementor-element-a48671c elementor-widget elementor-widget-text-editor\" data-id=\"a48671c\" data-element_type=\"widget\" data-e-type=\"widget\" data-widget_type=\"text-editor.default\">\n\t\t\t\t<div class=\"elementor-widget-container\">\n\t\t\t\t\t\t\t\t\t<p>L&rsquo;Institut National de la Justice \u00e0 r\u00e9alise une op\u00e9ration \u00ab coup de poing \u00bb &#8230; si on peut appeler \u00e7a comme cela Cet institut et a <strong>renomm\u00e9 &#8211; temporairement &#8211; SOIXANTE DIX rues de PARIS\u00a0 avec des noms d\u2019enfants tu\u00e9s par des multir\u00e9cidivistes de la route et toutes sortes de crimes sordides.<\/strong><\/p><p><strong>Je remercie l&rsquo; Institut National de la Justice pour cette action. <\/strong><\/p><p>Lionel mon fils et \u00e9t\u00e9 mis en avant dans ce cadre. Lui qui r\u00eavait de visiter Paris aura son nom sur une des rues m\u00eame temporairement il doit \u00eatre heureux l\u00e0 o\u00f9 il est.<\/p>\t\t\t\t\t\t\t\t<\/div>\n\t\t\t\t<\/div>\n\t\t\t\t<div class=\"elementor-element elementor-element-bacf192 elementor-widget elementor-widget-spacer\" data-id=\"bacf192\" data-element_type=\"widget\" data-e-type=\"widget\" data-widget_type=\"spacer.default\">\n\t\t\t\t<div class=\"elementor-widget-container\">\n\t\t\t\t\t\t\t<div class=\"elementor-spacer\">\n\t\t\t<div class=\"elementor-spacer-inner\"><\/div>\n\t\t<\/div>\n\t\t\t\t\t\t<\/div>\n\t\t\t\t<\/div>\n\t\t\t\t<div class=\"elementor-element elementor-element-61a48ec elementor-widget elementor-widget-text-editor\" data-id=\"61a48ec\" data-element_type=\"widget\" data-e-type=\"widget\" data-widget_type=\"text-editor.default\">\n\t\t\t\t<div class=\"elementor-widget-container\">\n\t\t\t\t\t\t\t\t\t\u00ab\u00a0<strong>LIONEL JUSTICE<\/strong>\u00a0\u00bb fait suite au <a href=\"https:\/\/lioneletlesautresvictimesdelaroute.fr\/\">site de l&rsquo;association \u00ab\u00a0<strong>LIONEL ET LES AUTRES VICTIMES DE LA ROUTE<\/strong>\u00ab\u00a0<\/a>\t\t\t\t\t\t\t\t<\/div>\n\t\t\t\t<\/div>\n\t\t\t\t<\/div>\n\t\t\t\t<div class=\"elementor-element elementor-element-719ab6e ha-has-bg-overlay elementor-widget elementor-widget-heading\" data-id=\"719ab6e\" data-element_type=\"widget\" data-e-type=\"widget\" data-widget_type=\"heading.default\">\n\t\t\t\t<div class=\"elementor-widget-container\">\n\t\t\t\t\t<h2 class=\"elementor-heading-title elementor-size-default\">Nos derniers articles publi\u00e9s ...<\/h2>\t\t\t\t<\/div>\n\t\t\t\t<\/div>\n\t\t\t\t<div class=\"elementor-element elementor-element-d65ad68 elementor-widget elementor-widget-spacer\" data-id=\"d65ad68\" data-element_type=\"widget\" data-e-type=\"widget\" data-widget_type=\"spacer.default\">\n\t\t\t\t<div class=\"elementor-widget-container\">\n\t\t\t\t\t\t\t<div class=\"elementor-spacer\">\n\t\t\t<div class=\"elementor-spacer-inner\"><\/div>\n\t\t<\/div>\n\t\t\t\t\t\t<\/div>\n\t\t\t\t<\/div>\n\t\t\t\t<div class=\"elementor-element elementor-element-e21d533 elementor-grid-eael-col-2 elementor-grid-tablet-eael-col-2 elementor-grid-mobile-eael-col-1 ha-has-bg-overlay elementor-widget elementor-widget-eael-post-grid\" data-id=\"e21d533\" data-element_type=\"widget\" data-e-type=\"widget\" data-settings=\"{&quot;eael_post_grid_columns&quot;:&quot;eael-col-2&quot;,&quot;eael_post_grid_columns_tablet&quot;:&quot;eael-col-2&quot;,&quot;eael_post_grid_columns_mobile&quot;:&quot;eael-col-1&quot;}\" data-widget_type=\"eael-post-grid.default\">\n\t\t\t\t<div class=\"elementor-widget-container\">\n\t\t\t\t\t<div id=\"eael-post-grid-e21d533\" class=\"eael-post-grid-container\">\n            <div class=\"eael-post-grid eael-post-appender eael-post-appender-e21d533 eael-post-grid-style-three\" data-layout-mode=\"masonry\"><article class=\"eael-grid-post  eael-post-grid-column eael-pg-post-54409 category-en-page-daccueil\" data-id=\"54409\">\n        <div class=\"eael-grid-post-holder\">\n            <div class=\"eael-grid-post-holder-inner\"><div class=\"eael-entry-media\"><div class=\"eael-entry-overlay fade-in\"><i class=\"fas fa-long-arrow-alt-right\" aria-hidden=\"true\"><\/i><a href=\"https:\/\/lioneletlesautresvictimesdelaroute.fr\/justice\/code-de-la-route-sanctions-des-depassements-de-la-vitesse-autorisee\/\"><\/a><\/div><div class=\"eael-entry-thumbnail \">\n                 <img decoding=\"async\" width=\"300\" height=\"200\" src=\"https:\/\/lioneletlesautresvictimesdelaroute.fr\/justice\/wp-content\/uploads\/2026\/01\/tableau-vitesse-300x200.jpg\" class=\"attachment-medium size-medium wp-image-54406\" alt=\"Code de la Route D\u00e9passements de vitesse : amende, retrait de points, suspension\" srcset=\"https:\/\/lioneletlesautresvictimesdelaroute.fr\/justice\/wp-content\/uploads\/2026\/01\/tableau-vitesse-300x200.jpg 300w, https:\/\/lioneletlesautresvictimesdelaroute.fr\/justice\/wp-content\/uploads\/2026\/01\/tableau-vitesse-1024x684.jpg 1024w, https:\/\/lioneletlesautresvictimesdelaroute.fr\/justice\/wp-content\/uploads\/2026\/01\/tableau-vitesse-768x513.jpg 768w, https:\/\/lioneletlesautresvictimesdelaroute.fr\/justice\/wp-content\/uploads\/2026\/01\/tableau-vitesse-1536x1026.jpg 1536w, https:\/\/lioneletlesautresvictimesdelaroute.fr\/justice\/wp-content\/uploads\/2026\/01\/tableau-vitesse.jpg 1696w\" sizes=\"(max-width: 300px) 100vw, 300px\" \/>\n             <\/div>\n        <\/div><span class=\"eael-meta-posted-on\"><time datetime=\"12 janvier 2026\"><span>12<\/span>janvier<\/time><\/span><div class=\"eael-entry-wrapper\"><header class=\"eael-entry-header\"><h5 class=\"eael-entry-title\"><a class=\"eael-grid-post-link\" href=\"https:\/\/lioneletlesautresvictimesdelaroute.fr\/justice\/code-de-la-route-sanctions-des-depassements-de-la-vitesse-autorisee\/\" title=\"Code de la Route : Sanctions des d\u00e9passements de la vitesse autoris\u00e9e.\">Code de la Route : Sanctions des d\u00e9passements de la vitesse autoris\u00e9e.<\/a><\/h5><\/header><div class=\"eael-entry-content\">\n                        <div class=\"eael-grid-post-excerpt\"><p><\/p><a href=\"https:\/\/lioneletlesautresvictimesdelaroute.fr\/justice\/code-de-la-route-sanctions-des-depassements-de-la-vitesse-autorisee\/\" class=\"eael-post-elements-readmore-btn\">En savoir plus ...<\/a><\/div>\n                    <\/div><\/div><\/div>\n        <\/div>\n    <\/article><article class=\"eael-grid-post  eael-post-grid-column eael-pg-post-54380 category-en-page-daccueil\" data-id=\"54380\">\n        <div class=\"eael-grid-post-holder\">\n            <div class=\"eael-grid-post-holder-inner\"><div class=\"eael-entry-media\"><div class=\"eael-entry-overlay fade-in\"><i class=\"fas fa-long-arrow-alt-right\" aria-hidden=\"true\"><\/i><a href=\"https:\/\/lioneletlesautresvictimesdelaroute.fr\/justice\/augmentation-importante-de-morts-sur-la-route-en-2025\/\"><\/a><\/div><div class=\"eael-entry-thumbnail \">\n                 <img decoding=\"async\" width=\"300\" height=\"197\" src=\"https:\/\/lioneletlesautresvictimesdelaroute.fr\/justice\/wp-content\/uploads\/2026\/01\/accident-850469_1280-300x197.jpg\" class=\"attachment-medium size-medium wp-image-54398\" alt=\"Exc\u00e8s de vitesse : ACCIDENT DE LA ROUTE, MORTS\" srcset=\"https:\/\/lioneletlesautresvictimesdelaroute.fr\/justice\/wp-content\/uploads\/2026\/01\/accident-850469_1280-300x197.jpg 300w, https:\/\/lioneletlesautresvictimesdelaroute.fr\/justice\/wp-content\/uploads\/2026\/01\/accident-850469_1280-1024x671.jpg 1024w, https:\/\/lioneletlesautresvictimesdelaroute.fr\/justice\/wp-content\/uploads\/2026\/01\/accident-850469_1280-768x503.jpg 768w, https:\/\/lioneletlesautresvictimesdelaroute.fr\/justice\/wp-content\/uploads\/2026\/01\/accident-850469_1280.jpg 1280w\" sizes=\"(max-width: 300px) 100vw, 300px\" \/>\n             <\/div>\n        <\/div><span class=\"eael-meta-posted-on\"><time datetime=\"12 janvier 2026\"><span>12<\/span>janvier<\/time><\/span><div class=\"eael-entry-wrapper\"><header class=\"eael-entry-header\"><h5 class=\"eael-entry-title\"><a class=\"eael-grid-post-link\" href=\"https:\/\/lioneletlesautresvictimesdelaroute.fr\/justice\/augmentation-importante-de-morts-sur-la-route-en-2025\/\" title=\"Augmentation importante de morts sur la route en 2025.\">Augmentation importante de morts sur la route en 2025.<\/a><\/h5><\/header><div class=\"eael-entry-content\">\n                        <div class=\"eael-grid-post-excerpt\"><p>Depuis le d\u00e9but de l\u2019ann\u00e9e 2025 la mortalit\u00e9 sur les ...<\/p><a href=\"https:\/\/lioneletlesautresvictimesdelaroute.fr\/justice\/augmentation-importante-de-morts-sur-la-route-en-2025\/\" class=\"eael-post-elements-readmore-btn\">En savoir plus ...<\/a><\/div>\n                    <\/div><\/div><\/div>\n        <\/div>\n    <\/article><article class=\"eael-grid-post  eael-post-grid-column eael-pg-post-53823 category-en-page-daccueil\" data-id=\"53823\">\n        <div class=\"eael-grid-post-holder\">\n            <div class=\"eael-grid-post-holder-inner\"><div class=\"eael-entry-media\"><div class=\"eael-entry-overlay fade-in\"><i class=\"fas fa-long-arrow-alt-right\" aria-hidden=\"true\"><\/i><a href=\"https:\/\/lioneletlesautresvictimesdelaroute.fr\/justice\/protoxyde-dazote-nouveau-fleau-mortel-sur-les-routes-en-2025\/\"><\/a><\/div><div class=\"eael-entry-thumbnail \">\n                 <img loading=\"lazy\" decoding=\"async\" width=\"300\" height=\"143\" src=\"https:\/\/lioneletlesautresvictimesdelaroute.fr\/justice\/wp-content\/uploads\/2025\/11\/protoxyde-dazote-300x143.jpg\" class=\"attachment-medium size-medium wp-image-53835\" alt=\"\" srcset=\"https:\/\/lioneletlesautresvictimesdelaroute.fr\/justice\/wp-content\/uploads\/2025\/11\/protoxyde-dazote-300x143.jpg 300w, https:\/\/lioneletlesautresvictimesdelaroute.fr\/justice\/wp-content\/uploads\/2025\/11\/protoxyde-dazote-768x365.jpg 768w, https:\/\/lioneletlesautresvictimesdelaroute.fr\/justice\/wp-content\/uploads\/2025\/11\/protoxyde-dazote.jpg 1008w\" sizes=\"(max-width: 300px) 100vw, 300px\" \/>\n             <\/div>\n        <\/div><span class=\"eael-meta-posted-on\"><time datetime=\"28 novembre 2025\"><span>28<\/span>novembre<\/time><\/span><div class=\"eael-entry-wrapper\"><header class=\"eael-entry-header\"><h5 class=\"eael-entry-title\"><a class=\"eael-grid-post-link\" href=\"https:\/\/lioneletlesautresvictimesdelaroute.fr\/justice\/protoxyde-dazote-nouveau-fleau-mortel-sur-les-routes-en-2025\/\" title=\"Protoxyde d&rsquo;azote : Nouveau fl\u00e9au mortel sur les routes en 2025.\">Protoxyde d&rsquo;azote : Nouveau fl\u00e9au mortel sur les routes en 2025.<\/a><\/h5><\/header><div class=\"eael-entry-content\">\n                        <div class=\"eael-grid-post-excerpt\"><p>Pour beaucoup de jeunes et d\u2019adultes qui prennent du gaz ...<\/p><a href=\"https:\/\/lioneletlesautresvictimesdelaroute.fr\/justice\/protoxyde-dazote-nouveau-fleau-mortel-sur-les-routes-en-2025\/\" class=\"eael-post-elements-readmore-btn\">En savoir plus ...<\/a><\/div>\n                    <\/div><\/div><\/div>\n        <\/div>\n    <\/article><article class=\"eael-grid-post  eael-post-grid-column eael-pg-post-53782 category-en-page-daccueil\" data-id=\"53782\">\n        <div class=\"eael-grid-post-holder\">\n            <div class=\"eael-grid-post-holder-inner\"><div class=\"eael-entry-media\"><div class=\"eael-entry-overlay fade-in\"><i class=\"fas fa-long-arrow-alt-right\" aria-hidden=\"true\"><\/i><a href=\"https:\/\/lioneletlesautresvictimesdelaroute.fr\/justice\/augmentation-des-deces-sur-les-routes-en-2025\/\"><\/a><\/div><div class=\"eael-entry-thumbnail \">\n                 <img loading=\"lazy\" decoding=\"async\" width=\"300\" height=\"206\" src=\"https:\/\/lioneletlesautresvictimesdelaroute.fr\/justice\/wp-content\/uploads\/2023\/06\/cropped-accident-1409012_1280-pdf-300x206.jpg\" class=\"attachment-medium size-medium wp-image-27505\" alt=\"Affiche Accident Fallait pas boire au volant 1409012 280\" srcset=\"https:\/\/lioneletlesautresvictimesdelaroute.fr\/justice\/wp-content\/uploads\/2023\/06\/cropped-accident-1409012_1280-pdf-300x206.jpg 300w, https:\/\/lioneletlesautresvictimesdelaroute.fr\/justice\/wp-content\/uploads\/2023\/06\/cropped-accident-1409012_1280-pdf-1024x704.jpg 1024w\" sizes=\"(max-width: 300px) 100vw, 300px\" \/>\n             <\/div>\n        <\/div><span class=\"eael-meta-posted-on\"><time datetime=\"28 novembre 2025\"><span>28<\/span>novembre<\/time><\/span><div class=\"eael-entry-wrapper\"><header class=\"eael-entry-header\"><h5 class=\"eael-entry-title\"><a class=\"eael-grid-post-link\" href=\"https:\/\/lioneletlesautresvictimesdelaroute.fr\/justice\/augmentation-des-deces-sur-les-routes-en-2025\/\" title=\"Augmentation des d\u00e9c\u00e8s sur les routes en 2025\">Augmentation des d\u00e9c\u00e8s sur les routes en 2025<\/a><\/h5><\/header><div class=\"eael-entry-content\">\n                        <div class=\"eael-grid-post-excerpt\"><p>Une augmentation des morts sur la route, qui fait peur. ...<\/p><a href=\"https:\/\/lioneletlesautresvictimesdelaroute.fr\/justice\/augmentation-des-deces-sur-les-routes-en-2025\/\" class=\"eael-post-elements-readmore-btn\">En savoir plus ...<\/a><\/div>\n                    <\/div><\/div><\/div>\n        <\/div>\n    <\/article><\/div>\n            <div class=\"clearfix\"><\/div>\n        <\/div>            <div class=\"eael-load-more-button-wrap\">\n                <button class=\"eael-load-more-button\" id=\"eael-load-more-btn-e21d533\" data-widget-id=\"e21d533\" data-widget=\"e21d533\" data-page-id=\"43196\" data-template=\"{&quot;dir&quot;:&quot;lite&quot;,&quot;file_name&quot;:&quot;three.php&quot;,&quot;name&quot;:&quot;Post-Grid&quot;}\" data-class=\"Essential_Addons_Elementor\\Elements\\Post_Grid\" data-layout=\"masonry\" data-page=\"1\" data-args=\"orderby=date&amp;order=desc&amp;ignore_sticky_posts=1&amp;post_status=publish&amp;posts_per_page=4&amp;offset=0&amp;post_type=post\" data-max-page=\"6\">\n                    <span class=\"eael-btn-loader button__loader\"><\/span>\n                    <span class=\"eael_load_more_text\">Autres articles ...<\/span>\n                <\/button>\n            <\/div>\n            \t\t\t\t<\/div>\n\t\t\t\t<\/div>\n\t\t\t\t<div class=\"elementor-element elementor-element-02ba9c5 elementor-widget elementor-widget-spacer\" data-id=\"02ba9c5\" data-element_type=\"widget\" data-e-type=\"widget\" data-widget_type=\"spacer.default\">\n\t\t\t\t<div class=\"elementor-widget-container\">\n\t\t\t\t\t\t\t<div class=\"elementor-spacer\">\n\t\t\t<div class=\"elementor-spacer-inner\"><\/div>\n\t\t<\/div>\n\t\t\t\t\t\t<\/div>\n\t\t\t\t<\/div>\n\t\t\t\t<div class=\"elementor-element elementor-element-9633e8f elementor-widget elementor-widget-button\" data-id=\"9633e8f\" data-element_type=\"widget\" data-e-type=\"widget\" data-widget_type=\"button.default\">\n\t\t\t\t<div class=\"elementor-widget-container\">\n\t\t\t\t\t\t\t\t\t<div class=\"elementor-button-wrapper\">\n\t\t\t\t\t<a class=\"elementor-button elementor-button-link elementor-size-sm\" href=\"https:\/\/lioneletlesautresvictimesdelaroute.fr\">\n\t\t\t\t\t\t<span class=\"elementor-button-content-wrapper\">\n\t\t\t\t\t\t\t\t\t<span class=\"elementor-button-text\">Autre site de l'association<\/br><\/br> \"LIONEL ET LES AUTRES VICTIMES DE LA ROUTE\"<\/br> ...<\/span>\n\t\t\t\t\t<\/span>\n\t\t\t\t\t<\/a>\n\t\t\t\t<\/div>\n\t\t\t\t\t\t\t\t<\/div>\n\t\t\t\t<\/div>\n\t\t\t\t<div class=\"elementor-element elementor-element-dd65173 elementor-widget elementor-widget-spacer\" data-id=\"dd65173\" data-element_type=\"widget\" data-e-type=\"widget\" data-widget_type=\"spacer.default\">\n\t\t\t\t<div class=\"elementor-widget-container\">\n\t\t\t\t\t\t\t<div class=\"elementor-spacer\">\n\t\t\t<div class=\"elementor-spacer-inner\"><\/div>\n\t\t<\/div>\n\t\t\t\t\t\t<\/div>\n\t\t\t\t<\/div>\n\t\t\t\t\t<\/div>\n\t\t\t\t<\/div>\n\t\t\t\t<\/div>\n\t\t","protected":false},"excerpt":{"rendered":"<p>Qui suis je ? Nos b\u00e9n\u00e9voles Pourquoi ce site ? Je ne suis pas la seule \u00e0 avoir \u00e0 survivre \u00e0 ce type de d\u00e9c\u00e8s ! Nos derniers articles publi\u00e9s &#8230; \u201cCoup de poing \u201d de l\u2019Institut National de la Justice PARIS &#8230;. L&rsquo;Institut National de la Justice \u00e0 r\u00e9alise une op\u00e9ration \u00ab coup de poing \u00bb &#8230; si on peut appeler \u00e7a comme cela Cet institut et a renomm\u00e9 &#8211; temporairement &#8211; SOIXANTE DIX rues de PARIS\u00a0 avec des noms d\u2019enfants tu\u00e9s par des multir\u00e9cidivistes de la route et toutes sortes de crimes sordides. Je remercie l&rsquo; Institut National de la Justice pour cette action. Lionel mon fils et \u00e9t\u00e9 mis en avant dans ce cadre. Lui qui r\u00eavait de visiter Paris aura son nom sur une des rues m\u00eame temporairement il doit \u00eatre heureux l\u00e0 o\u00f9 il est. \u00ab\u00a0LIONEL JUSTICE\u00a0\u00bb fait suite au site de l&rsquo;association \u00ab\u00a0LIONEL ET LES AUTRES VICTIMES DE LA ROUTE\u00ab\u00a0 Nos derniers articles publi\u00e9s &#8230; 07juillet Homicide Routier : Monsieur Yannick ALL\u00c9NO chef \u00e9toil\u00e9, changement des termes de la l\u00e9gislation. Monsieur Yannick ALL\u00c9NO , le chef \u00e9toil\u00e9 , en m\u00e9moire &#8230; En savoir plus &#8230; 04juin Le Monde : La nouvelle qualification p\u00e9nale d\u2019\u00ab homicide routier \u00bb adopt\u00e9e par les d\u00e9put\u00e9s Publi\u00e9 le 04 Juin 2025 Le texte, qui doit \u00e0 &#8230; En savoir plus &#8230; 03juin Accidentalit\u00e9 routi\u00e8re 2024 Bilan Powered By EmbedPress En savoir plus &#8230; 22mai Proposition de loi sur l&#8217;euthanasie : Nous sommes contre Powered By EmbedPress En savoir plus &#8230; Autres articles &#8230; Autre site de l&rsquo;association \u00ab\u00a0LIONEL ET LES AUTRES VICTIMES DE LA ROUTE\u00a0\u00bb &#8230;<\/p>\n","protected":false},"author":1,"featured_media":0,"parent":0,"menu_order":0,"comment_status":"closed","ping_status":"closed","template":"","meta":{"_uag_custom_page_level_css":"","sfsi_plus_gutenberg_text_before_share":"","sfsi_plus_gutenberg_show_text_before_share":"","sfsi_plus_gutenberg_icon_type":"","sfsi_plus_gutenberg_icon_alignemt":"","sfsi_plus_gutenburg_max_per_row":"","_lmt_disableupdate":"no","_lmt_disable":"no","_monsterinsights_skip_tracking":false,"_monsterinsights_sitenote_active":false,"_monsterinsights_sitenote_note":"","_monsterinsights_sitenote_category":0,"site-sidebar-layout":"right-sidebar","site-content-layout":"","ast-site-content-layout":"default","site-content-style":"default","site-sidebar-style":"default","ast-global-header-display":"","ast-banner-title-visibility":"","ast-main-header-display":"","ast-hfb-above-header-display":"","ast-hfb-below-header-display":"","ast-hfb-mobile-header-display":"","site-post-title":"","ast-breadcrumbs-content":"","ast-featured-img":"","footer-sml-layout":"","ast-disable-related-posts":"","theme-transparent-header-meta":"default","adv-header-id-meta":"","stick-header-meta":"","header-above-stick-meta":"","header-main-stick-meta":"","header-below-stick-meta":"","astra-migrate-meta-layouts":"set","ast-page-background-enabled":"default","ast-page-background-meta":{"desktop":{"background-color":"var(--ast-global-color-4)","background-image":"","background-repeat":"repeat","background-position":"center center","background-size":"auto","background-attachment":"scroll","background-type":"","background-media":"","overlay-type":"","overlay-color":"","overlay-opacity":"","overlay-gradient":""},"tablet":{"background-color":"","background-image":"","background-repeat":"repeat","background-position":"center center","background-size":"auto","background-attachment":"scroll","background-type":"","background-media":"","overlay-type":"","overlay-color":"","overlay-opacity":"","overlay-gradient":""},"mobile":{"background-color":"","background-image":"","background-repeat":"repeat","background-position":"center center","background-size":"auto","background-attachment":"scroll","background-type":"","background-media":"","overlay-type":"","overlay-color":"","overlay-opacity":"","overlay-gradient":""}},"ast-content-background-meta":{"desktop":{"background-color":"var(--ast-global-color-5)","background-image":"","background-repeat":"repeat","background-position":"center center","background-size":"auto","background-attachment":"scroll","background-type":"","background-media":"","overlay-type":"","overlay-color":"","overlay-opacity":"","overlay-gradient":""},"tablet":{"background-color":"var(--ast-global-color-5)","background-image":"","background-repeat":"repeat","background-position":"center center","background-size":"auto","background-attachment":"scroll","background-type":"","background-media":"","overlay-type":"","overlay-color":"","overlay-opacity":"","overlay-gradient":""},"mobile":{"background-color":"var(--ast-global-color-5)","background-image":"","background-repeat":"repeat","background-position":"center center","background-size":"auto","background-attachment":"scroll","background-type":"","background-media":"","overlay-type":"","overlay-color":"","overlay-opacity":"","overlay-gradient":""}},"iawp_total_views":223,"footnotes":""},"categories":[],"tags":[],"class_list":["post-43196","page","type-page","status-publish","hentry"],"aioseo_notices":[],"uagb_featured_image_src":{"full":false,"thumbnail":false,"medium":false,"medium_large":false,"large":false,"1536x1536":false,"2048x2048":false},"uagb_author_info":{"display_name":"Michel BOUDRY","author_link":"https:\/\/lioneletlesautresvictimesdelaroute.fr\/justice\/author\/wmliojustbdy208\/"},"uagb_comment_info":0,"uagb_excerpt":"Qui suis je ? Nos b\u00e9n\u00e9voles Pourquoi ce site ? Je ne suis pas la seule \u00e0 avoir \u00e0 survivre \u00e0 ce type de d\u00e9c\u00e8s ! Nos derniers articles publi\u00e9s &#8230; \u201cCoup de poing \u201d de l\u2019Institut National de la Justice PARIS &#8230;. L&rsquo;Institut National de la Justice \u00e0 r\u00e9alise une op\u00e9ration \u00ab coup de\u2026","rttpg_featured_image_url":null,"rttpg_author":{"display_name":"Michel BOUDRY","author_link":"https:\/\/lioneletlesautresvictimesdelaroute.fr\/justice\/author\/wmliojustbdy208\/"},"rttpg_comment":0,"rttpg_category":"Non class\u00e9","rttpg_excerpt":"Qui suis je ? Nos b\u00e9n\u00e9voles Pourquoi ce site ? Je ne suis pas la seule \u00e0 avoir \u00e0 survivre \u00e0 ce type de d\u00e9c\u00e8s ! Nos derniers articles publi\u00e9s &#8230; \u201cCoup de poing \u201d de l\u2019Institut National de la Justice PARIS &#8230;. L&rsquo;Institut National de la Justice \u00e0 r\u00e9alise une op\u00e9ration \u00ab coup de\u2026","_links":{"self":[{"href":"https:\/\/lioneletlesautresvictimesdelaroute.fr\/justice\/wp-json\/wp\/v2\/pages\/43196","targetHints":{"allow":["GET"]}}],"collection":[{"href":"https:\/\/lioneletlesautresvictimesdelaroute.fr\/justice\/wp-json\/wp\/v2\/pages"}],"about":[{"href":"https:\/\/lioneletlesautresvictimesdelaroute.fr\/justice\/wp-json\/wp\/v2\/types\/page"}],"author":[{"embeddable":true,"href":"https:\/\/lioneletlesautresvictimesdelaroute.fr\/justice\/wp-json\/wp\/v2\/users\/1"}],"replies":[{"embeddable":true,"href":"https:\/\/lioneletlesautresvictimesdelaroute.fr\/justice\/wp-json\/wp\/v2\/comments?post=43196"}],"version-history":[{"count":2,"href":"https:\/\/lioneletlesautresvictimesdelaroute.fr\/justice\/wp-json\/wp\/v2\/pages\/43196\/revisions"}],"predecessor-version":[{"id":53181,"href":"https:\/\/lioneletlesautresvictimesdelaroute.fr\/justice\/wp-json\/wp\/v2\/pages\/43196\/revisions\/53181"}],"wp:attachment":[{"href":"https:\/\/lioneletlesautresvictimesdelaroute.fr\/justice\/wp-json\/wp\/v2\/media?parent=43196"}],"wp:term":[{"taxonomy":"category","embeddable":true,"href":"https:\/\/lioneletlesautresvictimesdelaroute.fr\/justice\/wp-json\/wp\/v2\/categories?post=43196"},{"taxonomy":"post_tag","embeddable":true,"href":"https:\/\/lioneletlesautresvictimesdelaroute.fr\/justice\/wp-json\/wp\/v2\/tags?post=43196"}],"curies":[{"name":"wp","href":"https:\/\/api.w.org\/{rel}","templated":true}]}}