{"id":43342,"date":"2024-09-25T18:03:57","date_gmt":"2024-09-25T16:03:57","guid":{"rendered":"https:\/\/lioneletlesautresvictimesdelaroute.fr\/justice\/?page_id=43342"},"modified":"2025-07-22T10:30:40","modified_gmt":"2025-07-22T08:30:40","slug":"notre-revolte","status":"publish","type":"page","link":"https:\/\/lioneletlesautresvictimesdelaroute.fr\/justice\/notre-analyse\/notre-revolte\/","title":{"rendered":"Notre r\u00e9volte"},"content":{"rendered":"\t\t<div data-elementor-type=\"wp-page\" data-elementor-id=\"43342\" class=\"elementor elementor-43342\" data-elementor-settings=\"{&quot;ha_cmc_init_switcher&quot;:&quot;no&quot;}\">\n\t\t\t\t<div class=\"elementor-element elementor-element-ddb1303 e-con-full e-flex wpr-particle-no wpr-jarallax-no wpr-parallax-no wpr-sticky-section-no wpr-equal-height-no e-con e-parent\" data-id=\"ddb1303\" data-element_type=\"container\" data-e-type=\"container\" data-settings=\"{&quot;_ha_eqh_enable&quot;:false}\">\n\t\t\t\t<div class=\"elementor-element elementor-element-928f079 elementor-widget elementor-widget-image\" data-id=\"928f079\" data-element_type=\"widget\" data-e-type=\"widget\" data-widget_type=\"image.default\">\n\t\t\t\t<div class=\"elementor-widget-container\">\n\t\t\t\t\t\t\t\t\t\t\t\t\t\t\t<img fetchpriority=\"high\" decoding=\"async\" width=\"1024\" height=\"322\" src=\"https:\/\/lioneletlesautresvictimesdelaroute.fr\/justice\/wp-content\/uploads\/2024\/09\/photo-notre-revolte-1024x322.jpg\" class=\"attachment-large size-large wp-image-43340\" alt=\"Truth\" srcset=\"https:\/\/lioneletlesautresvictimesdelaroute.fr\/justice\/wp-content\/uploads\/2024\/09\/photo-notre-revolte-1024x322.jpg 1024w, https:\/\/lioneletlesautresvictimesdelaroute.fr\/justice\/wp-content\/uploads\/2024\/09\/photo-notre-revolte-300x94.jpg 300w, https:\/\/lioneletlesautresvictimesdelaroute.fr\/justice\/wp-content\/uploads\/2024\/09\/photo-notre-revolte-768x241.jpg 768w, https:\/\/lioneletlesautresvictimesdelaroute.fr\/justice\/wp-content\/uploads\/2024\/09\/photo-notre-revolte.jpg 1280w\" sizes=\"(max-width: 1024px) 100vw, 1024px\" \/>\t\t\t\t\t\t\t\t\t\t\t\t\t\t\t<\/div>\n\t\t\t\t<\/div>\n\t\t\t\t<div class=\"elementor-element elementor-element-e2f25c7 elementor-widget elementor-widget-spacer\" data-id=\"e2f25c7\" data-element_type=\"widget\" data-e-type=\"widget\" data-widget_type=\"spacer.default\">\n\t\t\t\t<div class=\"elementor-widget-container\">\n\t\t\t\t\t\t\t<div class=\"elementor-spacer\">\n\t\t\t<div class=\"elementor-spacer-inner\"><\/div>\n\t\t<\/div>\n\t\t\t\t\t\t<\/div>\n\t\t\t\t<\/div>\n\t\t\t\t<div class=\"elementor-element elementor-element-6a9ca79 elementor-widget elementor-widget-heading\" data-id=\"6a9ca79\" data-element_type=\"widget\" data-e-type=\"widget\" data-widget_type=\"heading.default\">\n\t\t\t\t<div class=\"elementor-widget-container\">\n\t\t\t\t\t<h2 class=\"elementor-heading-title elementor-size-default\">Pour la Justice<\/h2>\t\t\t\t<\/div>\n\t\t\t\t<\/div>\n\t\t\t\t<div class=\"elementor-element elementor-element-b4f37d7 elementor-widget elementor-widget-text-editor\" data-id=\"b4f37d7\" data-element_type=\"widget\" data-e-type=\"widget\" data-widget_type=\"text-editor.default\">\n\t\t\t\t<div class=\"elementor-widget-container\">\n\t\t\t\t\t\t\t\t\t<p>Elle ne s\u2019applique pas qu\u2019\u00e0 ce cas, ni qu\u2019aux autopsies, mais \u00e0 la JUSTICE toute enti\u00e8re.<\/p><p>Suivant la plupart des documents consult\u00e9s sur le web, la population trouve la justice trop laxiste.<\/p><p>Moi Coralie Pailh\u00e8s, comme d\u2019autres personnes avec qui je discute, la justice se contourne\u2026<\/p><p>Une accusation lourde, mais VRAIE. <br \/>Qui aura le courage de dire le contraire ?<\/p><p>L\u2019association <a href=\"https:\/\/lioneletlesautresvictimesdelaroute.fr\">Lionel et les Autres Victimes de la Route\u00a0<\/a> a envoy\u00e9, je ne sais combien de lettres au Pr\u00e9sident de la R\u00e9publique, aux Groupes parlementaires, aux \u00c9lus, et \u00e0 chaque fois pas de r\u00e9ponse, ou alors on nous renvoie de bureau en bureau, pour nous noyer dans la grande permissive, couloirs de la justice.<\/p><p>Des avocats, des procureurs sont inform\u00e9s de cela, des \u00e9lus \u00e9galement, mais toujours la m\u00eame r\u00e9ponse :<br \/>\u00ab C\u2019est un sujet difficile les autopsies judiciaires \u00bb et ma r\u00e9ponse toujours pareille, c\u2019est difficile de faire appliquer une loi qui existe<\/p><p>Code P\u00e9nal <a href=\"https:\/\/www.legifrance.gouv.fr\/codes\/article_lc\/LEGIARTI000024029058\/2011-05-19\">230-28<\/a> <br \/>Extrait de l\u2019article\u00a0:\u00a0\u00ab\u00a0Sous r\u00e9serve des n\u00e9cessit\u00e9s de l&rsquo;enqu\u00eate ou de l&rsquo;information judiciaire, le conjoint, le concubin, le partenaire li\u00e9 par un pacte civil de solidarit\u00e9, les ascendants ou les descendants en ligne directe du d\u00e9funt sont inform\u00e9s dans les meilleurs d\u00e9lais de ce qu&rsquo;une autopsie a \u00e9t\u00e9 ordonn\u00e9e et que des pr\u00e9l\u00e8vements biologiques ont \u00e9t\u00e9 effectu\u00e9s.\u00a0\u00bb.<\/p><p>C\u2019est difficile de faire appliquer une loi du Code Civil <a href=\"https:\/\/www.legifrance.gouv.fr\/codes\/article_lc\/LEGIARTI000019983158\">16.1.1.<\/a><\/p><p>Le respect d\u00fb au corps humain ne cesse pas avec la mort.<br \/>Les restes des personnes d\u00e9c\u00e9d\u00e9es, y compris les cendres de celles dont le corps a donn\u00e9 lieu \u00e0 cr\u00e9mation, doivent \u00eatre trait\u00e9s avec respect, dignit\u00e9 et d\u00e9cence.<\/p><p>Il suffit juste d\u2019appliquer les lois, de rajouter \u00e0 ce vide juridique : \u00ab Les organes doivent \u00eatre restitu\u00e9s aux familles dans des conditions sanitaires, tous en respectant les convictions religieuses le plus possible.<\/p><p>Il s\u2019agit d\u2019un sujet qui n\u2019a aucune cons\u00e9quence politique, il touche tout le monde.<\/p><h5><a href=\"https:\/\/actu.fr\/societe\/on-me-doit-des-milliers-d-euros-juge-inefficace-le-fonds-de-garantie-des-victimes-revolte-des-victimes_61735813.html\">\u00ab\u00a0On me doit des milliers d&rsquo;euros\u00a0\u00bb : jug\u00e9 inefficace, le Fonds de garantie des victimes r\u00e9volte&#8230; des victimes<\/a><\/h5><p>\u00a0<\/p>\t\t\t\t\t\t\t\t<\/div>\n\t\t\t\t<\/div>\n\t\t\t\t<\/div>\n\t\t\t\t<\/div>\n\t\t","protected":false},"excerpt":{"rendered":"<p>Pour la Justice Elle ne s\u2019applique pas qu\u2019\u00e0 ce cas, ni qu\u2019aux autopsies, mais \u00e0 la JUSTICE toute enti\u00e8re. Suivant la plupart des documents consult\u00e9s sur le web, la population trouve la justice trop laxiste. Moi Coralie Pailh\u00e8s, comme d\u2019autres personnes avec qui je discute, la justice se contourne\u2026 Une accusation lourde, mais VRAIE. Qui aura le courage de dire le contraire ? L\u2019association Lionel et les Autres Victimes de la Route\u00a0 a envoy\u00e9, je ne sais combien de lettres au Pr\u00e9sident de la R\u00e9publique, aux Groupes parlementaires, aux \u00c9lus, et \u00e0 chaque fois pas de r\u00e9ponse, ou alors on nous renvoie de bureau en bureau, pour nous noyer dans la grande permissive, couloirs de la justice. Des avocats, des procureurs sont inform\u00e9s de cela, des \u00e9lus \u00e9galement, mais toujours la m\u00eame r\u00e9ponse :\u00ab C\u2019est un sujet difficile les autopsies judiciaires \u00bb et ma r\u00e9ponse toujours pareille, c\u2019est difficile de faire appliquer une loi qui existe Code P\u00e9nal 230-28 Extrait de l\u2019article\u00a0:\u00a0\u00ab\u00a0Sous r\u00e9serve des n\u00e9cessit\u00e9s de l&rsquo;enqu\u00eate ou de l&rsquo;information judiciaire, le conjoint, le concubin, le partenaire li\u00e9 par un pacte civil de solidarit\u00e9, les ascendants ou les descendants en ligne directe du d\u00e9funt sont inform\u00e9s dans les meilleurs d\u00e9lais de ce qu&rsquo;une autopsie a \u00e9t\u00e9 ordonn\u00e9e et que des pr\u00e9l\u00e8vements biologiques ont \u00e9t\u00e9 effectu\u00e9s.\u00a0\u00bb. C\u2019est difficile de faire appliquer une loi du Code Civil 16.1.1. Le respect d\u00fb au corps humain ne cesse pas avec la mort.Les restes des personnes d\u00e9c\u00e9d\u00e9es, y compris les cendres de celles dont le corps a donn\u00e9 lieu \u00e0 cr\u00e9mation, doivent \u00eatre trait\u00e9s avec respect, dignit\u00e9 et d\u00e9cence. Il suffit juste d\u2019appliquer les lois, de rajouter \u00e0 ce vide juridique : \u00ab Les organes doivent \u00eatre restitu\u00e9s aux familles dans des conditions sanitaires, tous en respectant les convictions religieuses le plus possible. Il s\u2019agit d\u2019un sujet qui n\u2019a aucune cons\u00e9quence politique, il touche tout le monde. \u00ab\u00a0On me doit des milliers d&rsquo;euros\u00a0\u00bb : jug\u00e9 inefficace, le Fonds de garantie des victimes r\u00e9volte&#8230; des victimes \u00a0<\/p>\n","protected":false},"author":1,"featured_media":0,"parent":21,"menu_order":3,"comment_status":"closed","ping_status":"closed","template":"elementor_theme","meta":{"_uag_custom_page_level_css":"","sfsi_plus_gutenberg_text_before_share":"","sfsi_plus_gutenberg_show_text_before_share":"","sfsi_plus_gutenberg_icon_type":"","sfsi_plus_gutenberg_icon_alignemt":"","sfsi_plus_gutenburg_max_per_row":"","_lmt_disableupdate":"no","_lmt_disable":"no","_monsterinsights_skip_tracking":false,"_monsterinsights_sitenote_active":false,"_monsterinsights_sitenote_note":"","_monsterinsights_sitenote_category":0,"site-sidebar-layout":"right-sidebar","site-content-layout":"","ast-site-content-layout":"default","site-content-style":"default","site-sidebar-style":"default","ast-global-header-display":"","ast-banner-title-visibility":"","ast-main-header-display":"","ast-hfb-above-header-display":"","ast-hfb-below-header-display":"","ast-hfb-mobile-header-display":"","site-post-title":"","ast-breadcrumbs-content":"","ast-featured-img":"","footer-sml-layout":"","ast-disable-related-posts":"","theme-transparent-header-meta":"default","adv-header-id-meta":"","stick-header-meta":"","header-above-stick-meta":"","header-main-stick-meta":"","header-below-stick-meta":"","astra-migrate-meta-layouts":"set","ast-page-background-enabled":"default","ast-page-background-meta":{"desktop":{"background-color":"var(--ast-global-color-4)","background-image":"","background-repeat":"repeat","background-position":"center center","background-size":"auto","background-attachment":"scroll","background-type":"","background-media":"","overlay-type":"","overlay-color":"","overlay-opacity":"","overlay-gradient":""},"tablet":{"background-color":"","background-image":"","background-repeat":"repeat","background-position":"center center","background-size":"auto","background-attachment":"scroll","background-type":"","background-media":"","overlay-type":"","overlay-color":"","overlay-opacity":"","overlay-gradient":""},"mobile":{"background-color":"","background-image":"","background-repeat":"repeat","background-position":"center center","background-size":"auto","background-attachment":"scroll","background-type":"","background-media":"","overlay-type":"","overlay-color":"","overlay-opacity":"","overlay-gradient":""}},"ast-content-background-meta":{"desktop":{"background-color":"var(--ast-global-color-5)","background-image":"","background-repeat":"repeat","background-position":"center center","background-size":"auto","background-attachment":"scroll","background-type":"","background-media":"","overlay-type":"","overlay-color":"","overlay-opacity":"","overlay-gradient":""},"tablet":{"background-color":"var(--ast-global-color-5)","background-image":"","background-repeat":"repeat","background-position":"center center","background-size":"auto","background-attachment":"scroll","background-type":"","background-media":"","overlay-type":"","overlay-color":"","overlay-opacity":"","overlay-gradient":""},"mobile":{"background-color":"var(--ast-global-color-5)","background-image":"","background-repeat":"repeat","background-position":"center center","background-size":"auto","background-attachment":"scroll","background-type":"","background-media":"","overlay-type":"","overlay-color":"","overlay-opacity":"","overlay-gradient":""}},"iawp_total_views":2,"footnotes":""},"categories":[],"tags":[],"class_list":["post-43342","page","type-page","status-publish","hentry"],"aioseo_notices":[],"uagb_featured_image_src":{"full":false,"thumbnail":false,"medium":false,"medium_large":false,"large":false,"1536x1536":false,"2048x2048":false},"uagb_author_info":{"display_name":"Michel BOUDRY","author_link":"https:\/\/lioneletlesautresvictimesdelaroute.fr\/justice\/author\/wmliojustbdy208\/"},"uagb_comment_info":0,"uagb_excerpt":"Pour la Justice Elle ne s\u2019applique pas qu\u2019\u00e0 ce cas, ni qu\u2019aux autopsies, mais \u00e0 la JUSTICE toute enti\u00e8re. Suivant la plupart des documents consult\u00e9s sur le web, la population trouve la justice trop laxiste. Moi Coralie Pailh\u00e8s, comme d\u2019autres personnes avec qui je discute, la justice se contourne\u2026 Une accusation lourde, mais VRAIE. Qui\u2026","rttpg_featured_image_url":null,"rttpg_author":{"display_name":"Michel BOUDRY","author_link":"https:\/\/lioneletlesautresvictimesdelaroute.fr\/justice\/author\/wmliojustbdy208\/"},"rttpg_comment":0,"rttpg_category":false,"rttpg_excerpt":"Pour la Justice Elle ne s\u2019applique pas qu\u2019\u00e0 ce cas, ni qu\u2019aux autopsies, mais \u00e0 la JUSTICE toute enti\u00e8re. Suivant la plupart des documents consult\u00e9s sur le web, la population trouve la justice trop laxiste. Moi Coralie Pailh\u00e8s, comme d\u2019autres personnes avec qui je discute, la justice se contourne\u2026 Une accusation lourde, mais VRAIE. Qui\u2026","_links":{"self":[{"href":"https:\/\/lioneletlesautresvictimesdelaroute.fr\/justice\/wp-json\/wp\/v2\/pages\/43342","targetHints":{"allow":["GET"]}}],"collection":[{"href":"https:\/\/lioneletlesautresvictimesdelaroute.fr\/justice\/wp-json\/wp\/v2\/pages"}],"about":[{"href":"https:\/\/lioneletlesautresvictimesdelaroute.fr\/justice\/wp-json\/wp\/v2\/types\/page"}],"author":[{"embeddable":true,"href":"https:\/\/lioneletlesautresvictimesdelaroute.fr\/justice\/wp-json\/wp\/v2\/users\/1"}],"replies":[{"embeddable":true,"href":"https:\/\/lioneletlesautresvictimesdelaroute.fr\/justice\/wp-json\/wp\/v2\/comments?post=43342"}],"version-history":[{"count":2,"href":"https:\/\/lioneletlesautresvictimesdelaroute.fr\/justice\/wp-json\/wp\/v2\/pages\/43342\/revisions"}],"predecessor-version":[{"id":53005,"href":"https:\/\/lioneletlesautresvictimesdelaroute.fr\/justice\/wp-json\/wp\/v2\/pages\/43342\/revisions\/53005"}],"up":[{"embeddable":true,"href":"https:\/\/lioneletlesautresvictimesdelaroute.fr\/justice\/wp-json\/wp\/v2\/pages\/21"}],"wp:attachment":[{"href":"https:\/\/lioneletlesautresvictimesdelaroute.fr\/justice\/wp-json\/wp\/v2\/media?parent=43342"}],"wp:term":[{"taxonomy":"category","embeddable":true,"href":"https:\/\/lioneletlesautresvictimesdelaroute.fr\/justice\/wp-json\/wp\/v2\/categories?post=43342"},{"taxonomy":"post_tag","embeddable":true,"href":"https:\/\/lioneletlesautresvictimesdelaroute.fr\/justice\/wp-json\/wp\/v2\/tags?post=43342"}],"curies":[{"name":"wp","href":"https:\/\/api.w.org\/{rel}","templated":true}]}}