{"id":51264,"date":"2025-06-02T18:31:27","date_gmt":"2025-06-02T16:31:27","guid":{"rendered":"https:\/\/lioneletlesautresvictimesdelaroute.fr\/justice\/?page_id=51264"},"modified":"2025-07-28T13:59:52","modified_gmt":"2025-07-28T11:59:52","slug":"projet-de-loi-violence-routiere-homicide-routier","status":"publish","type":"page","link":"https:\/\/lioneletlesautresvictimesdelaroute.fr\/justice\/projets-de-loi\/autres-projets-de-loi\/projet-de-loi-violence-routiere-homicide-routier\/","title":{"rendered":"Projet de loi : Violence routi\u00e8re Homicide routier"},"content":{"rendered":"\t\t<div data-elementor-type=\"wp-page\" data-elementor-id=\"51264\" class=\"elementor elementor-51264\" data-elementor-settings=\"{&quot;ha_cmc_init_switcher&quot;:&quot;no&quot;}\">\n\t\t\t\t<div class=\"elementor-element elementor-element-071268f e-flex e-con-boxed wpr-particle-no wpr-jarallax-no wpr-parallax-no wpr-sticky-section-no wpr-equal-height-no e-con e-parent\" data-id=\"071268f\" data-element_type=\"container\" data-e-type=\"container\" data-settings=\"{&quot;_ha_eqh_enable&quot;:false}\">\n\t\t\t\t\t<div class=\"e-con-inner\">\n\t\t\t\t<div class=\"elementor-element elementor-element-a22832c elementor-widget elementor-widget-heading\" data-id=\"a22832c\" data-element_type=\"widget\" data-e-type=\"widget\" data-widget_type=\"heading.default\">\n\t\t\t\t<div class=\"elementor-widget-container\">\n\t\t\t\t\t<h2 class=\"elementor-heading-title elementor-size-default\">Violence routi\u00e8re Homicide routier : \n<\/h2>\t\t\t\t<\/div>\n\t\t\t\t<\/div>\n\t\t\t\t<div class=\"elementor-element elementor-element-19275de elementor-widget elementor-widget-heading\" data-id=\"19275de\" data-element_type=\"widget\" data-e-type=\"widget\" data-widget_type=\"heading.default\">\n\t\t\t\t<div class=\"elementor-widget-container\">\n\t\t\t\t\t<h4 class=\"elementor-heading-title elementor-size-default\"><a href=\"https:\/\/www.associationantoinealleno.fr\/\">Association Antoine ALLENO<\/a><\/h4>\t\t\t\t<\/div>\n\t\t\t\t<\/div>\n\t\t\t\t<div class=\"elementor-element elementor-element-79218bb elementor-widget elementor-widget-spacer\" data-id=\"79218bb\" data-element_type=\"widget\" data-e-type=\"widget\" data-widget_type=\"spacer.default\">\n\t\t\t\t<div class=\"elementor-widget-container\">\n\t\t\t\t\t\t\t<div class=\"elementor-spacer\">\n\t\t\t<div class=\"elementor-spacer-inner\"><\/div>\n\t\t<\/div>\n\t\t\t\t\t\t<\/div>\n\t\t\t\t<\/div>\n\t\t\t\t\t<\/div>\n\t\t\t\t<\/div>\n\t\t<div class=\"elementor-element elementor-element-f42bfa1 e-flex e-con-boxed wpr-particle-no wpr-jarallax-no wpr-parallax-no wpr-sticky-section-no wpr-equal-height-no e-con e-parent\" data-id=\"f42bfa1\" data-element_type=\"container\" data-e-type=\"container\" data-settings=\"{&quot;_ha_eqh_enable&quot;:false}\">\n\t\t\t\t\t<div class=\"e-con-inner\">\n\t\t\t\t<div class=\"elementor-element elementor-element-4535cb3 elementor-widget elementor-widget-image\" data-id=\"4535cb3\" data-element_type=\"widget\" data-e-type=\"widget\" data-widget_type=\"image.default\">\n\t\t\t\t<div class=\"elementor-widget-container\">\n\t\t\t\t\t\t\t\t\t\t\t\t\t\t\t\t<a href=\"https:\/\/www.associationantoinealleno.fr\/\">\n\t\t\t\t\t\t\t<img fetchpriority=\"high\" decoding=\"async\" width=\"300\" height=\"212\" src=\"https:\/\/lioneletlesautresvictimesdelaroute.fr\/justice\/wp-content\/uploads\/2025\/06\/Asso-Antoine-ALENO-logo-300x212.png\" class=\"attachment-medium size-medium wp-image-51334\" alt=\"\" srcset=\"https:\/\/lioneletlesautresvictimesdelaroute.fr\/justice\/wp-content\/uploads\/2025\/06\/Asso-Antoine-ALENO-logo-300x212.png 300w, https:\/\/lioneletlesautresvictimesdelaroute.fr\/justice\/wp-content\/uploads\/2025\/06\/Asso-Antoine-ALENO-logo-1024x724.png 1024w, https:\/\/lioneletlesautresvictimesdelaroute.fr\/justice\/wp-content\/uploads\/2025\/06\/Asso-Antoine-ALENO-logo-768x543.png 768w, https:\/\/lioneletlesautresvictimesdelaroute.fr\/justice\/wp-content\/uploads\/2025\/06\/Asso-Antoine-ALENO-logo.png 1416w\" sizes=\"(max-width: 300px) 100vw, 300px\" \/>\t\t\t\t\t\t\t\t<\/a>\n\t\t\t\t\t\t\t\t\t\t\t\t\t\t\t<\/div>\n\t\t\t\t<\/div>\n\t\t\t\t<div class=\"elementor-element elementor-element-e669b64 elementor-widget elementor-widget-image\" data-id=\"e669b64\" data-element_type=\"widget\" data-e-type=\"widget\" data-widget_type=\"image.default\">\n\t\t\t\t<div class=\"elementor-widget-container\">\n\t\t\t\t\t\t\t\t\t\t\t\t\t\t\t\t<a href=\"https:\/\/www.associationantoinealleno.fr\/\">\n\t\t\t\t\t\t\t<img decoding=\"async\" width=\"410\" height=\"600\" src=\"https:\/\/lioneletlesautresvictimesdelaroute.fr\/justice\/wp-content\/uploads\/2025\/06\/antoine-alleno.jpg\" class=\"attachment-large size-large wp-image-51303\" alt=\"\" srcset=\"https:\/\/lioneletlesautresvictimesdelaroute.fr\/justice\/wp-content\/uploads\/2025\/06\/antoine-alleno.jpg 410w, https:\/\/lioneletlesautresvictimesdelaroute.fr\/justice\/wp-content\/uploads\/2025\/06\/antoine-alleno-205x300.jpg 205w\" sizes=\"(max-width: 410px) 100vw, 410px\" \/>\t\t\t\t\t\t\t\t<\/a>\n\t\t\t\t\t\t\t\t\t\t\t\t\t\t\t<\/div>\n\t\t\t\t<\/div>\n\t\t\t\t<div class=\"elementor-element elementor-element-451bf68 elementor-widget elementor-widget-spacer\" data-id=\"451bf68\" data-element_type=\"widget\" data-e-type=\"widget\" data-widget_type=\"spacer.default\">\n\t\t\t\t<div class=\"elementor-widget-container\">\n\t\t\t\t\t\t\t<div class=\"elementor-spacer\">\n\t\t\t<div class=\"elementor-spacer-inner\"><\/div>\n\t\t<\/div>\n\t\t\t\t\t\t<\/div>\n\t\t\t\t<\/div>\n\t\t\t\t\t<\/div>\n\t\t\t\t<\/div>\n\t\t<div class=\"elementor-element elementor-element-a38a391 e-flex e-con-boxed wpr-particle-no wpr-jarallax-no wpr-parallax-no wpr-sticky-section-no wpr-equal-height-no e-con e-parent\" data-id=\"a38a391\" data-element_type=\"container\" data-e-type=\"container\" data-settings=\"{&quot;_ha_eqh_enable&quot;:false}\">\n\t\t\t\t\t<div class=\"e-con-inner\">\n\t\t\t\t<div class=\"elementor-element elementor-element-25b82f4 elementor-widget elementor-widget-spacer\" data-id=\"25b82f4\" data-element_type=\"widget\" data-e-type=\"widget\" data-widget_type=\"spacer.default\">\n\t\t\t\t<div class=\"elementor-widget-container\">\n\t\t\t\t\t\t\t<div class=\"elementor-spacer\">\n\t\t\t<div class=\"elementor-spacer-inner\"><\/div>\n\t\t<\/div>\n\t\t\t\t\t\t<\/div>\n\t\t\t\t<\/div>\n\t\t\t\t<div class=\"elementor-element elementor-element-1be707c elementor-widget elementor-widget-text-editor\" data-id=\"1be707c\" data-element_type=\"widget\" data-e-type=\"widget\" data-widget_type=\"text-editor.default\">\n\t\t\t\t<div class=\"elementor-widget-container\">\n\t\t\t\t\t\t\t\t\t<p>Cette action est port\u00e9e par diff\u00e9rentes associations et plus particuli\u00e8rement par l&rsquo;<a href=\"https:\/\/www.associationantoinealleno.fr\/\">association Antoine ALLENO<\/a>, qui le 8 mai 2022, a \u00e9t\u00e9 tu\u00e9 par une voiture vol\u00e9e dont le chauffeur \u00e9tait sous l\u2019emprise de l\u2019alcool.<\/p><p>Antoine ALLENO est d\u00e9c\u00e9d\u00e9 suite au choc de l\u2019accident, ses parents ont cr\u00e9\u00e9 une <a href=\"https:\/\/www.associationantoinealleno.fr\/\">association<\/a> pour lui rendre hommage et pour se battre contre la violence routi\u00e8re.<\/p><p>Moi maman de victime, Pr\u00e9sidente de l\u2019association Lionel et les Autres Victimes de la Route m\u2019associe \u00e0 cette association pour le travail qu\u2019ils ont fait dans le cadre de l\u2019homicide routier.<\/p><p>Merci aux parents d&rsquo;Antoine qui ont rendu le plus bel hommage faire passer une loi en m\u00e9moire de leur fils.<\/p><p><a href=\"https:\/\/www.assemblee-nationale.fr\/dyn\/16\/textes\/l16b1751_proposition-loi#\">Proposition de loi<\/a> cr\u00e9ant l\u2019homicide routier et visant \u00e0 lutter contre la violence routi\u00e8re (d\u00e9p\u00f4t le mardi 17 octobre 2023).<\/p><p><a href=\"https:\/\/www.assemblee-nationale.fr\/dyn\/16\/dossiers\/homicide_lutte_violence\">Etat d&rsquo;avancement du projet de loi<\/a> cr\u00e9ant l\u2019homicide routier et visant \u00e0 lutter contre la violence routi\u00e8re<\/p><p><a href=\"https:\/\/www.associationantoinealleno.fr\/\">Prise de contact avec l\u2019association Antoine ALLENO<\/a> https:\/\/www.associationantoinealleno.fr\/<\/p><p>Merci \u00e9galement pour mon fils Lionel 17 ans tu\u00e9 par un multir\u00e9cidiviste avec 4 infractions au code de la route.<\/p><p>Mon combat est diff\u00e9rent, je me bats contre les <a href=\"https:\/\/lioneletlesautresvictimesdelaroute.fr\/justice\/etat-des-lieux\/autopsie-judiciaire\/\">autopsies judiciaires<\/a>, je vous invite \u00e0 lire les pages expliquant l<a href=\"https:\/\/lioneletlesautresvictimesdelaroute.fr\/justice\/etat-des-lieux\/autopsie-judiciaire\/notre-analyse\/les-problemes-rencontres\/les-erreurs-de-la-justice\/\">a barbarie que subit le corps de nos enfants<\/a>.<\/p>\t\t\t\t\t\t\t\t<\/div>\n\t\t\t\t<\/div>\n\t\t\t\t\t<\/div>\n\t\t\t\t<\/div>\n\t\t\t\t<\/div>\n\t\t","protected":false},"excerpt":{"rendered":"<p>Violence routi\u00e8re Homicide routier : Association Antoine ALLENO Cette action est port\u00e9e par diff\u00e9rentes associations et plus particuli\u00e8rement par l&rsquo;association Antoine ALLENO, qui le 8 mai 2022, a \u00e9t\u00e9 tu\u00e9 par une voiture vol\u00e9e dont le chauffeur \u00e9tait sous l\u2019emprise de l\u2019alcool. Antoine ALLENO est d\u00e9c\u00e9d\u00e9 suite au choc de l\u2019accident, ses parents ont cr\u00e9\u00e9 une association pour lui rendre hommage et pour se battre contre la violence routi\u00e8re. Moi maman de victime, Pr\u00e9sidente de l\u2019association Lionel et les Autres Victimes de la Route m\u2019associe \u00e0 cette association pour le travail qu\u2019ils ont fait dans le cadre de l\u2019homicide routier. Merci aux parents d&rsquo;Antoine qui ont rendu le plus bel hommage faire passer une loi en m\u00e9moire de leur fils. Proposition de loi cr\u00e9ant l\u2019homicide routier et visant \u00e0 lutter contre la violence routi\u00e8re (d\u00e9p\u00f4t le mardi 17 octobre 2023). Etat d&rsquo;avancement du projet de loi cr\u00e9ant l\u2019homicide routier et visant \u00e0 lutter contre la violence routi\u00e8re Prise de contact avec l\u2019association Antoine ALLENO https:\/\/www.associationantoinealleno.fr\/ Merci \u00e9galement pour mon fils Lionel 17 ans tu\u00e9 par un multir\u00e9cidiviste avec 4 infractions au code de la route. Mon combat est diff\u00e9rent, je me bats contre les autopsies judiciaires, je vous invite \u00e0 lire les pages expliquant la barbarie que subit le corps de nos enfants.<\/p>\n","protected":false},"author":3,"featured_media":0,"parent":51274,"menu_order":0,"comment_status":"closed","ping_status":"closed","template":"","meta":{"_uag_custom_page_level_css":"","sfsi_plus_gutenberg_text_before_share":"","sfsi_plus_gutenberg_show_text_before_share":"","sfsi_plus_gutenberg_icon_type":"","sfsi_plus_gutenberg_icon_alignemt":"","sfsi_plus_gutenburg_max_per_row":"","_lmt_disableupdate":"no","_lmt_disable":"no","_monsterinsights_skip_tracking":false,"_monsterinsights_sitenote_active":false,"_monsterinsights_sitenote_note":"","_monsterinsights_sitenote_category":0,"site-sidebar-layout":"right-sidebar","site-content-layout":"","ast-site-content-layout":"default","site-content-style":"default","site-sidebar-style":"default","ast-global-header-display":"","ast-banner-title-visibility":"","ast-main-header-display":"","ast-hfb-above-header-display":"","ast-hfb-below-header-display":"","ast-hfb-mobile-header-display":"","site-post-title":"","ast-breadcrumbs-content":"","ast-featured-img":"","footer-sml-layout":"","ast-disable-related-posts":"","theme-transparent-header-meta":"default","adv-header-id-meta":"","stick-header-meta":"","header-above-stick-meta":"","header-main-stick-meta":"","header-below-stick-meta":"","astra-migrate-meta-layouts":"set","ast-page-background-enabled":"default","ast-page-background-meta":{"desktop":{"background-color":"var(--ast-global-color-4)","background-image":"","background-repeat":"repeat","background-position":"center center","background-size":"auto","background-attachment":"scroll","background-type":"","background-media":"","overlay-type":"","overlay-color":"","overlay-opacity":"","overlay-gradient":""},"tablet":{"background-color":"","background-image":"","background-repeat":"repeat","background-position":"center center","background-size":"auto","background-attachment":"scroll","background-type":"","background-media":"","overlay-type":"","overlay-color":"","overlay-opacity":"","overlay-gradient":""},"mobile":{"background-color":"","background-image":"","background-repeat":"repeat","background-position":"center center","background-size":"auto","background-attachment":"scroll","background-type":"","background-media":"","overlay-type":"","overlay-color":"","overlay-opacity":"","overlay-gradient":""}},"ast-content-background-meta":{"desktop":{"background-color":"var(--ast-global-color-5)","background-image":"","background-repeat":"repeat","background-position":"center center","background-size":"auto","background-attachment":"scroll","background-type":"","background-media":"","overlay-type":"","overlay-color":"","overlay-opacity":"","overlay-gradient":""},"tablet":{"background-color":"var(--ast-global-color-5)","background-image":"","background-repeat":"repeat","background-position":"center center","background-size":"auto","background-attachment":"scroll","background-type":"","background-media":"","overlay-type":"","overlay-color":"","overlay-opacity":"","overlay-gradient":""},"mobile":{"background-color":"var(--ast-global-color-5)","background-image":"","background-repeat":"repeat","background-position":"center center","background-size":"auto","background-attachment":"scroll","background-type":"","background-media":"","overlay-type":"","overlay-color":"","overlay-opacity":"","overlay-gradient":""}},"iawp_total_views":1,"footnotes":""},"categories":[],"tags":[],"class_list":["post-51264","page","type-page","status-publish","hentry"],"aioseo_notices":[],"uagb_featured_image_src":{"full":false,"thumbnail":false,"medium":false,"medium_large":false,"large":false,"1536x1536":false,"2048x2048":false},"uagb_author_info":{"display_name":"Michel BOUDRY","author_link":"https:\/\/lioneletlesautresvictimesdelaroute.fr\/justice\/author\/wmbdylavr20250522\/"},"uagb_comment_info":0,"uagb_excerpt":"Violence routi\u00e8re Homicide routier : Association Antoine ALLENO Cette action est port\u00e9e par diff\u00e9rentes associations et plus particuli\u00e8rement par l&rsquo;association Antoine ALLENO, qui le 8 mai 2022, a \u00e9t\u00e9 tu\u00e9 par une voiture vol\u00e9e dont le chauffeur \u00e9tait sous l\u2019emprise de l\u2019alcool. Antoine ALLENO est d\u00e9c\u00e9d\u00e9 suite au choc de l\u2019accident, ses parents ont cr\u00e9\u00e9\u2026","rttpg_featured_image_url":null,"rttpg_author":{"display_name":"Michel BOUDRY","author_link":"https:\/\/lioneletlesautresvictimesdelaroute.fr\/justice\/author\/wmbdylavr20250522\/"},"rttpg_comment":0,"rttpg_category":false,"rttpg_excerpt":"Violence routi\u00e8re Homicide routier : Association Antoine ALLENO Cette action est port\u00e9e par diff\u00e9rentes associations et plus particuli\u00e8rement par l&rsquo;association Antoine ALLENO, qui le 8 mai 2022, a \u00e9t\u00e9 tu\u00e9 par une voiture vol\u00e9e dont le chauffeur \u00e9tait sous l\u2019emprise de l\u2019alcool. Antoine ALLENO est d\u00e9c\u00e9d\u00e9 suite au choc de l\u2019accident, ses parents ont cr\u00e9\u00e9\u2026","_links":{"self":[{"href":"https:\/\/lioneletlesautresvictimesdelaroute.fr\/justice\/wp-json\/wp\/v2\/pages\/51264","targetHints":{"allow":["GET"]}}],"collection":[{"href":"https:\/\/lioneletlesautresvictimesdelaroute.fr\/justice\/wp-json\/wp\/v2\/pages"}],"about":[{"href":"https:\/\/lioneletlesautresvictimesdelaroute.fr\/justice\/wp-json\/wp\/v2\/types\/page"}],"author":[{"embeddable":true,"href":"https:\/\/lioneletlesautresvictimesdelaroute.fr\/justice\/wp-json\/wp\/v2\/users\/3"}],"replies":[{"embeddable":true,"href":"https:\/\/lioneletlesautresvictimesdelaroute.fr\/justice\/wp-json\/wp\/v2\/comments?post=51264"}],"version-history":[{"count":2,"href":"https:\/\/lioneletlesautresvictimesdelaroute.fr\/justice\/wp-json\/wp\/v2\/pages\/51264\/revisions"}],"predecessor-version":[{"id":53185,"href":"https:\/\/lioneletlesautresvictimesdelaroute.fr\/justice\/wp-json\/wp\/v2\/pages\/51264\/revisions\/53185"}],"up":[{"embeddable":true,"href":"https:\/\/lioneletlesautresvictimesdelaroute.fr\/justice\/wp-json\/wp\/v2\/pages\/51274"}],"wp:attachment":[{"href":"https:\/\/lioneletlesautresvictimesdelaroute.fr\/justice\/wp-json\/wp\/v2\/media?parent=51264"}],"wp:term":[{"taxonomy":"category","embeddable":true,"href":"https:\/\/lioneletlesautresvictimesdelaroute.fr\/justice\/wp-json\/wp\/v2\/categories?post=51264"},{"taxonomy":"post_tag","embeddable":true,"href":"https:\/\/lioneletlesautresvictimesdelaroute.fr\/justice\/wp-json\/wp\/v2\/tags?post=51264"}],"curies":[{"name":"wp","href":"https:\/\/api.w.org\/{rel}","templated":true}]}}