{"id":51541,"date":"2025-06-11T14:09:44","date_gmt":"2025-06-11T12:09:44","guid":{"rendered":"https:\/\/lioneletlesautresvictimesdelaroute.fr\/justice\/?page_id=51541"},"modified":"2025-06-12T14:05:07","modified_gmt":"2025-06-12T12:05:07","slug":"autopsie-de-lionel-losada-mon-fils-documents-originaux-chronologie","status":"publish","type":"page","link":"https:\/\/lioneletlesautresvictimesdelaroute.fr\/justice\/projets-de-loi\/nos-projets-de-loi\/notre-second-projet-de-loi-autopsie-judiciaire\/autopsie-de-lionel-losada-mon-fils-documents-originaux-chronologie\/","title":{"rendered":"Autopsie de Lionel LOSADA : Mon fils : Documents originaux : Chronologie"},"content":{"rendered":"\t\t<div data-elementor-type=\"wp-page\" data-elementor-id=\"51541\" class=\"elementor elementor-51541\" data-elementor-settings=\"{&quot;ha_cmc_init_switcher&quot;:&quot;no&quot;}\">\n\t\t\t\t<div class=\"elementor-element elementor-element-d292ef9 e-flex e-con-boxed wpr-particle-no wpr-jarallax-no wpr-parallax-no wpr-sticky-section-no wpr-equal-height-no e-con e-parent\" data-id=\"d292ef9\" data-element_type=\"container\" data-e-type=\"container\" data-settings=\"{&quot;_ha_eqh_enable&quot;:false}\">\n\t\t\t\t\t<div class=\"e-con-inner\">\n\t\t\t\t<div class=\"elementor-element elementor-element-f6d96c5 elementor-widget elementor-widget-heading\" data-id=\"f6d96c5\" data-element_type=\"widget\" data-e-type=\"widget\" data-widget_type=\"heading.default\">\n\t\t\t\t<div class=\"elementor-widget-container\">\n\t\t\t\t\t<h2 class=\"elementor-heading-title elementor-size-default\">L'AUTOPSIE DE MON FILS : LIONEL<\/h2>\t\t\t\t<\/div>\n\t\t\t\t<\/div>\n\t\t\t\t<div class=\"elementor-element elementor-element-389a8e4 elementor-widget elementor-widget-spacer\" data-id=\"389a8e4\" data-element_type=\"widget\" data-e-type=\"widget\" data-widget_type=\"spacer.default\">\n\t\t\t\t<div class=\"elementor-widget-container\">\n\t\t\t\t\t\t\t<div class=\"elementor-spacer\">\n\t\t\t<div class=\"elementor-spacer-inner\"><\/div>\n\t\t<\/div>\n\t\t\t\t\t\t<\/div>\n\t\t\t\t<\/div>\n\t\t\t\t<div class=\"elementor-element elementor-element-fbaf81e elementor-widget elementor-widget-heading\" data-id=\"fbaf81e\" data-element_type=\"widget\" data-e-type=\"widget\" data-widget_type=\"heading.default\">\n\t\t\t\t<div class=\"elementor-widget-container\">\n\t\t\t\t\t<h3 class=\"elementor-heading-title elementor-size-default\">Chronologie de l\u2019autopsie judiciaire<\/h3>\t\t\t\t<\/div>\n\t\t\t\t<\/div>\n\t\t\t\t<div class=\"elementor-element elementor-element-5a42a6d elementor-widget elementor-widget-text-editor\" data-id=\"5a42a6d\" data-element_type=\"widget\" data-e-type=\"widget\" data-widget_type=\"text-editor.default\">\n\t\t\t\t<div class=\"elementor-widget-container\">\n\t\t\t\t\t\t\t\t\t<p>Mon fils Lionel Losada est d\u00e9c\u00e9d\u00e9 des suites d\u2019un accident<br \/>, il a \u00e9t\u00e9 fauch\u00e9 sur son scooter par un multir\u00e9cidiviste de la route avec plusieurs circonstances aggravantes.<\/p><p>Date de l\u2019accident\u00a0: <br \/>29 juillet 2017 \u00e0 22h30 D900 (Le Boulou)<\/p><p>Date du d\u00e9c\u00e8s : <br \/>04 ao\u00fbt 2017 \u00e0 17 h 58 ; H\u00f4pital de Perpignan. (<a href=\"https:\/\/lioneletlesautresvictimesdelaroute.fr\/justice\/wp-content\/uploads\/2025\/06\/1-acte-de-deces-de-Lionel.pdf\">Doc :1<\/a>)<\/p><p>Livret de famille <br \/>copie pour la filiation du patronyme. (<a href=\"https:\/\/lioneletlesautresvictimesdelaroute.fr\/justice\/wp-content\/uploads\/2025\/06\/2-Livret-de-famille.pdf\">Doc\u00a0:2<\/a>)<\/p><p>Le 7 mai 2018, rendez-vous avec notre avocat\u00a0: <a href=\"https:\/\/www.barreau-montpellier.com\/fr\/annuaire\/tableau\/id-662-buthion-riviere-alexandra\">Ma\u00eetre Buthion-Rivi\u00e8re Alexandra<\/a>, <br \/>Objectif : Avoir des informations et des explications sur le d\u00e9roulement du proc\u00e8s. <br \/>Notre avocat nous remet le jour de la visite un CD comprenant l\u2019ensemble du dossier de l\u2019accident.<\/p><p>Le proc\u00e8s a eu lieu le 15 mai 2028, Tribunal de Perpignan. (<a href=\"https:\/\/lioneletlesautresvictimesdelaroute.fr\/justice\/wp-content\/uploads\/2025\/06\/3-Convocation-proces.pdf\">Doc\u00a0: 3<\/a>)<br \/>Notre lisons le CD pour avoir des informations concernant le d\u00e9c\u00e8s de mon fils, et du fr\u00e8re de la fratrie. \u2028<br \/>D\u00e9couverte de la partie \u00ab\u00a0AUTOPSIES JUDICIAIRES\u00a0\u00bb. (<a href=\"https:\/\/lioneletlesautresvictimesdelaroute.fr\/justice\/wp-content\/uploads\/2025\/06\/4-organes-sous-selees.pdf\">Doc\u00a0: 4<\/a> ). <br \/>Mise sous scell\u00e9s d\u2019organes c\u0153ur, cerveau, m\u00e9ninges plus fragments d\u2019organes, ainsi que diff\u00e9rents organes qui ont \u00e9t\u00e9 d\u00e9coup\u00e9s\u00a0: foie 7 cm\u00a0; reins\u00a0: 3 cm\u00a0; rate\u00a0: 3 cm\u00a0; pancr\u00e9as\u00a0: 3 cm\u00a0; poumons\u00a0: 4 \u00e0 6 cm. (<a href=\"https:\/\/lioneletlesautresvictimesdelaroute.fr\/justice\/wp-content\/uploads\/2025\/06\/5-doc-desciption-de-lautopises.pdf\">Doc\u00a0: 5<\/a>).<\/p><p>Cette nouvelle finit de m\u2019an\u00e9antir, d\u00e9pression, incapable de faire des actions pour savoir pourquoi cette barbarie. La famille et surtout moi sa maman, commence en 2020 \u00e0 sortir la \u00ab t\u00eate de l\u2019eau \u00bb, \u00e0 partir de cette p\u00e9riode. Mon d\u00e9m\u00e9nagement en 2019, avec le transfert du corps de mon fils sur mon nouveau lieu de r\u00e9sidence Le Tarn. <br \/>Je mentionne que la famille responsable de l\u2019accident r\u00e9side \u00e0 moins de 50 m\u00e8tres de mon domicile. <br \/>Nous avons entrepris une lutte pour savoir pourquoi il y a eu pr\u00e9l\u00e8vement d\u2019organes.<\/p><p><strong>\u00c9l\u00e9ment d\u00e9couvert :<\/strong><\/p><ul><li>Attestation du m\u00e9decin r\u00e9animateur qu\u2019il n\u2019y a pas besoin d\u2019autopsie. (<a href=\"https:\/\/lioneletlesautresvictimesdelaroute.fr\/justice\/wp-content\/uploads\/2025\/06\/6-cerfa-medecin-ne-demandant-pas-dautopsie.pdf\">Doc\u00a0: 6<\/a>)<\/li><li>Certificat de la juge d\u2019instruction demandant une autopsie plus le pr\u00e9l\u00e8vement d\u2019organes\u00a0 &#8230; erreur de date sur le document \u00e0 prendre en compte. (<a href=\"https:\/\/lioneletlesautresvictimesdelaroute.fr\/justice\/wp-content\/uploads\/2025\/06\/7-Doc-7.pdf\">Doc\u00a0:7<\/a>)<\/li><\/ul><p><strong>Actions\u00a0:<\/strong><\/p><ul><li>D\u00e9p\u00f4t de plainte \u00e0 la commune de ma r\u00e9sidence \u00e0 la gendarmerie. (<a href=\"https:\/\/lioneletlesautresvictimesdelaroute.fr\/justice\/wp-content\/uploads\/2025\/06\/8-suite-depot-de-plainte-gendarmerie-page-1.pdf\">Doc\u00a0:8 \u2013 8(1)<\/a>) (<a href=\"https:\/\/lioneletlesautresvictimesdelaroute.fr\/justice\/wp-content\/uploads\/2025\/06\/8-suite-depot-de-plainte-gendarmerie-page-2.pdf\">Doc :8 \u2013 8(2)<\/a>)<\/li><li>Diff\u00e9rents demandes au <a href=\"https:\/\/lioneletlesautresvictimesdelaroute.fr\/justice\/wp-content\/uploads\/2025\/06\/TG-PERPIGNAN-Pas-de-limite-de-prelevement-scaled.png\">Centre hospitalier de Perpignan<\/a> et courriers \u00e0 la juge d\u2019instruction et au procureur de Perpignan et de Montpellier pour pouvoir r\u00e9cup\u00e9rer les organes de mon fils.<\/li><li>Mise en relation avec l\u2019IML d\u00e9p\u00f4t de plainte aupr\u00e8s de l\u2019ordre des m\u00e9decins (<a href=\"https:\/\/lioneletlesautresvictimesdelaroute.fr\/justice\/wp-content\/uploads\/2025\/06\/9-Ordre-des-medecins.pdf\">Doc\u00a0: 9<\/a>) pour avoir les informations sur l\u2019autopsie. Aucun r\u00e9sultat concernant la l\u00e9gislation des autopsies judiciaires.<\/li><li>Courrier de l\u2019IML Institut M\u00e9dico-L\u00e9gal du 10 f\u00e9vrier 2021 m\u2019informant de la destruction des organes de mon fils, apr\u00e8s 3 courriers en AR. (<a href=\"https:\/\/lioneletlesautresvictimesdelaroute.fr\/justice\/wp-content\/uploads\/2025\/06\/10-courrier-IML.pdf\">Doc\u00a0: 10<\/a>, <a href=\"https:\/\/lioneletlesautresvictimesdelaroute.fr\/justice\/wp-content\/uploads\/2025\/06\/10-1-non-restitution.pdf\">Doc 10 -1<\/a>)<\/li><li><a href=\"https:\/\/lioneletlesautresvictimesdelaroute.fr\/justice\/nos-actions\/nos-courriers\/\">Diff\u00e9rents courriers<\/a> envoy\u00e9s aux diff\u00e9rents <a href=\"https:\/\/lioneletlesautresvictimesdelaroute.fr\/justice\/nos-actions\/nos-courriers\/courriers-gouvernements\/\">gouvernements<\/a> et <a href=\"https:\/\/lioneletlesautresvictimesdelaroute.fr\/justice\/courriers-prefectures\/\">pr\u00e9fectures<\/a> et <a href=\"https:\/\/lioneletlesautresvictimesdelaroute.fr\/justice\/nos-actions\/nos-courriers\/courriers-deputes\/\">d\u00e9put\u00e9s<\/a> et <a href=\"https:\/\/lioneletlesautresvictimesdelaroute.fr\/justice\/nos-actions\/nos-courriers\/courriers-senateurs\/\">s\u00e9nateurs<\/a> et <a href=\"https:\/\/lioneletlesautresvictimesdelaroute.fr\/justice\/nos-actions\/nos-courriers\/courriers-partis-politiques\/\">politiques <\/a>et <a href=\"https:\/\/lioneletlesautresvictimesdelaroute.fr\/justice\/courriers-departements\/\">\u00e9lus des d\u00e9partements<\/a> .<br \/>Tr\u00e8s peu de r\u00e9ponses, et donc,\u00a0 renouvellement des courriers jusqu\u2019\u00e0 obtenir des r\u00e9ponses, mais qui n\u2019auront aucun effet le suite \u00e0 la r\u00e9solution des questions pos\u00e9es.<\/li><\/ul><h4><strong>Deux projets de loi ont \u00e9t\u00e9 d\u00e9pos\u00e9s\u00a0:<\/strong><\/h4><ul><li><a href=\"https:\/\/www.assemblee-nationale.fr\/dyn\/15\/textes\/l15b2328_proposition-loi#\">Un par un Mr Bernard Brochant<\/a> <a href=\"https:\/\/fr.wikipedia.org\/wiki\/Bernard_Brochand\">D\u00e9put\u00e9<\/a> &#8211; https:\/\/www.assemblee-nationale.fr\/dyn\/15\/textes\/l15b2328_proposition-loi#<\/li><li><a href=\"https:\/\/www.senat.fr\/leg\/exposes-des-motifs\/ppl18-619-expose.html\">Un autre par Mr Sol Jean<\/a> <a href=\"https:\/\/fr.wikipedia.org\/wiki\/Jean_Sol\">S\u00e9nateur<\/a> &#8211; https:\/\/www.senat.fr\/leg\/exposes-des-motifs\/ppl18-619-expose.html<\/li><\/ul><p>Aucun r\u00e9sultat, quand on demande si cela a permis d\u2019avancer, rien pas de r\u00e9ponse.<\/p><p>Mr <a href=\"https:\/\/fr.wikipedia.org\/wiki\/Fr%C3%A9d%C3%A9ric_Cabrolier\">Cabrolier Fr\u00e9d\u00e9ric D\u00e9put\u00e9<\/a> pose une question ouverte \u00e0 l\u2019Assembl\u00e9e G\u00e9n\u00e9rale.(<a href=\"https:\/\/lioneletlesautresvictimesdelaroute.fr\/justice\/wp-content\/uploads\/2025\/06\/11-Cabrolier.pdf\">Doc\u00a0: 11<\/a>)<\/p><p><strong>D\u00e9p\u00f4t de plaintes\u00a0:<\/strong><\/p><ul><li>D\u00e9p\u00f4t de plainte au tribunal administratif de Perpignan et de Montpellier\u00a0; Plainte rejet\u00e9es par le Tribunal Administratif. (<a href=\"https:\/\/lioneletlesautresvictimesdelaroute.fr\/justice\/wp-content\/uploads\/2025\/06\/12-REFERE-DEVANT-LE-TRIBUNAL-DE-TOULOUSE.pdf\">Doc\u00a0:12<\/a>)<\/li><\/ul><p><strong>Envois d\u2019autres courriers :<\/strong><\/p><ul><li>Aux diff\u00e9rents ministres de la Justice,<\/li><li>Pr\u00e9sident de la R\u00e9publique,<\/li><li>Madame La Premi\u00e8re Dame.<\/li><li>Presse aux \u00e9lus et autres formations politiques,<\/li><li>ainsi que la DIAV D\u00e9l\u00e9gation Information Aide aux Victimes.\u2028<\/li><\/ul><p><strong>Rapprochement des victimes :<\/strong><\/p><ul><li>Notre action date de l\u2019attentat de Nice, victimes qui sont dans la m\u00eame situation<\/li><li>Courrier <a href=\"https:\/\/fr.wikipedia.org\/wiki\/%C3%89ric_Ciotti\">Monsieur \u00c9ric Ciotti<\/a> pour l\u2019informer de cette situation.<\/li><\/ul><p><strong>Pr\u00e9paration de dossier pour le Conseil d\u2019\u00c9tat et la Cour Sup\u00e9rieure des Droits de l\u2019Homme :<\/strong><\/p><ul><li>Cette action est en cours de pr\u00e9paration suite aux conseils de Melle C\u00e9lia Lauret \u00e9tudiante en droit.\u00a0<\/li><\/ul><h4><strong>Les erreurs de la justice :<\/strong><\/h4><ul><li><strong>Non Information de la mise sous scell\u00e9s d\u2019organes : article 230-28 du Code P\u00e9nal<\/strong><\/li><li><strong>Erreur sur la cr\u00e9mation, information aux familles, dignit\u00e9 du corps humain\u00a0: article 16.1.1. du Code Civil.<\/strong><\/li><\/ul><p>Notre demande :<\/p><h5 style=\"text-align: center;\">Nos actions et notre combat depuis 5 ans.<\/h5><ul><li style=\"text-align: left;\"><strong>Information obligatoire aux familles de pr\u00e9l\u00e8vement d\u2019organes sur le corps du d\u00e9funt.<\/strong> <br \/>Cela est d\u00e9j\u00e0 inscrit aux Code P\u00e9nal <br \/>mais non appliqu\u00e9.\u00a0 &#8230;. <strong><strong><strong>UNE APPLICATION DE LA LOI ARTICLE DU CODE P\u00c9NAL 230-28.\u2028<\/strong><\/strong><\/strong><\/li><li style=\"text-align: left;\"><strong>La remise aux familles des organes pr\u00e9lev\u00e9s dans des conditions sanitaires aux normes.<\/strong> <br \/>M\u00eame s\u2019il y a cr\u00e9mation les quelques petites cendres sont importantes pour les familles.<\/li><\/ul>\t\t\t\t\t\t\t\t<\/div>\n\t\t\t\t<\/div>\n\t\t\t\t<div class=\"elementor-element elementor-element-4c579e4 elementor-widget elementor-widget-text-editor\" data-id=\"4c579e4\" data-element_type=\"widget\" data-e-type=\"widget\" data-widget_type=\"text-editor.default\">\n\t\t\t\t<div class=\"elementor-widget-container\">\n\t\t\t\t\t\t\t\t\t<p><strong><em>Aides obtenues pour cette page :<br \/><\/em><\/strong><strong><em>&#8211; \u00e0 la cr\u00e9ation du site par Monsieur Michel Boudry<\/em><\/strong><br \/><strong><em>&#8211; conseil juridique de Mademoiselle Laura Cr\u00e9e<\/em><\/strong><\/p>\t\t\t\t\t\t\t\t<\/div>\n\t\t\t\t<\/div>\n\t\t\t\t\t<\/div>\n\t\t\t\t<\/div>\n\t\t<div class=\"elementor-element elementor-element-20497b4 e-flex e-con-boxed wpr-particle-no wpr-jarallax-no wpr-parallax-no wpr-sticky-section-no wpr-equal-height-no e-con e-parent\" data-id=\"20497b4\" data-element_type=\"container\" data-e-type=\"container\" data-settings=\"{&quot;_ha_eqh_enable&quot;:false}\">\n\t\t\t\t\t<div class=\"e-con-inner\">\n\t\t\t\t<div class=\"elementor-element elementor-element-62e24a8 elementor-widget elementor-widget-heading\" data-id=\"62e24a8\" data-element_type=\"widget\" data-e-type=\"widget\" data-widget_type=\"heading.default\">\n\t\t\t\t<div class=\"elementor-widget-container\">\n\t\t\t\t\t<h2 class=\"elementor-heading-title elementor-size-default\">Les documents<\/h2>\t\t\t\t<\/div>\n\t\t\t\t<\/div>\n\t\t\t\t<div class=\"elementor-element elementor-element-570003e elementor-widget elementor-widget-spacer\" data-id=\"570003e\" data-element_type=\"widget\" data-e-type=\"widget\" data-widget_type=\"spacer.default\">\n\t\t\t\t<div class=\"elementor-widget-container\">\n\t\t\t\t\t\t\t<div class=\"elementor-spacer\">\n\t\t\t<div class=\"elementor-spacer-inner\"><\/div>\n\t\t<\/div>\n\t\t\t\t\t\t<\/div>\n\t\t\t\t<\/div>\n\t\t\t\t<div class=\"elementor-element elementor-element-3ca8684 ha-has-bg-overlay elementor-widget elementor-widget-ha-horizontal-timeline happy-addon ha-horizontal-timeline\" data-id=\"3ca8684\" data-element_type=\"widget\" data-e-type=\"widget\" data-settings=\"{&quot;animation_speed&quot;:800,&quot;loop&quot;:&quot;yes&quot;,&quot;slides_to_show&quot;:3,&quot;slides_to_show_tablet&quot;:3,&quot;slides_to_show_mobile&quot;:2}\" data-widget_type=\"ha-horizontal-timeline.default\">\n\t\t\t\t<div class=\"elementor-widget-container\">\n\t\t\t\t\t\t\t<div class=\"ha-horizontal-timeline-wrapper ha-carousel\">\n\n\t\t\t\t\t\t\t<div class=\"ha-horizontal-timeline-block elementor-repeater-item-795e4fc\">\n\t\t\t\t\t<div class=\"ha-horizontal-timeline-icon-box\">\n\n\t\t\t\t\t\t<span class=\"ha-horizontal-timeline-date\">4 Ao\u00fbt 2017<\/span>\n\n\t\t\t\t\t\t<div class=\"ha-horizontal-timeline-top-inner\">\n\t\t\t\t\t\t\t\t\t\t\t\t\t\t\t<div class=\"ha-horizontal-timeline-icon\">\n\t\t\t\t\t\t\t\t\t<svg aria-hidden=\"true\" class=\"e-font-icon-svg e-far-arrow-alt-circle-down\" viewBox=\"0 0 512 512\" xmlns=\"http:\/\/www.w3.org\/2000\/svg\"><path d=\"M256 8C119 8 8 119 8 256s111 248 248 248 248-111 248-248S393 8 256 8zm0 448c-110.5 0-200-89.5-200-200S145.5 56 256 56s200 89.5 200 200-89.5 200-200 200zm-32-316v116h-67c-10.7 0-16 12.9-8.5 20.5l99 99c4.7 4.7 12.3 4.7 17 0l99-99c7.6-7.6 2.2-20.5-8.5-20.5h-67V140c0-6.6-5.4-12-12-12h-40c-6.6 0-12 5.4-12 12z\"><\/path><\/svg>\t\t\t\t\t\t\t\t<\/div>\n\t\t\t\t\t\t\t\t\t\t\t\t\t\t<div class=\"ha-horizontal-timeline-tree\"><\/div>\n\t\t\t\t\t\t<\/div>\n\t\t\t\t\t<\/div>\n\n\t\t\t\t\t<div class=\"ha-horizontal-timeline-content\">\n\n\t\t\t\t\t\t\t\t\t\t\t\t\t<div class=\"ha-horizontal-timeline-arrow\"><\/div>\n\t\t\t\t\t\t\n\t\t\t\t\t\t<div class=\"ha-horizontal-timeline-inner\">\n\t\t\t\t\t\t\t\t\t\t\t\t\t\t\t\t\t\t\t\t\t\t\t<div class=\"ha-horizontal-timeline-image\" >\n\t\t\t\t\t\t\t\t\t<img fetchpriority=\"high\" decoding=\"async\" width=\"212\" height=\"300\" src=\"https:\/\/lioneletlesautresvictimesdelaroute.fr\/justice\/wp-content\/uploads\/2025\/06\/1-acte-de-deces-de-Lionel-212x300.png\" class=\"attachment-medium size-medium wp-image-51592\" alt=\"\" srcset=\"https:\/\/lioneletlesautresvictimesdelaroute.fr\/justice\/wp-content\/uploads\/2025\/06\/1-acte-de-deces-de-Lionel-212x300.png 212w, https:\/\/lioneletlesautresvictimesdelaroute.fr\/justice\/wp-content\/uploads\/2025\/06\/1-acte-de-deces-de-Lionel-724x1024.png 724w, https:\/\/lioneletlesautresvictimesdelaroute.fr\/justice\/wp-content\/uploads\/2025\/06\/1-acte-de-deces-de-Lionel-768x1086.png 768w, https:\/\/lioneletlesautresvictimesdelaroute.fr\/justice\/wp-content\/uploads\/2025\/06\/1-acte-de-deces-de-Lionel.png 793w\" sizes=\"(max-width: 212px) 100vw, 212px\" \/>\t\t\t\t\t\t\t\t<\/div>\n\t\t\t\t\t\t\t\n\t\t\t\t\t\t\t<h2 class=\"ha-horizontal-timeline-title\"><a href=\"https:\/\/lioneletlesautresvictimesdelaroute.fr\/justice\/wp-content\/uploads\/2025\/06\/1-acte-de-deces-de-Lionel.pdf\">Acte de d\u00e9c\u00e8s<\/a><\/h2>\n\t\t\t\t\t\t\t\t\t\t\t\t\t\t\t<span class=\"ha-horizontal-timeline-subtitle\">4 Ao\u00fbt 2017<\/span>\n\t\t\t\t\t\t\t\n\t\t\t\t\t\t\t<div class=\"ha-horizontal-timeline-description\"><p>Texte en attente<\/p><\/div>\t\t\t\t\t\t<\/div>\n\t\t\t\t\t<\/div>\n\t\t\t\t<\/div>\n\n\t\t\t\t\t\t\t<div class=\"ha-horizontal-timeline-block elementor-repeater-item-1793ee2\">\n\t\t\t\t\t<div class=\"ha-horizontal-timeline-icon-box\">\n\n\t\t\t\t\t\t<span class=\"ha-horizontal-timeline-date\">4 Ao\u00fbt 2017<\/span>\n\n\t\t\t\t\t\t<div class=\"ha-horizontal-timeline-top-inner\">\n\t\t\t\t\t\t\t\t\t\t\t\t\t\t\t<div class=\"ha-horizontal-timeline-icon\">\n\t\t\t\t\t\t\t\t\t<svg aria-hidden=\"true\" class=\"e-font-icon-svg e-far-arrow-alt-circle-down\" viewBox=\"0 0 512 512\" xmlns=\"http:\/\/www.w3.org\/2000\/svg\"><path d=\"M256 8C119 8 8 119 8 256s111 248 248 248 248-111 248-248S393 8 256 8zm0 448c-110.5 0-200-89.5-200-200S145.5 56 256 56s200 89.5 200 200-89.5 200-200 200zm-32-316v116h-67c-10.7 0-16 12.9-8.5 20.5l99 99c4.7 4.7 12.3 4.7 17 0l99-99c7.6-7.6 2.2-20.5-8.5-20.5h-67V140c0-6.6-5.4-12-12-12h-40c-6.6 0-12 5.4-12 12z\"><\/path><\/svg>\t\t\t\t\t\t\t\t<\/div>\n\t\t\t\t\t\t\t\t\t\t\t\t\t\t<div class=\"ha-horizontal-timeline-tree\"><\/div>\n\t\t\t\t\t\t<\/div>\n\t\t\t\t\t<\/div>\n\n\t\t\t\t\t<div class=\"ha-horizontal-timeline-content\">\n\n\t\t\t\t\t\t\t\t\t\t\t\t\t<div class=\"ha-horizontal-timeline-arrow\"><\/div>\n\t\t\t\t\t\t\n\t\t\t\t\t\t<div class=\"ha-horizontal-timeline-inner\">\n\t\t\t\t\t\t\t\t\t\t\t\t\t\t\t\t\t\t\t\t\t\t\t<div class=\"ha-horizontal-timeline-image\" >\n\t\t\t\t\t\t\t\t\t<img decoding=\"async\" width=\"212\" height=\"300\" src=\"https:\/\/lioneletlesautresvictimesdelaroute.fr\/justice\/wp-content\/uploads\/2025\/06\/2-Livret-de-famille-212x300.png\" class=\"attachment-medium size-medium wp-image-51593\" alt=\"\" srcset=\"https:\/\/lioneletlesautresvictimesdelaroute.fr\/justice\/wp-content\/uploads\/2025\/06\/2-Livret-de-famille-212x300.png 212w, https:\/\/lioneletlesautresvictimesdelaroute.fr\/justice\/wp-content\/uploads\/2025\/06\/2-Livret-de-famille-724x1024.png 724w, https:\/\/lioneletlesautresvictimesdelaroute.fr\/justice\/wp-content\/uploads\/2025\/06\/2-Livret-de-famille-768x1086.png 768w, https:\/\/lioneletlesautresvictimesdelaroute.fr\/justice\/wp-content\/uploads\/2025\/06\/2-Livret-de-famille-1086x1536.png 1086w, https:\/\/lioneletlesautresvictimesdelaroute.fr\/justice\/wp-content\/uploads\/2025\/06\/2-Livret-de-famille-1449x2048.png 1449w, https:\/\/lioneletlesautresvictimesdelaroute.fr\/justice\/wp-content\/uploads\/2025\/06\/2-Livret-de-famille.png 1653w\" sizes=\"(max-width: 212px) 100vw, 212px\" \/>\t\t\t\t\t\t\t\t<\/div>\n\t\t\t\t\t\t\t\n\t\t\t\t\t\t\t<h2 class=\"ha-horizontal-timeline-title\"><a href=\"https:\/\/lioneletlesautresvictimesdelaroute.fr\/justice\/wp-content\/uploads\/2025\/06\/2-Livret-de-famille.pdf\">Livret de famille<\/a><\/h2>\n\t\t\t\t\t\t\t\t\t\t\t\t\t\t\t<span class=\"ha-horizontal-timeline-subtitle\">4 Ao\u00fbt 2017<\/span>\n\t\t\t\t\t\t\t\n\t\t\t\t\t\t\t<div class=\"ha-horizontal-timeline-description\"><p>Texte en attente<\/p><\/div>\t\t\t\t\t\t<\/div>\n\t\t\t\t\t<\/div>\n\t\t\t\t<\/div>\n\n\t\t\t\t\t\t\t<div class=\"ha-horizontal-timeline-block elementor-repeater-item-58b3eb1\">\n\t\t\t\t\t<div class=\"ha-horizontal-timeline-icon-box\">\n\n\t\t\t\t\t\t<span class=\"ha-horizontal-timeline-date\">4 Ao\u00fbt 2017<\/span>\n\n\t\t\t\t\t\t<div class=\"ha-horizontal-timeline-top-inner\">\n\t\t\t\t\t\t\t\t\t\t\t\t\t\t\t<div class=\"ha-horizontal-timeline-icon\">\n\t\t\t\t\t\t\t\t\t<svg aria-hidden=\"true\" class=\"e-font-icon-svg e-far-arrow-alt-circle-down\" viewBox=\"0 0 512 512\" xmlns=\"http:\/\/www.w3.org\/2000\/svg\"><path d=\"M256 8C119 8 8 119 8 256s111 248 248 248 248-111 248-248S393 8 256 8zm0 448c-110.5 0-200-89.5-200-200S145.5 56 256 56s200 89.5 200 200-89.5 200-200 200zm-32-316v116h-67c-10.7 0-16 12.9-8.5 20.5l99 99c4.7 4.7 12.3 4.7 17 0l99-99c7.6-7.6 2.2-20.5-8.5-20.5h-67V140c0-6.6-5.4-12-12-12h-40c-6.6 0-12 5.4-12 12z\"><\/path><\/svg>\t\t\t\t\t\t\t\t<\/div>\n\t\t\t\t\t\t\t\t\t\t\t\t\t\t<div class=\"ha-horizontal-timeline-tree\"><\/div>\n\t\t\t\t\t\t<\/div>\n\t\t\t\t\t<\/div>\n\n\t\t\t\t\t<div class=\"ha-horizontal-timeline-content\">\n\n\t\t\t\t\t\t\t\t\t\t\t\t\t<div class=\"ha-horizontal-timeline-arrow\"><\/div>\n\t\t\t\t\t\t\n\t\t\t\t\t\t<div class=\"ha-horizontal-timeline-inner\">\n\t\t\t\t\t\t\t\t\t\t\t\t\t\t\t\t\t\t\t\t\t\t\t<div class=\"ha-horizontal-timeline-image\" >\n\t\t\t\t\t\t\t\t\t<img decoding=\"async\" width=\"300\" height=\"214\" src=\"https:\/\/lioneletlesautresvictimesdelaroute.fr\/justice\/wp-content\/uploads\/2025\/06\/6-cerfa-medecin-ne-demandant-pas-dautopsie-300x214.png\" class=\"attachment-medium size-medium wp-image-51596\" alt=\"\" srcset=\"https:\/\/lioneletlesautresvictimesdelaroute.fr\/justice\/wp-content\/uploads\/2025\/06\/6-cerfa-medecin-ne-demandant-pas-dautopsie-300x214.png 300w, https:\/\/lioneletlesautresvictimesdelaroute.fr\/justice\/wp-content\/uploads\/2025\/06\/6-cerfa-medecin-ne-demandant-pas-dautopsie-1024x731.png 1024w, https:\/\/lioneletlesautresvictimesdelaroute.fr\/justice\/wp-content\/uploads\/2025\/06\/6-cerfa-medecin-ne-demandant-pas-dautopsie-768x548.png 768w, https:\/\/lioneletlesautresvictimesdelaroute.fr\/justice\/wp-content\/uploads\/2025\/06\/6-cerfa-medecin-ne-demandant-pas-dautopsie-1536x1097.png 1536w, https:\/\/lioneletlesautresvictimesdelaroute.fr\/justice\/wp-content\/uploads\/2025\/06\/6-cerfa-medecin-ne-demandant-pas-dautopsie-2048x1462.png 2048w\" sizes=\"(max-width: 300px) 100vw, 300px\" \/>\t\t\t\t\t\t\t\t<\/div>\n\t\t\t\t\t\t\t\n\t\t\t\t\t\t\t<h2 class=\"ha-horizontal-timeline-title\"><a href=\"https:\/\/lioneletlesautresvictimesdelaroute.fr\/justice\/wp-content\/uploads\/2025\/06\/6-cerfa-medecin-ne-demandant-pas-dautopsie-scaled.png\">Certificat de d\u00e9c\u00e8s<\/a><\/h2>\n\t\t\t\t\t\t\t\t\t\t\t\t\t\t\t<span class=\"ha-horizontal-timeline-subtitle\">4 Ao\u00fbt 2017<\/span>\n\t\t\t\t\t\t\t\n\t\t\t\t\t\t\t<div class=\"ha-horizontal-timeline-description\"><p>Certificat M\u00e9dical ne demandant pas d&rsquo;autopsie<\/p><\/div>\t\t\t\t\t\t<\/div>\n\t\t\t\t\t<\/div>\n\t\t\t\t<\/div>\n\n\t\t\t\t\t\t\t<div class=\"ha-horizontal-timeline-block elementor-repeater-item-60ca9d7\">\n\t\t\t\t\t<div class=\"ha-horizontal-timeline-icon-box\">\n\n\t\t\t\t\t\t<span class=\"ha-horizontal-timeline-date\">4 Ao\u00fbt 2017<\/span>\n\n\t\t\t\t\t\t<div class=\"ha-horizontal-timeline-top-inner\">\n\t\t\t\t\t\t\t\t\t\t\t\t\t\t\t<div class=\"ha-horizontal-timeline-icon\">\n\t\t\t\t\t\t\t\t\t<svg aria-hidden=\"true\" class=\"e-font-icon-svg e-far-arrow-alt-circle-down\" viewBox=\"0 0 512 512\" xmlns=\"http:\/\/www.w3.org\/2000\/svg\"><path d=\"M256 8C119 8 8 119 8 256s111 248 248 248 248-111 248-248S393 8 256 8zm0 448c-110.5 0-200-89.5-200-200S145.5 56 256 56s200 89.5 200 200-89.5 200-200 200zm-32-316v116h-67c-10.7 0-16 12.9-8.5 20.5l99 99c4.7 4.7 12.3 4.7 17 0l99-99c7.6-7.6 2.2-20.5-8.5-20.5h-67V140c0-6.6-5.4-12-12-12h-40c-6.6 0-12 5.4-12 12z\"><\/path><\/svg>\t\t\t\t\t\t\t\t<\/div>\n\t\t\t\t\t\t\t\t\t\t\t\t\t\t<div class=\"ha-horizontal-timeline-tree\"><\/div>\n\t\t\t\t\t\t<\/div>\n\t\t\t\t\t<\/div>\n\n\t\t\t\t\t<div class=\"ha-horizontal-timeline-content\">\n\n\t\t\t\t\t\t\t\t\t\t\t\t\t<div class=\"ha-horizontal-timeline-arrow\"><\/div>\n\t\t\t\t\t\t\n\t\t\t\t\t\t<div class=\"ha-horizontal-timeline-inner\">\n\t\t\t\t\t\t\t\t\t\t\t\t\t\t\t\t\t\t\t\t\t\t\t<div class=\"ha-horizontal-timeline-image\" >\n\t\t\t\t\t\t\t\t\t<img loading=\"lazy\" decoding=\"async\" width=\"217\" height=\"300\" src=\"https:\/\/lioneletlesautresvictimesdelaroute.fr\/justice\/wp-content\/uploads\/2025\/06\/TG-PERPIGNAN-Pas-de-limite-de-prelevement-217x300.png\" class=\"attachment-medium size-medium wp-image-51605\" alt=\"\" srcset=\"https:\/\/lioneletlesautresvictimesdelaroute.fr\/justice\/wp-content\/uploads\/2025\/06\/TG-PERPIGNAN-Pas-de-limite-de-prelevement-217x300.png 217w, https:\/\/lioneletlesautresvictimesdelaroute.fr\/justice\/wp-content\/uploads\/2025\/06\/TG-PERPIGNAN-Pas-de-limite-de-prelevement-739x1024.png 739w, https:\/\/lioneletlesautresvictimesdelaroute.fr\/justice\/wp-content\/uploads\/2025\/06\/TG-PERPIGNAN-Pas-de-limite-de-prelevement-768x1064.png 768w, https:\/\/lioneletlesautresvictimesdelaroute.fr\/justice\/wp-content\/uploads\/2025\/06\/TG-PERPIGNAN-Pas-de-limite-de-prelevement-1109x1536.png 1109w, https:\/\/lioneletlesautresvictimesdelaroute.fr\/justice\/wp-content\/uploads\/2025\/06\/TG-PERPIGNAN-Pas-de-limite-de-prelevement-1478x2048.png 1478w, https:\/\/lioneletlesautresvictimesdelaroute.fr\/justice\/wp-content\/uploads\/2025\/06\/TG-PERPIGNAN-Pas-de-limite-de-prelevement-scaled.png 1848w\" sizes=\"(max-width: 217px) 100vw, 217px\" \/>\t\t\t\t\t\t\t\t<\/div>\n\t\t\t\t\t\t\t\n\t\t\t\t\t\t\t<h2 class=\"ha-horizontal-timeline-title\"><a href=\"https:\/\/lioneletlesautresvictimesdelaroute.fr\/justice\/wp-content\/uploads\/2025\/06\/TG-PERPIGNAN-Pas-de-limite-de-prelevement-scaled.png\">Autopsie : Absence de limitation<\/a><\/h2>\n\t\t\t\t\t\t\t\t\t\t\t\t\t\t\t<span class=\"ha-horizontal-timeline-subtitle\">4 Ao\u00fbt 2017<\/span>\n\t\t\t\t\t\t\t\n\t\t\t\t\t\t\t<div class=\"ha-horizontal-timeline-description\"><p>Texte en attente<\/p><\/div>\t\t\t\t\t\t<\/div>\n\t\t\t\t\t<\/div>\n\t\t\t\t<\/div>\n\n\t\t\t\t\t\t\t<div class=\"ha-horizontal-timeline-block elementor-repeater-item-35cc258\">\n\t\t\t\t\t<div class=\"ha-horizontal-timeline-icon-box\">\n\n\t\t\t\t\t\t<span class=\"ha-horizontal-timeline-date\">13 Octobre 2017<\/span>\n\n\t\t\t\t\t\t<div class=\"ha-horizontal-timeline-top-inner\">\n\t\t\t\t\t\t\t\t\t\t\t\t\t\t\t<div class=\"ha-horizontal-timeline-icon\">\n\t\t\t\t\t\t\t\t\t<svg aria-hidden=\"true\" class=\"e-font-icon-svg e-far-arrow-alt-circle-down\" viewBox=\"0 0 512 512\" xmlns=\"http:\/\/www.w3.org\/2000\/svg\"><path d=\"M256 8C119 8 8 119 8 256s111 248 248 248 248-111 248-248S393 8 256 8zm0 448c-110.5 0-200-89.5-200-200S145.5 56 256 56s200 89.5 200 200-89.5 200-200 200zm-32-316v116h-67c-10.7 0-16 12.9-8.5 20.5l99 99c4.7 4.7 12.3 4.7 17 0l99-99c7.6-7.6 2.2-20.5-8.5-20.5h-67V140c0-6.6-5.4-12-12-12h-40c-6.6 0-12 5.4-12 12z\"><\/path><\/svg>\t\t\t\t\t\t\t\t<\/div>\n\t\t\t\t\t\t\t\t\t\t\t\t\t\t<div class=\"ha-horizontal-timeline-tree\"><\/div>\n\t\t\t\t\t\t<\/div>\n\t\t\t\t\t<\/div>\n\n\t\t\t\t\t<div class=\"ha-horizontal-timeline-content\">\n\n\t\t\t\t\t\t\t\t\t\t\t\t\t<div class=\"ha-horizontal-timeline-arrow\"><\/div>\n\t\t\t\t\t\t\n\t\t\t\t\t\t<div class=\"ha-horizontal-timeline-inner\">\n\t\t\t\t\t\t\t\t\t\t\t\t\t\t\t\t\t\t\t\t\t\t\t<div class=\"ha-horizontal-timeline-image\" >\n\t\t\t\t\t\t\t\t\t<img loading=\"lazy\" decoding=\"async\" width=\"216\" height=\"300\" src=\"https:\/\/lioneletlesautresvictimesdelaroute.fr\/justice\/wp-content\/uploads\/2025\/06\/Certificat-Autopsie-realisee-216x300.png\" class=\"attachment-medium size-medium wp-image-51602\" alt=\"\" srcset=\"https:\/\/lioneletlesautresvictimesdelaroute.fr\/justice\/wp-content\/uploads\/2025\/06\/Certificat-Autopsie-realisee-216x300.png 216w, https:\/\/lioneletlesautresvictimesdelaroute.fr\/justice\/wp-content\/uploads\/2025\/06\/Certificat-Autopsie-realisee-739x1024.png 739w, https:\/\/lioneletlesautresvictimesdelaroute.fr\/justice\/wp-content\/uploads\/2025\/06\/Certificat-Autopsie-realisee-768x1065.png 768w, https:\/\/lioneletlesautresvictimesdelaroute.fr\/justice\/wp-content\/uploads\/2025\/06\/Certificat-Autopsie-realisee-1108x1536.png 1108w, https:\/\/lioneletlesautresvictimesdelaroute.fr\/justice\/wp-content\/uploads\/2025\/06\/Certificat-Autopsie-realisee-1478x2048.png 1478w, https:\/\/lioneletlesautresvictimesdelaroute.fr\/justice\/wp-content\/uploads\/2025\/06\/Certificat-Autopsie-realisee-scaled.png 1847w\" sizes=\"(max-width: 216px) 100vw, 216px\" \/>\t\t\t\t\t\t\t\t<\/div>\n\t\t\t\t\t\t\t\n\t\t\t\t\t\t\t<h2 class=\"ha-horizontal-timeline-title\"><a href=\"https:\/\/lioneletlesautresvictimesdelaroute.fr\/justice\/wp-content\/uploads\/2025\/06\/5-doc-desciption-de-lautopises-scaled.jpg\">Autopsie Certificat descriptif<\/a><\/h2>\n\t\t\t\t\t\t\t\t\t\t\t\t\t\t\t<span class=\"ha-horizontal-timeline-subtitle\">13 Octobre 2017<\/span>\n\t\t\t\t\t\t\t\n\t\t\t\t\t\t\t<div class=\"ha-horizontal-timeline-description\"><p>Texte en attente<\/p><\/div>\t\t\t\t\t\t<\/div>\n\t\t\t\t\t<\/div>\n\t\t\t\t<\/div>\n\n\t\t\t\t\t\t\t<div class=\"ha-horizontal-timeline-block elementor-repeater-item-2b982dd\">\n\t\t\t\t\t<div class=\"ha-horizontal-timeline-icon-box\">\n\n\t\t\t\t\t\t<span class=\"ha-horizontal-timeline-date\">4 Ao\u00fbt 2017<\/span>\n\n\t\t\t\t\t\t<div class=\"ha-horizontal-timeline-top-inner\">\n\t\t\t\t\t\t\t\t\t\t\t\t\t\t\t<div class=\"ha-horizontal-timeline-icon\">\n\t\t\t\t\t\t\t\t\t<svg aria-hidden=\"true\" class=\"e-font-icon-svg e-far-arrow-alt-circle-down\" viewBox=\"0 0 512 512\" xmlns=\"http:\/\/www.w3.org\/2000\/svg\"><path d=\"M256 8C119 8 8 119 8 256s111 248 248 248 248-111 248-248S393 8 256 8zm0 448c-110.5 0-200-89.5-200-200S145.5 56 256 56s200 89.5 200 200-89.5 200-200 200zm-32-316v116h-67c-10.7 0-16 12.9-8.5 20.5l99 99c4.7 4.7 12.3 4.7 17 0l99-99c7.6-7.6 2.2-20.5-8.5-20.5h-67V140c0-6.6-5.4-12-12-12h-40c-6.6 0-12 5.4-12 12z\"><\/path><\/svg>\t\t\t\t\t\t\t\t<\/div>\n\t\t\t\t\t\t\t\t\t\t\t\t\t\t<div class=\"ha-horizontal-timeline-tree\"><\/div>\n\t\t\t\t\t\t<\/div>\n\t\t\t\t\t<\/div>\n\n\t\t\t\t\t<div class=\"ha-horizontal-timeline-content\">\n\n\t\t\t\t\t\t\t\t\t\t\t\t\t<div class=\"ha-horizontal-timeline-arrow\"><\/div>\n\t\t\t\t\t\t\n\t\t\t\t\t\t<div class=\"ha-horizontal-timeline-inner\">\n\t\t\t\t\t\t\t\t\t\t\t\t\t\t\t\t\t\t\t\t\t\t\t<div class=\"ha-horizontal-timeline-image\" >\n\t\t\t\t\t\t\t\t\t<img loading=\"lazy\" decoding=\"async\" width=\"210\" height=\"300\" src=\"https:\/\/lioneletlesautresvictimesdelaroute.fr\/justice\/wp-content\/uploads\/2025\/06\/4-organes-sous-selees-210x300.png\" class=\"attachment-medium size-medium wp-image-51595\" alt=\"\" srcset=\"https:\/\/lioneletlesautresvictimesdelaroute.fr\/justice\/wp-content\/uploads\/2025\/06\/4-organes-sous-selees-210x300.png 210w, https:\/\/lioneletlesautresvictimesdelaroute.fr\/justice\/wp-content\/uploads\/2025\/06\/4-organes-sous-selees-717x1024.png 717w, https:\/\/lioneletlesautresvictimesdelaroute.fr\/justice\/wp-content\/uploads\/2025\/06\/4-organes-sous-selees-768x1097.png 768w, https:\/\/lioneletlesautresvictimesdelaroute.fr\/justice\/wp-content\/uploads\/2025\/06\/4-organes-sous-selees-1076x1536.png 1076w, https:\/\/lioneletlesautresvictimesdelaroute.fr\/justice\/wp-content\/uploads\/2025\/06\/4-organes-sous-selees-1434x2048.png 1434w, https:\/\/lioneletlesautresvictimesdelaroute.fr\/justice\/wp-content\/uploads\/2025\/06\/4-organes-sous-selees-scaled.png 1793w\" sizes=\"(max-width: 210px) 100vw, 210px\" \/>\t\t\t\t\t\t\t\t<\/div>\n\t\t\t\t\t\t\t\n\t\t\t\t\t\t\t<h2 class=\"ha-horizontal-timeline-title\"><a href=\"https:\/\/lioneletlesautresvictimesdelaroute.fr\/justice\/wp-content\/uploads\/2025\/06\/4-organes-sous-selees.pdf\">Organes sous sc\u00e9l\u00e9s<\/a><\/h2>\n\t\t\t\t\t\t\t\t\t\t\t\t\t\t\t<span class=\"ha-horizontal-timeline-subtitle\">4 Ao\u00fbt 2017<\/span>\n\t\t\t\t\t\t\t\n\t\t\t\t\t\t\t<div class=\"ha-horizontal-timeline-description\"><p>Texte en attente<\/p><\/div>\t\t\t\t\t\t<\/div>\n\t\t\t\t\t<\/div>\n\t\t\t\t<\/div>\n\n\t\t\t\t\t\t\t<div class=\"ha-horizontal-timeline-block elementor-repeater-item-369ec6e\">\n\t\t\t\t\t<div class=\"ha-horizontal-timeline-icon-box\">\n\n\t\t\t\t\t\t<span class=\"ha-horizontal-timeline-date\">15 Janvier 2021<\/span>\n\n\t\t\t\t\t\t<div class=\"ha-horizontal-timeline-top-inner\">\n\t\t\t\t\t\t\t\t\t\t\t\t\t\t\t<div class=\"ha-horizontal-timeline-icon\">\n\t\t\t\t\t\t\t\t\t<svg aria-hidden=\"true\" class=\"e-font-icon-svg e-far-arrow-alt-circle-down\" viewBox=\"0 0 512 512\" xmlns=\"http:\/\/www.w3.org\/2000\/svg\"><path d=\"M256 8C119 8 8 119 8 256s111 248 248 248 248-111 248-248S393 8 256 8zm0 448c-110.5 0-200-89.5-200-200S145.5 56 256 56s200 89.5 200 200-89.5 200-200 200zm-32-316v116h-67c-10.7 0-16 12.9-8.5 20.5l99 99c4.7 4.7 12.3 4.7 17 0l99-99c7.6-7.6 2.2-20.5-8.5-20.5h-67V140c0-6.6-5.4-12-12-12h-40c-6.6 0-12 5.4-12 12z\"><\/path><\/svg>\t\t\t\t\t\t\t\t<\/div>\n\t\t\t\t\t\t\t\t\t\t\t\t\t\t<div class=\"ha-horizontal-timeline-tree\"><\/div>\n\t\t\t\t\t\t<\/div>\n\t\t\t\t\t<\/div>\n\n\t\t\t\t\t<div class=\"ha-horizontal-timeline-content\">\n\n\t\t\t\t\t\t\t\t\t\t\t\t\t<div class=\"ha-horizontal-timeline-arrow\"><\/div>\n\t\t\t\t\t\t\n\t\t\t\t\t\t<div class=\"ha-horizontal-timeline-inner\">\n\t\t\t\t\t\t\t\t\t\t\t\t\t\t\t\t\t\t\t\t\t\t\t<div class=\"ha-horizontal-timeline-image\" >\n\t\t\t\t\t\t\t\t\t<img loading=\"lazy\" decoding=\"async\" width=\"218\" height=\"300\" src=\"https:\/\/lioneletlesautresvictimesdelaroute.fr\/justice\/wp-content\/uploads\/2025\/06\/Institut-Medico-Legal-non-restitution-218x300.png\" class=\"attachment-medium size-medium wp-image-51603\" alt=\"\" srcset=\"https:\/\/lioneletlesautresvictimesdelaroute.fr\/justice\/wp-content\/uploads\/2025\/06\/Institut-Medico-Legal-non-restitution-218x300.png 218w, https:\/\/lioneletlesautresvictimesdelaroute.fr\/justice\/wp-content\/uploads\/2025\/06\/Institut-Medico-Legal-non-restitution-746x1024.png 746w, https:\/\/lioneletlesautresvictimesdelaroute.fr\/justice\/wp-content\/uploads\/2025\/06\/Institut-Medico-Legal-non-restitution-768x1054.png 768w, https:\/\/lioneletlesautresvictimesdelaroute.fr\/justice\/wp-content\/uploads\/2025\/06\/Institut-Medico-Legal-non-restitution-1119x1536.png 1119w, https:\/\/lioneletlesautresvictimesdelaroute.fr\/justice\/wp-content\/uploads\/2025\/06\/Institut-Medico-Legal-non-restitution-1492x2048.png 1492w, https:\/\/lioneletlesautresvictimesdelaroute.fr\/justice\/wp-content\/uploads\/2025\/06\/Institut-Medico-Legal-non-restitution-scaled.png 1864w\" sizes=\"(max-width: 218px) 100vw, 218px\" \/>\t\t\t\t\t\t\t\t<\/div>\n\t\t\t\t\t\t\t\n\t\t\t\t\t\t\t<h2 class=\"ha-horizontal-timeline-title\"><a href=\"https:\/\/lioneletlesautresvictimesdelaroute.fr\/justice\/wp-content\/uploads\/2025\/06\/10-1-non-restitution.pdf\">R\u00e9ponse Institut M\u00e9dico L\u00e9gal<\/a><\/h2>\n\t\t\t\t\t\t\t\t\t\t\t\t\t\t\t<span class=\"ha-horizontal-timeline-subtitle\">15 Janvier 2021<\/span>\n\t\t\t\t\t\t\t\n\t\t\t\t\t\t\t<div class=\"ha-horizontal-timeline-description\"><p>Texte en attente<\/p><\/div>\t\t\t\t\t\t<\/div>\n\t\t\t\t\t<\/div>\n\t\t\t\t<\/div>\n\n\t\t\t\t\t\t\t<div class=\"ha-horizontal-timeline-block elementor-repeater-item-694a935\">\n\t\t\t\t\t<div class=\"ha-horizontal-timeline-icon-box\">\n\n\t\t\t\t\t\t<span class=\"ha-horizontal-timeline-date\">18 Avril 2018<\/span>\n\n\t\t\t\t\t\t<div class=\"ha-horizontal-timeline-top-inner\">\n\t\t\t\t\t\t\t\t\t\t\t\t\t\t\t<div class=\"ha-horizontal-timeline-icon\">\n\t\t\t\t\t\t\t\t\t<svg aria-hidden=\"true\" class=\"e-font-icon-svg e-far-arrow-alt-circle-down\" viewBox=\"0 0 512 512\" xmlns=\"http:\/\/www.w3.org\/2000\/svg\"><path d=\"M256 8C119 8 8 119 8 256s111 248 248 248 248-111 248-248S393 8 256 8zm0 448c-110.5 0-200-89.5-200-200S145.5 56 256 56s200 89.5 200 200-89.5 200-200 200zm-32-316v116h-67c-10.7 0-16 12.9-8.5 20.5l99 99c4.7 4.7 12.3 4.7 17 0l99-99c7.6-7.6 2.2-20.5-8.5-20.5h-67V140c0-6.6-5.4-12-12-12h-40c-6.6 0-12 5.4-12 12z\"><\/path><\/svg>\t\t\t\t\t\t\t\t<\/div>\n\t\t\t\t\t\t\t\t\t\t\t\t\t\t<div class=\"ha-horizontal-timeline-tree\"><\/div>\n\t\t\t\t\t\t<\/div>\n\t\t\t\t\t<\/div>\n\n\t\t\t\t\t<div class=\"ha-horizontal-timeline-content\">\n\n\t\t\t\t\t\t\t\t\t\t\t\t\t<div class=\"ha-horizontal-timeline-arrow\"><\/div>\n\t\t\t\t\t\t\n\t\t\t\t\t\t<div class=\"ha-horizontal-timeline-inner\">\n\t\t\t\t\t\t\t\t\t\t\t\t\t\t\t\t\t\t\t\t\t\t\t<div class=\"ha-horizontal-timeline-image\" >\n\t\t\t\t\t\t\t\t\t<img loading=\"lazy\" decoding=\"async\" width=\"212\" height=\"300\" src=\"https:\/\/lioneletlesautresvictimesdelaroute.fr\/justice\/wp-content\/uploads\/2025\/06\/3-Convocation-proces-212x300.png\" class=\"attachment-medium size-medium wp-image-51594\" alt=\"\" srcset=\"https:\/\/lioneletlesautresvictimesdelaroute.fr\/justice\/wp-content\/uploads\/2025\/06\/3-Convocation-proces-212x300.png 212w, https:\/\/lioneletlesautresvictimesdelaroute.fr\/justice\/wp-content\/uploads\/2025\/06\/3-Convocation-proces-724x1024.png 724w, https:\/\/lioneletlesautresvictimesdelaroute.fr\/justice\/wp-content\/uploads\/2025\/06\/3-Convocation-proces-768x1086.png 768w, https:\/\/lioneletlesautresvictimesdelaroute.fr\/justice\/wp-content\/uploads\/2025\/06\/3-Convocation-proces.png 793w\" sizes=\"(max-width: 212px) 100vw, 212px\" \/>\t\t\t\t\t\t\t\t<\/div>\n\t\t\t\t\t\t\t\n\t\t\t\t\t\t\t<h2 class=\"ha-horizontal-timeline-title\"><a href=\"https:\/\/lioneletlesautresvictimesdelaroute.fr\/justice\/wp-content\/uploads\/2025\/06\/3-Convocation-proces.pdf\">Convocation proc\u00e8s<\/a><\/h2>\n\t\t\t\t\t\t\t\t\t\t\t\t\t\t\t<span class=\"ha-horizontal-timeline-subtitle\">18 Avril 2018<\/span>\n\t\t\t\t\t\t\t\n\t\t\t\t\t\t\t<div class=\"ha-horizontal-timeline-description\"><p>Texte en attente<\/p><\/div>\t\t\t\t\t\t<\/div>\n\t\t\t\t\t<\/div>\n\t\t\t\t<\/div>\n\n\t\t\t\t\t\t\t<div class=\"ha-horizontal-timeline-block elementor-repeater-item-8ef90bf\">\n\t\t\t\t\t<div class=\"ha-horizontal-timeline-icon-box\">\n\n\t\t\t\t\t\t<span class=\"ha-horizontal-timeline-date\">28 Janvier 2021<\/span>\n\n\t\t\t\t\t\t<div class=\"ha-horizontal-timeline-top-inner\">\n\t\t\t\t\t\t\t\t\t\t\t\t\t\t\t<div class=\"ha-horizontal-timeline-icon\">\n\t\t\t\t\t\t\t\t\t<svg aria-hidden=\"true\" class=\"e-font-icon-svg e-far-arrow-alt-circle-up\" viewBox=\"0 0 512 512\" xmlns=\"http:\/\/www.w3.org\/2000\/svg\"><path d=\"M256 504c137 0 248-111 248-248S393 8 256 8 8 119 8 256s111 248 248 248zm0-448c110.5 0 200 89.5 200 200s-89.5 200-200 200S56 366.5 56 256 145.5 56 256 56zm20 328h-40c-6.6 0-12-5.4-12-12V256h-67c-10.7 0-16-12.9-8.5-20.5l99-99c4.7-4.7 12.3-4.7 17 0l99 99c7.6 7.6 2.2 20.5-8.5 20.5h-67v116c0 6.6-5.4 12-12 12z\"><\/path><\/svg>\t\t\t\t\t\t\t\t<\/div>\n\t\t\t\t\t\t\t\t\t\t\t\t\t\t<div class=\"ha-horizontal-timeline-tree\"><\/div>\n\t\t\t\t\t\t<\/div>\n\t\t\t\t\t<\/div>\n\n\t\t\t\t\t<div class=\"ha-horizontal-timeline-content\">\n\n\t\t\t\t\t\t\t\t\t\t\t\t\t<div class=\"ha-horizontal-timeline-arrow\"><\/div>\n\t\t\t\t\t\t\n\t\t\t\t\t\t<div class=\"ha-horizontal-timeline-inner\">\n\t\t\t\t\t\t\t\t\t\t\t\t\t\t\t\t\t\t\t\t\t\t\t<div class=\"ha-horizontal-timeline-image\" >\n\t\t\t\t\t\t\t\t\t<img loading=\"lazy\" decoding=\"async\" width=\"212\" height=\"300\" src=\"https:\/\/lioneletlesautresvictimesdelaroute.fr\/justice\/wp-content\/uploads\/2025\/06\/8-depot-de-plainte-gendarmerie-page-1-212x300.png\" class=\"attachment-medium size-medium wp-image-51597\" alt=\"\" srcset=\"https:\/\/lioneletlesautresvictimesdelaroute.fr\/justice\/wp-content\/uploads\/2025\/06\/8-depot-de-plainte-gendarmerie-page-1-212x300.png 212w, https:\/\/lioneletlesautresvictimesdelaroute.fr\/justice\/wp-content\/uploads\/2025\/06\/8-depot-de-plainte-gendarmerie-page-1-724x1024.png 724w, https:\/\/lioneletlesautresvictimesdelaroute.fr\/justice\/wp-content\/uploads\/2025\/06\/8-depot-de-plainte-gendarmerie-page-1-768x1086.png 768w, https:\/\/lioneletlesautresvictimesdelaroute.fr\/justice\/wp-content\/uploads\/2025\/06\/8-depot-de-plainte-gendarmerie-page-1-1086x1536.png 1086w, https:\/\/lioneletlesautresvictimesdelaroute.fr\/justice\/wp-content\/uploads\/2025\/06\/8-depot-de-plainte-gendarmerie-page-1-1448x2048.png 1448w, https:\/\/lioneletlesautresvictimesdelaroute.fr\/justice\/wp-content\/uploads\/2025\/06\/8-depot-de-plainte-gendarmerie-page-1-scaled.png 1810w\" sizes=\"(max-width: 212px) 100vw, 212px\" \/>\t\t\t\t\t\t\t\t<\/div>\n\t\t\t\t\t\t\t\n\t\t\t\t\t\t\t<h2 class=\"ha-horizontal-timeline-title\"><a href=\"https:\/\/lioneletlesautresvictimesdelaroute.fr\/justice\/wp-content\/uploads\/2025\/06\/8-depot-de-plainte-gendarmerie-page-1.pdf\">Plainte Gendarmerie page 1<\/a><\/h2>\n\t\t\t\t\t\t\t\t\t\t\t\t\t\t\t<span class=\"ha-horizontal-timeline-subtitle\">28 Janvier 2021<\/span>\n\t\t\t\t\t\t\t\n\t\t\t\t\t\t\t<div class=\"ha-horizontal-timeline-description\"><p>Plainte contre Madame \u00c9todie BATAILLE Vice Pr\u00e9sident charg\u00e9 de l&rsquo;instruction au TGI de PERPIGNAN<\/p><\/div>\t\t\t\t\t\t<\/div>\n\t\t\t\t\t<\/div>\n\t\t\t\t<\/div>\n\n\t\t\t\t\t\t\t<div class=\"ha-horizontal-timeline-block elementor-repeater-item-91cea63\">\n\t\t\t\t\t<div class=\"ha-horizontal-timeline-icon-box\">\n\n\t\t\t\t\t\t<span class=\"ha-horizontal-timeline-date\">28 janvier 2021<\/span>\n\n\t\t\t\t\t\t<div class=\"ha-horizontal-timeline-top-inner\">\n\t\t\t\t\t\t\t\t\t\t\t\t\t\t\t<div class=\"ha-horizontal-timeline-icon\">\n\t\t\t\t\t\t\t\t\t<svg aria-hidden=\"true\" class=\"e-font-icon-svg e-far-arrow-alt-circle-up\" viewBox=\"0 0 512 512\" xmlns=\"http:\/\/www.w3.org\/2000\/svg\"><path d=\"M256 504c137 0 248-111 248-248S393 8 256 8 8 119 8 256s111 248 248 248zm0-448c110.5 0 200 89.5 200 200s-89.5 200-200 200S56 366.5 56 256 145.5 56 256 56zm20 328h-40c-6.6 0-12-5.4-12-12V256h-67c-10.7 0-16-12.9-8.5-20.5l99-99c4.7-4.7 12.3-4.7 17 0l99 99c7.6 7.6 2.2 20.5-8.5 20.5h-67v116c0 6.6-5.4 12-12 12z\"><\/path><\/svg>\t\t\t\t\t\t\t\t<\/div>\n\t\t\t\t\t\t\t\t\t\t\t\t\t\t<div class=\"ha-horizontal-timeline-tree\"><\/div>\n\t\t\t\t\t\t<\/div>\n\t\t\t\t\t<\/div>\n\n\t\t\t\t\t<div class=\"ha-horizontal-timeline-content\">\n\n\t\t\t\t\t\t\t\t\t\t\t\t\t<div class=\"ha-horizontal-timeline-arrow\"><\/div>\n\t\t\t\t\t\t\n\t\t\t\t\t\t<div class=\"ha-horizontal-timeline-inner\">\n\t\t\t\t\t\t\t\t\t\t\t\t\t\t\t\t\t\t\t\t\t\t\t<div class=\"ha-horizontal-timeline-image\" >\n\t\t\t\t\t\t\t\t\t<img loading=\"lazy\" decoding=\"async\" width=\"212\" height=\"300\" src=\"https:\/\/lioneletlesautresvictimesdelaroute.fr\/justice\/wp-content\/uploads\/2025\/06\/Painte-Gendarmerie-page-2-212x300.png\" class=\"attachment-medium size-medium wp-image-51604\" alt=\"\" srcset=\"https:\/\/lioneletlesautresvictimesdelaroute.fr\/justice\/wp-content\/uploads\/2025\/06\/Painte-Gendarmerie-page-2-212x300.png 212w, https:\/\/lioneletlesautresvictimesdelaroute.fr\/justice\/wp-content\/uploads\/2025\/06\/Painte-Gendarmerie-page-2-724x1024.png 724w, https:\/\/lioneletlesautresvictimesdelaroute.fr\/justice\/wp-content\/uploads\/2025\/06\/Painte-Gendarmerie-page-2-768x1086.png 768w, https:\/\/lioneletlesautresvictimesdelaroute.fr\/justice\/wp-content\/uploads\/2025\/06\/Painte-Gendarmerie-page-2-1086x1536.png 1086w, https:\/\/lioneletlesautresvictimesdelaroute.fr\/justice\/wp-content\/uploads\/2025\/06\/Painte-Gendarmerie-page-2-1448x2048.png 1448w, https:\/\/lioneletlesautresvictimesdelaroute.fr\/justice\/wp-content\/uploads\/2025\/06\/Painte-Gendarmerie-page-2-scaled.png 1810w\" sizes=\"(max-width: 212px) 100vw, 212px\" \/>\t\t\t\t\t\t\t\t<\/div>\n\t\t\t\t\t\t\t\n\t\t\t\t\t\t\t<h2 class=\"ha-horizontal-timeline-title\"><a href=\"https:\/\/lioneletlesautresvictimesdelaroute.fr\/justice\/wp-content\/uploads\/2025\/06\/8-suite-depot-de-plainte-gendarmerie-page-2.pdf\">Plainte Gendarmerie page 2<\/a><\/h2>\n\t\t\t\t\t\t\t\t\t\t\t\t\t\t\t<span class=\"ha-horizontal-timeline-subtitle\">28 Janvier 2021<\/span>\n\t\t\t\t\t\t\t\n\t\t\t\t\t\t\t<div class=\"ha-horizontal-timeline-description\"><p>Texte en attente<\/p><\/div>\t\t\t\t\t\t<\/div>\n\t\t\t\t\t<\/div>\n\t\t\t\t<\/div>\n\n\t\t\t\t\t\t\t<div class=\"ha-horizontal-timeline-block elementor-repeater-item-4e7bff6\">\n\t\t\t\t\t<div class=\"ha-horizontal-timeline-icon-box\">\n\n\t\t\t\t\t\t<span class=\"ha-horizontal-timeline-date\">20 Octobre 2020<\/span>\n\n\t\t\t\t\t\t<div class=\"ha-horizontal-timeline-top-inner\">\n\t\t\t\t\t\t\t\t\t\t\t\t\t\t\t<div class=\"ha-horizontal-timeline-icon\">\n\t\t\t\t\t\t\t\t\t<svg aria-hidden=\"true\" class=\"e-font-icon-svg e-far-arrow-alt-circle-up\" viewBox=\"0 0 512 512\" xmlns=\"http:\/\/www.w3.org\/2000\/svg\"><path d=\"M256 504c137 0 248-111 248-248S393 8 256 8 8 119 8 256s111 248 248 248zm0-448c110.5 0 200 89.5 200 200s-89.5 200-200 200S56 366.5 56 256 145.5 56 256 56zm20 328h-40c-6.6 0-12-5.4-12-12V256h-67c-10.7 0-16-12.9-8.5-20.5l99-99c4.7-4.7 12.3-4.7 17 0l99 99c7.6 7.6 2.2 20.5-8.5 20.5h-67v116c0 6.6-5.4 12-12 12z\"><\/path><\/svg>\t\t\t\t\t\t\t\t<\/div>\n\t\t\t\t\t\t\t\t\t\t\t\t\t\t<div class=\"ha-horizontal-timeline-tree\"><\/div>\n\t\t\t\t\t\t<\/div>\n\t\t\t\t\t<\/div>\n\n\t\t\t\t\t<div class=\"ha-horizontal-timeline-content\">\n\n\t\t\t\t\t\t\t\t\t\t\t\t\t<div class=\"ha-horizontal-timeline-arrow\"><\/div>\n\t\t\t\t\t\t\n\t\t\t\t\t\t<div class=\"ha-horizontal-timeline-inner\">\n\t\t\t\t\t\t\t\t\t\t\t\t\t\t\t\t\t\t\t\t\t\t\t<div class=\"ha-horizontal-timeline-image\" >\n\t\t\t\t\t\t\t\t\t<img loading=\"lazy\" decoding=\"async\" width=\"212\" height=\"300\" src=\"https:\/\/lioneletlesautresvictimesdelaroute.fr\/justice\/wp-content\/uploads\/2025\/06\/9-Ordre-des-medecins-212x300.png\" class=\"attachment-medium size-medium wp-image-51598\" alt=\"\" srcset=\"https:\/\/lioneletlesautresvictimesdelaroute.fr\/justice\/wp-content\/uploads\/2025\/06\/9-Ordre-des-medecins-212x300.png 212w, https:\/\/lioneletlesautresvictimesdelaroute.fr\/justice\/wp-content\/uploads\/2025\/06\/9-Ordre-des-medecins-724x1024.png 724w, https:\/\/lioneletlesautresvictimesdelaroute.fr\/justice\/wp-content\/uploads\/2025\/06\/9-Ordre-des-medecins-768x1086.png 768w, https:\/\/lioneletlesautresvictimesdelaroute.fr\/justice\/wp-content\/uploads\/2025\/06\/9-Ordre-des-medecins-1087x1536.png 1087w, https:\/\/lioneletlesautresvictimesdelaroute.fr\/justice\/wp-content\/uploads\/2025\/06\/9-Ordre-des-medecins-1449x2048.png 1449w, https:\/\/lioneletlesautresvictimesdelaroute.fr\/justice\/wp-content\/uploads\/2025\/06\/9-Ordre-des-medecins-scaled.png 1811w\" sizes=\"(max-width: 212px) 100vw, 212px\" \/>\t\t\t\t\t\t\t\t<\/div>\n\t\t\t\t\t\t\t\n\t\t\t\t\t\t\t<h2 class=\"ha-horizontal-timeline-title\"><a href=\"https:\/\/lioneletlesautresvictimesdelaroute.fr\/justice\/wp-content\/uploads\/2025\/06\/9-Ordre-des-medecins.pdf\">Envoi courrier  Ordre des m\u00e9decins<\/a><\/h2>\n\t\t\t\t\t\t\t\t\t\t\t\t\t\t\t<span class=\"ha-horizontal-timeline-subtitle\">20 Octobre 2020<\/span>\n\t\t\t\t\t\t\t\n\t\t\t\t\t\t\t<div class=\"ha-horizontal-timeline-description\"><p>Texte en attente<\/p><\/div>\t\t\t\t\t\t<\/div>\n\t\t\t\t\t<\/div>\n\t\t\t\t<\/div>\n\n\t\t\t\t\t\t\t<div class=\"ha-horizontal-timeline-block elementor-repeater-item-2786b73\">\n\t\t\t\t\t<div class=\"ha-horizontal-timeline-icon-box\">\n\n\t\t\t\t\t\t<span class=\"ha-horizontal-timeline-date\">10 F\u00e9vrier 2021<\/span>\n\n\t\t\t\t\t\t<div class=\"ha-horizontal-timeline-top-inner\">\n\t\t\t\t\t\t\t\t\t\t\t\t\t\t\t<div class=\"ha-horizontal-timeline-icon\">\n\t\t\t\t\t\t\t\t\t<svg aria-hidden=\"true\" class=\"e-font-icon-svg e-far-arrow-alt-circle-down\" viewBox=\"0 0 512 512\" xmlns=\"http:\/\/www.w3.org\/2000\/svg\"><path d=\"M256 8C119 8 8 119 8 256s111 248 248 248 248-111 248-248S393 8 256 8zm0 448c-110.5 0-200-89.5-200-200S145.5 56 256 56s200 89.5 200 200-89.5 200-200 200zm-32-316v116h-67c-10.7 0-16 12.9-8.5 20.5l99 99c4.7 4.7 12.3 4.7 17 0l99-99c7.6-7.6 2.2-20.5-8.5-20.5h-67V140c0-6.6-5.4-12-12-12h-40c-6.6 0-12 5.4-12 12z\"><\/path><\/svg>\t\t\t\t\t\t\t\t<\/div>\n\t\t\t\t\t\t\t\t\t\t\t\t\t\t<div class=\"ha-horizontal-timeline-tree\"><\/div>\n\t\t\t\t\t\t<\/div>\n\t\t\t\t\t<\/div>\n\n\t\t\t\t\t<div class=\"ha-horizontal-timeline-content\">\n\n\t\t\t\t\t\t\t\t\t\t\t\t\t<div class=\"ha-horizontal-timeline-arrow\"><\/div>\n\t\t\t\t\t\t\n\t\t\t\t\t\t<div class=\"ha-horizontal-timeline-inner\">\n\t\t\t\t\t\t\t\t\t\t\t\t\t\t\t\t\t\t\t\t\t\t\t<div class=\"ha-horizontal-timeline-image\" >\n\t\t\t\t\t\t\t\t\t<img loading=\"lazy\" decoding=\"async\" width=\"212\" height=\"300\" src=\"https:\/\/lioneletlesautresvictimesdelaroute.fr\/justice\/wp-content\/uploads\/2025\/06\/10-courrier-IML-212x300.png\" class=\"attachment-medium size-medium wp-image-51599\" alt=\"\" srcset=\"https:\/\/lioneletlesautresvictimesdelaroute.fr\/justice\/wp-content\/uploads\/2025\/06\/10-courrier-IML-212x300.png 212w, https:\/\/lioneletlesautresvictimesdelaroute.fr\/justice\/wp-content\/uploads\/2025\/06\/10-courrier-IML-724x1024.png 724w, https:\/\/lioneletlesautresvictimesdelaroute.fr\/justice\/wp-content\/uploads\/2025\/06\/10-courrier-IML-768x1086.png 768w, https:\/\/lioneletlesautresvictimesdelaroute.fr\/justice\/wp-content\/uploads\/2025\/06\/10-courrier-IML-1086x1536.png 1086w, https:\/\/lioneletlesautresvictimesdelaroute.fr\/justice\/wp-content\/uploads\/2025\/06\/10-courrier-IML-1448x2048.png 1448w, https:\/\/lioneletlesautresvictimesdelaroute.fr\/justice\/wp-content\/uploads\/2025\/06\/10-courrier-IML-scaled.png 1810w\" sizes=\"(max-width: 212px) 100vw, 212px\" \/>\t\t\t\t\t\t\t\t<\/div>\n\t\t\t\t\t\t\t\n\t\t\t\t\t\t\t<h2 class=\"ha-horizontal-timeline-title\"><a href=\"https:\/\/lioneletlesautresvictimesdelaroute.fr\/justice\/wp-content\/uploads\/2025\/06\/10-courrier-IML.pdf\">R\u00e9ponse Institut M\u00e9dico L\u00e9gal<\/a><\/h2>\n\t\t\t\t\t\t\t\t\t\t\t\t\t\t\t<span class=\"ha-horizontal-timeline-subtitle\">10 F\u00e9vrier 2021<\/span>\n\t\t\t\t\t\t\t\n\t\t\t\t\t\t\t<div class=\"ha-horizontal-timeline-description\"><p>Texte en attente<\/p><\/div>\t\t\t\t\t\t<\/div>\n\t\t\t\t\t<\/div>\n\t\t\t\t<\/div>\n\n\t\t\t\t\t\t\t<div class=\"ha-horizontal-timeline-block elementor-repeater-item-98dfcd0\">\n\t\t\t\t\t<div class=\"ha-horizontal-timeline-icon-box\">\n\n\t\t\t\t\t\t<span class=\"ha-horizontal-timeline-date\">27 F\u00e9vrier 2024<\/span>\n\n\t\t\t\t\t\t<div class=\"ha-horizontal-timeline-top-inner\">\n\t\t\t\t\t\t\t\t\t\t\t\t\t\t\t<div class=\"ha-horizontal-timeline-icon\">\n\t\t\t\t\t\t\t\t\t<svg aria-hidden=\"true\" class=\"e-font-icon-svg e-far-arrow-alt-circle-down\" viewBox=\"0 0 512 512\" xmlns=\"http:\/\/www.w3.org\/2000\/svg\"><path d=\"M256 8C119 8 8 119 8 256s111 248 248 248 248-111 248-248S393 8 256 8zm0 448c-110.5 0-200-89.5-200-200S145.5 56 256 56s200 89.5 200 200-89.5 200-200 200zm-32-316v116h-67c-10.7 0-16 12.9-8.5 20.5l99 99c4.7 4.7 12.3 4.7 17 0l99-99c7.6-7.6 2.2-20.5-8.5-20.5h-67V140c0-6.6-5.4-12-12-12h-40c-6.6 0-12 5.4-12 12z\"><\/path><\/svg>\t\t\t\t\t\t\t\t<\/div>\n\t\t\t\t\t\t\t\t\t\t\t\t\t\t<div class=\"ha-horizontal-timeline-tree\"><\/div>\n\t\t\t\t\t\t<\/div>\n\t\t\t\t\t<\/div>\n\n\t\t\t\t\t<div class=\"ha-horizontal-timeline-content\">\n\n\t\t\t\t\t\t\t\t\t\t\t\t\t<div class=\"ha-horizontal-timeline-arrow\"><\/div>\n\t\t\t\t\t\t\n\t\t\t\t\t\t<div class=\"ha-horizontal-timeline-inner\">\n\t\t\t\t\t\t\t\t\t\t\t\t\t\t\t\t\t\t\t\t\t\t\t<div class=\"ha-horizontal-timeline-image\" >\n\t\t\t\t\t\t\t\t\t<img loading=\"lazy\" decoding=\"async\" width=\"212\" height=\"300\" src=\"https:\/\/lioneletlesautresvictimesdelaroute.fr\/justice\/wp-content\/uploads\/2025\/06\/11-Cabrolier-212x300.png\" class=\"attachment-medium size-medium wp-image-51600\" alt=\"\" srcset=\"https:\/\/lioneletlesautresvictimesdelaroute.fr\/justice\/wp-content\/uploads\/2025\/06\/11-Cabrolier-212x300.png 212w, https:\/\/lioneletlesautresvictimesdelaroute.fr\/justice\/wp-content\/uploads\/2025\/06\/11-Cabrolier-724x1024.png 724w, https:\/\/lioneletlesautresvictimesdelaroute.fr\/justice\/wp-content\/uploads\/2025\/06\/11-Cabrolier-768x1086.png 768w, https:\/\/lioneletlesautresvictimesdelaroute.fr\/justice\/wp-content\/uploads\/2025\/06\/11-Cabrolier.png 802w\" sizes=\"(max-width: 212px) 100vw, 212px\" \/>\t\t\t\t\t\t\t\t<\/div>\n\t\t\t\t\t\t\t\n\t\t\t\t\t\t\t<h2 class=\"ha-horizontal-timeline-title\"><a href=\"https:\/\/lioneletlesautresvictimesdelaroute.fr\/justice\/wp-content\/uploads\/2025\/06\/11-Cabrolier.png\">R\u00e9ception courrier D\u00e9put\u00e9 CABROLIER<\/a><\/h2>\n\t\t\t\t\t\t\t\t\t\t\t\t\t\t\t<span class=\"ha-horizontal-timeline-subtitle\">27 F\u00e9vrier 2024<\/span>\n\t\t\t\t\t\t\t\n\t\t\t\t\t\t\t<div class=\"ha-horizontal-timeline-description\"><p>Texte en attente<\/p><\/div>\t\t\t\t\t\t<\/div>\n\t\t\t\t\t<\/div>\n\t\t\t\t<\/div>\n\n\t\t\t\t\t\t\t<div class=\"ha-horizontal-timeline-block elementor-repeater-item-e4b3d4f\">\n\t\t\t\t\t<div class=\"ha-horizontal-timeline-icon-box\">\n\n\t\t\t\t\t\t<span class=\"ha-horizontal-timeline-date\">10 Juin 2025<\/span>\n\n\t\t\t\t\t\t<div class=\"ha-horizontal-timeline-top-inner\">\n\t\t\t\t\t\t\t\t\t\t\t\t\t\t\t<div class=\"ha-horizontal-timeline-icon\">\n\t\t\t\t\t\t\t\t\t<svg aria-hidden=\"true\" class=\"e-font-icon-svg e-far-arrow-alt-circle-up\" viewBox=\"0 0 512 512\" xmlns=\"http:\/\/www.w3.org\/2000\/svg\"><path d=\"M256 504c137 0 248-111 248-248S393 8 256 8 8 119 8 256s111 248 248 248zm0-448c110.5 0 200 89.5 200 200s-89.5 200-200 200S56 366.5 56 256 145.5 56 256 56zm20 328h-40c-6.6 0-12-5.4-12-12V256h-67c-10.7 0-16-12.9-8.5-20.5l99-99c4.7-4.7 12.3-4.7 17 0l99 99c7.6 7.6 2.2 20.5-8.5 20.5h-67v116c0 6.6-5.4 12-12 12z\"><\/path><\/svg>\t\t\t\t\t\t\t\t<\/div>\n\t\t\t\t\t\t\t\t\t\t\t\t\t\t<div class=\"ha-horizontal-timeline-tree\"><\/div>\n\t\t\t\t\t\t<\/div>\n\t\t\t\t\t<\/div>\n\n\t\t\t\t\t<div class=\"ha-horizontal-timeline-content\">\n\n\t\t\t\t\t\t\t\t\t\t\t\t\t<div class=\"ha-horizontal-timeline-arrow\"><\/div>\n\t\t\t\t\t\t\n\t\t\t\t\t\t<div class=\"ha-horizontal-timeline-inner\">\n\t\t\t\t\t\t\t\t\t\t\t\t\t\t\t\t\t\t\t\t\t\t\t<div class=\"ha-horizontal-timeline-image\" >\n\t\t\t\t\t\t\t\t\t<img loading=\"lazy\" decoding=\"async\" width=\"212\" height=\"300\" src=\"https:\/\/lioneletlesautresvictimesdelaroute.fr\/justice\/wp-content\/uploads\/2025\/06\/12-REFERE-DEVANT-LE-TRIBUNAL-DE-TOULOUSE-212x300.png\" class=\"attachment-medium size-medium wp-image-51601\" alt=\"\" srcset=\"https:\/\/lioneletlesautresvictimesdelaroute.fr\/justice\/wp-content\/uploads\/2025\/06\/12-REFERE-DEVANT-LE-TRIBUNAL-DE-TOULOUSE-212x300.png 212w, https:\/\/lioneletlesautresvictimesdelaroute.fr\/justice\/wp-content\/uploads\/2025\/06\/12-REFERE-DEVANT-LE-TRIBUNAL-DE-TOULOUSE-724x1024.png 724w, https:\/\/lioneletlesautresvictimesdelaroute.fr\/justice\/wp-content\/uploads\/2025\/06\/12-REFERE-DEVANT-LE-TRIBUNAL-DE-TOULOUSE-768x1086.png 768w, https:\/\/lioneletlesautresvictimesdelaroute.fr\/justice\/wp-content\/uploads\/2025\/06\/12-REFERE-DEVANT-LE-TRIBUNAL-DE-TOULOUSE-1087x1536.png 1087w, https:\/\/lioneletlesautresvictimesdelaroute.fr\/justice\/wp-content\/uploads\/2025\/06\/12-REFERE-DEVANT-LE-TRIBUNAL-DE-TOULOUSE-1449x2048.png 1449w, https:\/\/lioneletlesautresvictimesdelaroute.fr\/justice\/wp-content\/uploads\/2025\/06\/12-REFERE-DEVANT-LE-TRIBUNAL-DE-TOULOUSE-scaled.png 1811w\" sizes=\"(max-width: 212px) 100vw, 212px\" \/>\t\t\t\t\t\t\t\t<\/div>\n\t\t\t\t\t\t\t\n\t\t\t\t\t\t\t<h2 class=\"ha-horizontal-timeline-title\"><a href=\"https:\/\/lioneletlesautresvictimesdelaroute.fr\/justice\/wp-content\/uploads\/2025\/06\/12-REFERE-DEVANT-LE-TRIBUNAL-DE-TOULOUSE-scaled.png\">Envoi courrier Tribunal TOULOUSE R\u00e9f\u00e9r\u00e9<\/a><\/h2>\n\t\t\t\t\t\t\t\t\t\t\t\t\t\t\t<span class=\"ha-horizontal-timeline-subtitle\">10 Juin 2025<\/span>\n\t\t\t\t\t\t\t\n\t\t\t\t\t\t\t<div class=\"ha-horizontal-timeline-description\"><p>Texte de remplacement<\/p><\/div>\t\t\t\t\t\t<\/div>\n\t\t\t\t\t<\/div>\n\t\t\t\t<\/div>\n\n\t\t\t\n\t\t<\/div>\n\n\t\t\t\t\t<button type=\"button\" class=\"slick-prev\"><svg aria-hidden=\"true\" class=\"e-font-icon-svg e-fas-chevron-left\" viewBox=\"0 0 320 512\" xmlns=\"http:\/\/www.w3.org\/2000\/svg\"><path d=\"M34.52 239.03L228.87 44.69c9.37-9.37 24.57-9.37 33.94 0l22.67 22.67c9.36 9.36 9.37 24.52.04 33.9L131.49 256l154.02 154.75c9.34 9.38 9.32 24.54-.04 33.9l-22.67 22.67c-9.37 9.37-24.57 9.37-33.94 0L34.52 272.97c-9.37-9.37-9.37-24.57 0-33.94z\"><\/path><\/svg><\/button>\n\t\t\n\t\t\t\t\t<button type=\"button\" class=\"slick-next\"><svg aria-hidden=\"true\" class=\"e-font-icon-svg e-fas-chevron-right\" viewBox=\"0 0 320 512\" xmlns=\"http:\/\/www.w3.org\/2000\/svg\"><path d=\"M285.476 272.971L91.132 467.314c-9.373 9.373-24.569 9.373-33.941 0l-22.667-22.667c-9.357-9.357-9.375-24.522-.04-33.901L188.505 256 34.484 101.255c-9.335-9.379-9.317-24.544.04-33.901l22.667-22.667c9.373-9.373 24.569-9.373 33.941 0L285.475 239.03c9.373 9.372 9.373 24.568.001 33.941z\"><\/path><\/svg><\/button>\n\t\t\n\t\t\t\t\t\t<\/div>\n\t\t\t\t<\/div>\n\t\t\t\t\t<\/div>\n\t\t\t\t<\/div>\n\t\t\t\t<\/div>\n\t\t","protected":false},"excerpt":{"rendered":"<p>L&rsquo;AUTOPSIE DE MON FILS : LIONEL Chronologie de l\u2019autopsie judiciaire Mon fils Lionel Losada est d\u00e9c\u00e9d\u00e9 des suites d\u2019un accident, il a \u00e9t\u00e9 fauch\u00e9 sur son scooter par un multir\u00e9cidiviste de la route avec plusieurs circonstances aggravantes. Date de l\u2019accident\u00a0: 29 juillet 2017 \u00e0 22h30 D900 (Le Boulou) Date du d\u00e9c\u00e8s : 04 ao\u00fbt 2017 \u00e0 17 h 58 ; H\u00f4pital de Perpignan. (Doc :1) Livret de famille copie pour la filiation du patronyme. (Doc\u00a0:2) Le 7 mai 2018, rendez-vous avec notre avocat\u00a0: Ma\u00eetre Buthion-Rivi\u00e8re Alexandra, Objectif : Avoir des informations et des explications sur le d\u00e9roulement du proc\u00e8s. Notre avocat nous remet le jour de la visite un CD comprenant l\u2019ensemble du dossier de l\u2019accident. Le proc\u00e8s a eu lieu le 15 mai 2028, Tribunal de Perpignan. (Doc\u00a0: 3)Notre lisons le CD pour avoir des informations concernant le d\u00e9c\u00e8s de mon fils, et du fr\u00e8re de la fratrie. \u2028D\u00e9couverte de la partie \u00ab\u00a0AUTOPSIES JUDICIAIRES\u00a0\u00bb. (Doc\u00a0: 4 ). Mise sous scell\u00e9s d\u2019organes c\u0153ur, cerveau, m\u00e9ninges plus fragments d\u2019organes, ainsi que diff\u00e9rents organes qui ont \u00e9t\u00e9 d\u00e9coup\u00e9s\u00a0: foie 7 cm\u00a0; reins\u00a0: 3 cm\u00a0; rate\u00a0: 3 cm\u00a0; pancr\u00e9as\u00a0: 3 cm\u00a0; poumons\u00a0: 4 \u00e0 6 cm. (Doc\u00a0: 5). Cette nouvelle finit de m\u2019an\u00e9antir, d\u00e9pression, incapable de faire des actions pour savoir pourquoi cette barbarie. La famille et surtout moi sa maman, commence en 2020 \u00e0 sortir la \u00ab t\u00eate de l\u2019eau \u00bb, \u00e0 partir de cette p\u00e9riode. Mon d\u00e9m\u00e9nagement en 2019, avec le transfert du corps de mon fils sur mon nouveau lieu de r\u00e9sidence Le Tarn. Je mentionne que la famille responsable de l\u2019accident r\u00e9side \u00e0 moins de 50 m\u00e8tres de mon domicile. Nous avons entrepris une lutte pour savoir pourquoi il y a eu pr\u00e9l\u00e8vement d\u2019organes. \u00c9l\u00e9ment d\u00e9couvert : Attestation du m\u00e9decin r\u00e9animateur qu\u2019il n\u2019y a pas besoin d\u2019autopsie. (Doc\u00a0: 6) Certificat de la juge d\u2019instruction demandant une autopsie plus le pr\u00e9l\u00e8vement d\u2019organes\u00a0 &#8230; erreur de date sur le document \u00e0 prendre en compte. (Doc\u00a0:7) Actions\u00a0: D\u00e9p\u00f4t de plainte \u00e0 la commune de ma r\u00e9sidence \u00e0 la gendarmerie. (Doc\u00a0:8 \u2013 8(1)) (Doc :8 \u2013 8(2)) Diff\u00e9rents demandes au Centre hospitalier de Perpignan et courriers \u00e0 la juge d\u2019instruction et au procureur de Perpignan et de Montpellier pour pouvoir r\u00e9cup\u00e9rer les organes de mon fils. Mise en relation avec l\u2019IML d\u00e9p\u00f4t de plainte aupr\u00e8s de l\u2019ordre des m\u00e9decins (Doc\u00a0: 9) pour avoir les informations sur l\u2019autopsie. Aucun r\u00e9sultat concernant la l\u00e9gislation des autopsies judiciaires. Courrier de l\u2019IML Institut M\u00e9dico-L\u00e9gal du 10 f\u00e9vrier 2021 m\u2019informant de la destruction des organes de mon fils, apr\u00e8s 3 courriers en AR. (Doc\u00a0: 10, Doc 10 -1) Diff\u00e9rents courriers envoy\u00e9s aux diff\u00e9rents gouvernements et pr\u00e9fectures et d\u00e9put\u00e9s et s\u00e9nateurs et politiques et \u00e9lus des d\u00e9partements .Tr\u00e8s peu de r\u00e9ponses, et donc,\u00a0 renouvellement des courriers jusqu\u2019\u00e0 obtenir des r\u00e9ponses, mais qui n\u2019auront aucun effet le suite \u00e0 la r\u00e9solution des questions pos\u00e9es. Deux projets de loi ont \u00e9t\u00e9 d\u00e9pos\u00e9s\u00a0: Un par un Mr Bernard Brochant D\u00e9put\u00e9 &#8211; https:\/\/www.assemblee-nationale.fr\/dyn\/15\/textes\/l15b2328_proposition-loi# Un autre par Mr Sol Jean S\u00e9nateur &#8211; https:\/\/www.senat.fr\/leg\/exposes-des-motifs\/ppl18-619-expose.html Aucun r\u00e9sultat, quand on demande si cela a permis d\u2019avancer, rien pas de r\u00e9ponse. Mr Cabrolier Fr\u00e9d\u00e9ric D\u00e9put\u00e9 pose une question ouverte \u00e0 l\u2019Assembl\u00e9e G\u00e9n\u00e9rale.(Doc\u00a0: 11) D\u00e9p\u00f4t de plaintes\u00a0: D\u00e9p\u00f4t de plainte au tribunal administratif de Perpignan et de Montpellier\u00a0; Plainte rejet\u00e9es par le Tribunal Administratif. (Doc\u00a0:12) Envois d\u2019autres courriers : Aux diff\u00e9rents ministres de la Justice, Pr\u00e9sident de la R\u00e9publique, Madame La Premi\u00e8re Dame. Presse aux \u00e9lus et autres formations politiques, ainsi que la DIAV D\u00e9l\u00e9gation Information Aide aux Victimes.\u2028 Rapprochement des victimes : Notre action date de l\u2019attentat de Nice, victimes qui sont dans la m\u00eame situation Courrier Monsieur \u00c9ric Ciotti pour l\u2019informer de cette situation. Pr\u00e9paration de dossier pour le Conseil d\u2019\u00c9tat et la Cour Sup\u00e9rieure des Droits de l\u2019Homme : Cette action est en cours de pr\u00e9paration suite aux conseils de Melle C\u00e9lia Lauret \u00e9tudiante en droit.\u00a0 Les erreurs de la justice : Non Information de la mise sous scell\u00e9s d\u2019organes : article 230-28 du Code P\u00e9nal Erreur sur la cr\u00e9mation, information aux familles, dignit\u00e9 du corps humain\u00a0: article 16.1.1. du Code Civil. Notre demande : Nos actions et notre combat depuis 5 ans. Information obligatoire aux familles de pr\u00e9l\u00e8vement d\u2019organes sur le corps du d\u00e9funt. Cela est d\u00e9j\u00e0 inscrit aux Code P\u00e9nal mais non appliqu\u00e9.\u00a0 &#8230;. UNE APPLICATION DE LA LOI ARTICLE DU CODE P\u00c9NAL 230-28.\u2028 La remise aux familles des organes pr\u00e9lev\u00e9s dans des conditions sanitaires aux normes. M\u00eame s\u2019il y a cr\u00e9mation les quelques petites cendres sont importantes pour les familles. Aides obtenues pour cette page :&#8211; \u00e0 la cr\u00e9ation du site par Monsieur Michel Boudry&#8211; conseil juridique de Mademoiselle Laura Cr\u00e9e Les documents 4 Ao\u00fbt 2017 Acte de d\u00e9c\u00e8s 4 Ao\u00fbt 2017 Texte en attente 4 Ao\u00fbt 2017 Livret de famille 4 Ao\u00fbt 2017 Texte en attente 4 Ao\u00fbt 2017 Certificat de d\u00e9c\u00e8s 4 Ao\u00fbt 2017 Certificat M\u00e9dical ne demandant pas d&#8217;autopsie 4 Ao\u00fbt 2017 Autopsie : Absence de limitation 4 Ao\u00fbt 2017 Texte en attente 13 Octobre 2017 Autopsie Certificat descriptif 13 Octobre 2017 Texte en attente 4 Ao\u00fbt 2017 Organes sous sc\u00e9l\u00e9s 4 Ao\u00fbt 2017 Texte en attente 15 Janvier 2021 R\u00e9ponse Institut M\u00e9dico L\u00e9gal 15 Janvier 2021 Texte en attente 18 Avril 2018 Convocation proc\u00e8s 18 Avril 2018 Texte en attente 28 Janvier 2021 Plainte Gendarmerie page 1 28 Janvier 2021 Plainte contre Madame \u00c9todie BATAILLE Vice Pr\u00e9sident charg\u00e9 de l&#8217;instruction au TGI de PERPIGNAN 28 janvier 2021 Plainte Gendarmerie page 2 28 Janvier 2021 Texte en attente 20 Octobre 2020 Envoi courrier Ordre des m\u00e9decins 20 Octobre 2020 Texte en attente 10 F\u00e9vrier 2021 R\u00e9ponse Institut M\u00e9dico L\u00e9gal 10 F\u00e9vrier 2021 Texte en attente 27 F\u00e9vrier 2024 R\u00e9ception courrier D\u00e9put\u00e9 CABROLIER 27 F\u00e9vrier 2024 Texte en attente 10 Juin 2025 Envoi courrier Tribunal TOULOUSE R\u00e9f\u00e9r\u00e9 10 Juin 2025 Texte de remplacement<\/p>\n","protected":false},"author":3,"featured_media":0,"parent":51396,"menu_order":0,"comment_status":"closed","ping_status":"closed","template":"","meta":{"_uag_custom_page_level_css":"","sfsi_plus_gutenberg_text_before_share":"","sfsi_plus_gutenberg_show_text_before_share":"","sfsi_plus_gutenberg_icon_type":"","sfsi_plus_gutenberg_icon_alignemt":"","sfsi_plus_gutenburg_max_per_row":"","_lmt_disableupdate":"no","_lmt_disable":"no","_monsterinsights_skip_tracking":false,"_monsterinsights_sitenote_active":false,"_monsterinsights_sitenote_note":"","_monsterinsights_sitenote_category":0,"site-sidebar-layout":"right-sidebar","site-content-layout":"","ast-site-content-layout":"normal-width-container","site-content-style":"default","site-sidebar-style":"default","ast-global-header-display":"","ast-banner-title-visibility":"","ast-main-header-display":"","ast-hfb-above-header-display":"","ast-hfb-below-header-display":"","ast-hfb-mobile-header-display":"","site-post-title":"disabled","ast-breadcrumbs-content":"","ast-featured-img":"disabled","footer-sml-layout":"","ast-disable-related-posts":"","theme-transparent-header-meta":"default","adv-header-id-meta":"","stick-header-meta":"","header-above-stick-meta":"","header-main-stick-meta":"","header-below-stick-meta":"","astra-migrate-meta-layouts":"set","ast-page-background-enabled":"default","ast-page-background-meta":{"desktop":{"background-color":"var(--ast-global-color-4)","background-image":"","background-repeat":"repeat","background-position":"center center","background-size":"auto","background-attachment":"scroll","background-type":"","background-media":"","overlay-type":"","overlay-color":"","overlay-opacity":"","overlay-gradient":""},"tablet":{"background-color":"","background-image":"","background-repeat":"repeat","background-position":"center center","background-size":"auto","background-attachment":"scroll","background-type":"","background-media":"","overlay-type":"","overlay-color":"","overlay-opacity":"","overlay-gradient":""},"mobile":{"background-color":"","background-image":"","background-repeat":"repeat","background-position":"center center","background-size":"auto","background-attachment":"scroll","background-type":"","background-media":"","overlay-type":"","overlay-color":"","overlay-opacity":"","overlay-gradient":""}},"ast-content-background-meta":{"desktop":{"background-color":"var(--ast-global-color-5)","background-image":"","background-repeat":"repeat","background-position":"center center","background-size":"auto","background-attachment":"scroll","background-type":"","background-media":"","overlay-type":"","overlay-color":"","overlay-opacity":"","overlay-gradient":""},"tablet":{"background-color":"var(--ast-global-color-5)","background-image":"","background-repeat":"repeat","background-position":"center center","background-size":"auto","background-attachment":"scroll","background-type":"","background-media":"","overlay-type":"","overlay-color":"","overlay-opacity":"","overlay-gradient":""},"mobile":{"background-color":"var(--ast-global-color-5)","background-image":"","background-repeat":"repeat","background-position":"center center","background-size":"auto","background-attachment":"scroll","background-type":"","background-media":"","overlay-type":"","overlay-color":"","overlay-opacity":"","overlay-gradient":""}},"iawp_total_views":4,"footnotes":""},"categories":[],"tags":[],"class_list":["post-51541","page","type-page","status-publish","hentry"],"aioseo_notices":[],"uagb_featured_image_src":{"full":false,"thumbnail":false,"medium":false,"medium_large":false,"large":false,"1536x1536":false,"2048x2048":false},"uagb_author_info":{"display_name":"Michel BOUDRY","author_link":"https:\/\/lioneletlesautresvictimesdelaroute.fr\/justice\/author\/wmbdylavr20250522\/"},"uagb_comment_info":0,"uagb_excerpt":"L&rsquo;AUTOPSIE DE MON FILS : LIONEL Chronologie de l\u2019autopsie judiciaire Mon fils Lionel Losada est d\u00e9c\u00e9d\u00e9 des suites d\u2019un accident, il a \u00e9t\u00e9 fauch\u00e9 sur son scooter par un multir\u00e9cidiviste de la route avec plusieurs circonstances aggravantes. Date de l\u2019accident\u00a0: 29 juillet 2017 \u00e0 22h30 D900 (Le Boulou) Date du d\u00e9c\u00e8s : 04 ao\u00fbt 2017\u2026","rttpg_featured_image_url":null,"rttpg_author":{"display_name":"Michel BOUDRY","author_link":"https:\/\/lioneletlesautresvictimesdelaroute.fr\/justice\/author\/wmbdylavr20250522\/"},"rttpg_comment":0,"rttpg_category":false,"rttpg_excerpt":"L&rsquo;AUTOPSIE DE MON FILS : LIONEL Chronologie de l\u2019autopsie judiciaire Mon fils Lionel Losada est d\u00e9c\u00e9d\u00e9 des suites d\u2019un accident, il a \u00e9t\u00e9 fauch\u00e9 sur son scooter par un multir\u00e9cidiviste de la route avec plusieurs circonstances aggravantes. Date de l\u2019accident\u00a0: 29 juillet 2017 \u00e0 22h30 D900 (Le Boulou) Date du d\u00e9c\u00e8s : 04 ao\u00fbt 2017\u2026","_links":{"self":[{"href":"https:\/\/lioneletlesautresvictimesdelaroute.fr\/justice\/wp-json\/wp\/v2\/pages\/51541","targetHints":{"allow":["GET"]}}],"collection":[{"href":"https:\/\/lioneletlesautresvictimesdelaroute.fr\/justice\/wp-json\/wp\/v2\/pages"}],"about":[{"href":"https:\/\/lioneletlesautresvictimesdelaroute.fr\/justice\/wp-json\/wp\/v2\/types\/page"}],"author":[{"embeddable":true,"href":"https:\/\/lioneletlesautresvictimesdelaroute.fr\/justice\/wp-json\/wp\/v2\/users\/3"}],"replies":[{"embeddable":true,"href":"https:\/\/lioneletlesautresvictimesdelaroute.fr\/justice\/wp-json\/wp\/v2\/comments?post=51541"}],"version-history":[{"count":2,"href":"https:\/\/lioneletlesautresvictimesdelaroute.fr\/justice\/wp-json\/wp\/v2\/pages\/51541\/revisions"}],"predecessor-version":[{"id":52005,"href":"https:\/\/lioneletlesautresvictimesdelaroute.fr\/justice\/wp-json\/wp\/v2\/pages\/51541\/revisions\/52005"}],"up":[{"embeddable":true,"href":"https:\/\/lioneletlesautresvictimesdelaroute.fr\/justice\/wp-json\/wp\/v2\/pages\/51396"}],"wp:attachment":[{"href":"https:\/\/lioneletlesautresvictimesdelaroute.fr\/justice\/wp-json\/wp\/v2\/media?parent=51541"}],"wp:term":[{"taxonomy":"category","embeddable":true,"href":"https:\/\/lioneletlesautresvictimesdelaroute.fr\/justice\/wp-json\/wp\/v2\/categories?post=51541"},{"taxonomy":"post_tag","embeddable":true,"href":"https:\/\/lioneletlesautresvictimesdelaroute.fr\/justice\/wp-json\/wp\/v2\/tags?post=51541"}],"curies":[{"name":"wp","href":"https:\/\/api.w.org\/{rel}","templated":true}]}}