{"id":52114,"date":"2025-06-19T14:46:10","date_gmt":"2025-06-19T12:46:10","guid":{"rendered":"https:\/\/lioneletlesautresvictimesdelaroute.fr\/justice\/?page_id=52114"},"modified":"2025-12-16T14:32:06","modified_gmt":"2025-12-16T13:32:06","slug":"trottinette","status":"publish","type":"page","link":"https:\/\/lioneletlesautresvictimesdelaroute.fr\/justice\/etat-des-lieux\/code-de-la-route\/reglementations-des-vehicules-roulants\/trottinette\/","title":{"rendered":"Trottinette"},"content":{"rendered":"\t\t<div data-elementor-type=\"wp-page\" data-elementor-id=\"52114\" class=\"elementor elementor-52114\" data-elementor-settings=\"{&quot;ha_cmc_init_switcher&quot;:&quot;no&quot;}\">\n\t\t\t\t<div class=\"elementor-element elementor-element-0f88f21 e-con-full e-flex wpr-particle-no wpr-jarallax-no wpr-parallax-no wpr-sticky-section-no wpr-equal-height-no e-con e-parent\" data-id=\"0f88f21\" data-element_type=\"container\" data-e-type=\"container\" data-settings=\"{&quot;_ha_eqh_enable&quot;:false}\">\n\t\t\t\t<div class=\"elementor-element elementor-element-669c893 elementor-widget elementor-widget-heading\" data-id=\"669c893\" data-element_type=\"widget\" data-e-type=\"widget\" data-widget_type=\"heading.default\">\n\t\t\t\t<div class=\"elementor-widget-container\">\n\t\t\t\t\t<h2 class=\"elementor-heading-title elementor-size-default\">Trottinette<\/h2>\t\t\t\t<\/div>\n\t\t\t\t<\/div>\n\t\t\t\t<div class=\"elementor-element elementor-element-8e118a5 elementor-widget elementor-widget-image\" data-id=\"8e118a5\" data-element_type=\"widget\" data-e-type=\"widget\" data-widget_type=\"image.default\">\n\t\t\t\t<div class=\"elementor-widget-container\">\n\t\t\t\t\t\t\t\t\t\t\t\t\t\t\t<img fetchpriority=\"high\" decoding=\"async\" width=\"300\" height=\"300\" src=\"https:\/\/lioneletlesautresvictimesdelaroute.fr\/justice\/wp-content\/uploads\/2025\/12\/equipements_trotinette89-300x300.jpg\" class=\"attachment-medium size-medium wp-image-54114\" alt=\"\" srcset=\"https:\/\/lioneletlesautresvictimesdelaroute.fr\/justice\/wp-content\/uploads\/2025\/12\/equipements_trotinette89-300x300.jpg 300w, https:\/\/lioneletlesautresvictimesdelaroute.fr\/justice\/wp-content\/uploads\/2025\/12\/equipements_trotinette89-150x150.jpg 150w, https:\/\/lioneletlesautresvictimesdelaroute.fr\/justice\/wp-content\/uploads\/2025\/12\/equipements_trotinette89.jpg 768w\" sizes=\"(max-width: 300px) 100vw, 300px\" \/>\t\t\t\t\t\t\t\t\t\t\t\t\t\t\t<\/div>\n\t\t\t\t<\/div>\n\t\t\t\t<\/div>\n\t\t<div class=\"elementor-element elementor-element-ddaa17f e-con-full e-flex wpr-particle-no wpr-jarallax-no wpr-parallax-no wpr-sticky-section-no wpr-equal-height-no e-con e-parent\" data-id=\"ddaa17f\" data-element_type=\"container\" data-e-type=\"container\" data-settings=\"{&quot;_ha_eqh_enable&quot;:false}\">\n\t\t\t\t<div class=\"elementor-element elementor-element-3e3b1d2 elementor-widget elementor-widget-text-editor\" data-id=\"3e3b1d2\" data-element_type=\"widget\" data-e-type=\"widget\" data-widget_type=\"text-editor.default\">\n\t\t\t\t<div class=\"elementor-widget-container\">\n\t\t\t\t\t\t\t\t\t<p><strong>R\u00e9glementation TROTTINETTE<\/strong><\/p><ul><li>En agglom\u00e9ration ou sur les voies vertes et les pistes cyclables, le port du casque n\u2019est pas obligatoire mais fortement recommand\u00e9.<\/li><li>De nuit, ou de jour par visibilit\u00e9 insuffisante, y compris en agglom\u00e9ration, l&rsquo;<a title=\"Arr\u00eat\u00e9 du 24 juin 2020\" href=\"https:\/\/www.legifrance.gouv.fr\/affichTexte.do?cidTexte=JORFTEXT000042089061&amp;dateTexte=&amp;categorieLien=id\" target=\"_blank\" rel=\"noopener\">arr\u00eat\u00e9 du 24 juin 2020<\/a> pr\u00e9cise que les utilisateurs doivent porter un v\u00eatement ou \u00e9quipement r\u00e9fl\u00e9chissement (par exemple, un gilet, un brassard, etc.).<\/li><li>Pour pouvoir circuler sur la voie publique, les engins <span class=\"fontstyle0\">ne doivent pas pouvoir rouler \u00e0 plus de 25 km\/h. Attention, selon les villes, la vitesse autoris\u00e9e peut \u00eatre inf\u00e9rieure (Lorient par exemple : 20 km\/h).<\/span><\/li><\/ul><p>Les EDPM doivent \u00eatre \u00e9quip\u00e9s :(E<span class=\"BxUVEf ILfuVd\" lang=\"fr\"><span class=\"hgKElc pOOWX\">ngins de D\u00e9placement Personnels (EDP) Motoris\u00e9s)<\/span><\/span><\/p><ul><li>de feux de position avant et arri\u00e8re (<a href=\"https:\/\/www.legifrance.gouv.fr\/affichTexte.do?cidTexte=JORFTEXT000042089008&amp;dateTexte=&amp;categorieLien=id\" target=\"_blank\" rel=\"noopener\">a<\/a><a title=\"Arr\u00eat\u00e9 du 24 juin 2020\" href=\"https:\/\/www.legifrance.gouv.fr\/affichTexte.do?cidTexte=JORFTEXT000042089008&amp;dateTexte=&amp;categorieLien=id\" target=\"_blank\" rel=\"noopener\">rr\u00eat\u00e9 du <\/a><a href=\"https:\/\/www.legifrance.gouv.fr\/affichTexte.do?cidTexte=JORFTEXT000042089008&amp;dateTexte=&amp;categorieLien=id\" target=\"_blank\" rel=\"noopener\">24 juin 2020<\/a>) ;<\/li><li>de dispositifs r\u00e9tror\u00e9\ufb02\u00e9chissants (catadioptres) ;<\/li><li>d\u2019un syst\u00e8me de freinage (<a href=\"https:\/\/www.legifrance.gouv.fr\/affichTexte.do;jsessionid=605A431868A92B45BE74E4E3BDA25E8D.tplgfr38s_2?cidTexte=JORFTEXT000042152816&amp;dateTexte=&amp;oldAction=rechJO&amp;categorieLien=id&amp;idJO=JORFCONT000042152720\" target=\"_blank\" rel=\"noopener\">arr\u00eat\u00e9 du <\/a><a title=\"Arr\u00eat\u00e9 du 21 juillet 2020\" href=\"https:\/\/www.legifrance.gouv.fr\/affichTexte.do;jsessionid=605A431868A92B45BE74E4E3BDA25E8D.tplgfr38s_2?cidTexte=JORFTEXT000042152816&amp;dateTexte=&amp;oldAction=rechJO&amp;categorieLien=id&amp;idJO=JORFCONT000042152720\" target=\"_blank\" rel=\"noopener\">21 juillet 2020<\/a>) et d\u2019un avertisseur sonore (<a title=\"Arr\u00eat\u00e9 du 22 juillet 2020\" href=\"https:\/\/www.legifrance.gouv.fr\/affichTexte.do;jsessionid=605A431868A92B45BE74E4E3BDA25E8D.tplgfr38s_2?cidTexte=JORFTEXT000042152832&amp;dateTexte=&amp;oldAction=rechJO&amp;categorieLien=id&amp;idJO=JORFCONT000042152720\" target=\"_blank\" rel=\"noopener\">arr\u00eat\u00e9 du 22 juillet 2020)<\/a><\/li><\/ul><p>Source :<a href=\"https:\/\/www.securite-routiere.gouv.fr\/\"> Pr\u00e9vention Routi\u00e8re\u00a0<\/a><\/p>\t\t\t\t\t\t\t\t<\/div>\n\t\t\t\t<\/div>\n\t\t\t\t<\/div>\n\t\t\t\t<\/div>\n\t\t","protected":false},"excerpt":{"rendered":"<p>Trottinette R\u00e9glementation TROTTINETTE En agglom\u00e9ration ou sur les voies vertes et les pistes cyclables, le port du casque n\u2019est pas obligatoire mais fortement recommand\u00e9. De nuit, ou de jour par visibilit\u00e9 insuffisante, y compris en agglom\u00e9ration, l&rsquo;arr\u00eat\u00e9 du 24 juin 2020 pr\u00e9cise que les utilisateurs doivent porter un v\u00eatement ou \u00e9quipement r\u00e9fl\u00e9chissement (par exemple, un gilet, un brassard, etc.). Pour pouvoir circuler sur la voie publique, les engins ne doivent pas pouvoir rouler \u00e0 plus de 25 km\/h. Attention, selon les villes, la vitesse autoris\u00e9e peut \u00eatre inf\u00e9rieure (Lorient par exemple : 20 km\/h). Les EDPM doivent \u00eatre \u00e9quip\u00e9s :(Engins de D\u00e9placement Personnels (EDP) Motoris\u00e9s) de feux de position avant et arri\u00e8re (arr\u00eat\u00e9 du 24 juin 2020) ; de dispositifs r\u00e9tror\u00e9\ufb02\u00e9chissants (catadioptres) ; d\u2019un syst\u00e8me de freinage (arr\u00eat\u00e9 du 21 juillet 2020) et d\u2019un avertisseur sonore (arr\u00eat\u00e9 du 22 juillet 2020) Source : Pr\u00e9vention Routi\u00e8re\u00a0<\/p>\n","protected":false},"author":2,"featured_media":0,"parent":53909,"menu_order":1,"comment_status":"closed","ping_status":"closed","template":"","meta":{"_uag_custom_page_level_css":"","sfsi_plus_gutenberg_text_before_share":"","sfsi_plus_gutenberg_show_text_before_share":"","sfsi_plus_gutenberg_icon_type":"","sfsi_plus_gutenberg_icon_alignemt":"","sfsi_plus_gutenburg_max_per_row":"","_lmt_disableupdate":"no","_lmt_disable":"no","_monsterinsights_skip_tracking":false,"_monsterinsights_sitenote_active":false,"_monsterinsights_sitenote_note":"","_monsterinsights_sitenote_category":0,"site-sidebar-layout":"right-sidebar","site-content-layout":"","ast-site-content-layout":"default","site-content-style":"default","site-sidebar-style":"default","ast-global-header-display":"","ast-banner-title-visibility":"","ast-main-header-display":"","ast-hfb-above-header-display":"","ast-hfb-below-header-display":"","ast-hfb-mobile-header-display":"","site-post-title":"disabled","ast-breadcrumbs-content":"","ast-featured-img":"disabled","footer-sml-layout":"","ast-disable-related-posts":"","theme-transparent-header-meta":"default","adv-header-id-meta":"","stick-header-meta":"","header-above-stick-meta":"","header-main-stick-meta":"","header-below-stick-meta":"","astra-migrate-meta-layouts":"set","ast-page-background-enabled":"default","ast-page-background-meta":{"desktop":{"background-color":"var(--ast-global-color-4)","background-image":"","background-repeat":"repeat","background-position":"center center","background-size":"auto","background-attachment":"scroll","background-type":"","background-media":"","overlay-type":"","overlay-color":"","overlay-opacity":"","overlay-gradient":""},"tablet":{"background-color":"","background-image":"","background-repeat":"repeat","background-position":"center center","background-size":"auto","background-attachment":"scroll","background-type":"","background-media":"","overlay-type":"","overlay-color":"","overlay-opacity":"","overlay-gradient":""},"mobile":{"background-color":"","background-image":"","background-repeat":"repeat","background-position":"center center","background-size":"auto","background-attachment":"scroll","background-type":"","background-media":"","overlay-type":"","overlay-color":"","overlay-opacity":"","overlay-gradient":""}},"ast-content-background-meta":{"desktop":{"background-color":"var(--ast-global-color-5)","background-image":"","background-repeat":"repeat","background-position":"center center","background-size":"auto","background-attachment":"scroll","background-type":"","background-media":"","overlay-type":"","overlay-color":"","overlay-opacity":"","overlay-gradient":""},"tablet":{"background-color":"var(--ast-global-color-5)","background-image":"","background-repeat":"repeat","background-position":"center center","background-size":"auto","background-attachment":"scroll","background-type":"","background-media":"","overlay-type":"","overlay-color":"","overlay-opacity":"","overlay-gradient":""},"mobile":{"background-color":"var(--ast-global-color-5)","background-image":"","background-repeat":"repeat","background-position":"center center","background-size":"auto","background-attachment":"scroll","background-type":"","background-media":"","overlay-type":"","overlay-color":"","overlay-opacity":"","overlay-gradient":""}},"iawp_total_views":5,"footnotes":""},"categories":[],"tags":[],"class_list":["post-52114","page","type-page","status-publish","hentry"],"aioseo_notices":[],"uagb_featured_image_src":{"full":false,"thumbnail":false,"medium":false,"medium_large":false,"large":false,"1536x1536":false,"2048x2048":false},"uagb_author_info":{"display_name":"Coralie PAILHES","author_link":"https:\/\/lioneletlesautresvictimesdelaroute.fr\/justice\/author\/edliojus01513\/"},"uagb_comment_info":0,"uagb_excerpt":"Trottinette R\u00e9glementation TROTTINETTE En agglom\u00e9ration ou sur les voies vertes et les pistes cyclables, le port du casque n\u2019est pas obligatoire mais fortement recommand\u00e9. De nuit, ou de jour par visibilit\u00e9 insuffisante, y compris en agglom\u00e9ration, l&rsquo;arr\u00eat\u00e9 du 24 juin 2020 pr\u00e9cise que les utilisateurs doivent porter un v\u00eatement ou \u00e9quipement r\u00e9fl\u00e9chissement (par exemple, un\u2026","rttpg_featured_image_url":null,"rttpg_author":{"display_name":"Coralie PAILHES","author_link":"https:\/\/lioneletlesautresvictimesdelaroute.fr\/justice\/author\/edliojus01513\/"},"rttpg_comment":0,"rttpg_category":false,"rttpg_excerpt":"Trottinette R\u00e9glementation TROTTINETTE En agglom\u00e9ration ou sur les voies vertes et les pistes cyclables, le port du casque n\u2019est pas obligatoire mais fortement recommand\u00e9. De nuit, ou de jour par visibilit\u00e9 insuffisante, y compris en agglom\u00e9ration, l&rsquo;arr\u00eat\u00e9 du 24 juin 2020 pr\u00e9cise que les utilisateurs doivent porter un v\u00eatement ou \u00e9quipement r\u00e9fl\u00e9chissement (par exemple, un\u2026","_links":{"self":[{"href":"https:\/\/lioneletlesautresvictimesdelaroute.fr\/justice\/wp-json\/wp\/v2\/pages\/52114","targetHints":{"allow":["GET"]}}],"collection":[{"href":"https:\/\/lioneletlesautresvictimesdelaroute.fr\/justice\/wp-json\/wp\/v2\/pages"}],"about":[{"href":"https:\/\/lioneletlesautresvictimesdelaroute.fr\/justice\/wp-json\/wp\/v2\/types\/page"}],"author":[{"embeddable":true,"href":"https:\/\/lioneletlesautresvictimesdelaroute.fr\/justice\/wp-json\/wp\/v2\/users\/2"}],"replies":[{"embeddable":true,"href":"https:\/\/lioneletlesautresvictimesdelaroute.fr\/justice\/wp-json\/wp\/v2\/comments?post=52114"}],"version-history":[{"count":2,"href":"https:\/\/lioneletlesautresvictimesdelaroute.fr\/justice\/wp-json\/wp\/v2\/pages\/52114\/revisions"}],"predecessor-version":[{"id":54210,"href":"https:\/\/lioneletlesautresvictimesdelaroute.fr\/justice\/wp-json\/wp\/v2\/pages\/52114\/revisions\/54210"}],"up":[{"embeddable":true,"href":"https:\/\/lioneletlesautresvictimesdelaroute.fr\/justice\/wp-json\/wp\/v2\/pages\/53909"}],"wp:attachment":[{"href":"https:\/\/lioneletlesautresvictimesdelaroute.fr\/justice\/wp-json\/wp\/v2\/media?parent=52114"}],"wp:term":[{"taxonomy":"category","embeddable":true,"href":"https:\/\/lioneletlesautresvictimesdelaroute.fr\/justice\/wp-json\/wp\/v2\/categories?post=52114"},{"taxonomy":"post_tag","embeddable":true,"href":"https:\/\/lioneletlesautresvictimesdelaroute.fr\/justice\/wp-json\/wp\/v2\/tags?post=52114"}],"curies":[{"name":"wp","href":"https:\/\/api.w.org\/{rel}","templated":true}]}}