{"id":52180,"date":"2025-06-19T21:14:44","date_gmt":"2025-06-19T19:14:44","guid":{"rendered":"https:\/\/lioneletlesautresvictimesdelaroute.fr\/justice\/?page_id=52180"},"modified":"2025-12-16T15:16:34","modified_gmt":"2025-12-16T14:16:34","slug":"voiture","status":"publish","type":"page","link":"https:\/\/lioneletlesautresvictimesdelaroute.fr\/justice\/etat-des-lieux\/code-de-la-route\/reglementations-des-vehicules-roulants\/voiture\/","title":{"rendered":"Voiture"},"content":{"rendered":"\t\t<div data-elementor-type=\"wp-page\" data-elementor-id=\"52180\" class=\"elementor elementor-52180\" data-elementor-settings=\"{&quot;ha_cmc_init_switcher&quot;:&quot;no&quot;}\">\n\t\t\t\t<div class=\"elementor-element elementor-element-fa0e32e e-flex e-con-boxed wpr-particle-no wpr-jarallax-no wpr-parallax-no wpr-sticky-section-no wpr-equal-height-no e-con e-parent\" data-id=\"fa0e32e\" data-element_type=\"container\" data-e-type=\"container\" data-settings=\"{&quot;_ha_eqh_enable&quot;:false}\">\n\t\t\t\t\t<div class=\"e-con-inner\">\n\t\t\t\t<div class=\"elementor-element elementor-element-5eb4ab7 elementor-widget elementor-widget-heading\" data-id=\"5eb4ab7\" data-element_type=\"widget\" data-e-type=\"widget\" data-widget_type=\"heading.default\">\n\t\t\t\t<div class=\"elementor-widget-container\">\n\t\t\t\t\t<h2 class=\"elementor-heading-title elementor-size-default\">Voiture<\/h2>\t\t\t\t<\/div>\n\t\t\t\t<\/div>\n\t\t\t\t<div class=\"elementor-element elementor-element-6895b62 elementor-widget elementor-widget-image\" data-id=\"6895b62\" data-element_type=\"widget\" data-e-type=\"widget\" data-widget_type=\"image.default\">\n\t\t\t\t<div class=\"elementor-widget-container\">\n\t\t\t\t\t\t\t\t\t\t\t\t\t\t\t<img decoding=\"async\" width=\"150\" height=\"150\" src=\"https:\/\/lioneletlesautresvictimesdelaroute.fr\/justice\/wp-content\/uploads\/2025\/12\/automobile-8267369_1280-150x150.jpg\" class=\"attachment-thumbnail size-thumbnail wp-image-53901\" alt=\"\" \/>\t\t\t\t\t\t\t\t\t\t\t\t\t\t\t<\/div>\n\t\t\t\t<\/div>\n\t\t\t\t\t<\/div>\n\t\t\t\t<\/div>\n\t\t<div class=\"elementor-element elementor-element-fd268bd e-con-full e-flex wpr-particle-no wpr-jarallax-no wpr-parallax-no wpr-sticky-section-no wpr-equal-height-no e-con e-parent\" data-id=\"fd268bd\" data-element_type=\"container\" data-e-type=\"container\" data-settings=\"{&quot;_ha_eqh_enable&quot;:false}\">\n\t\t\t\t<div class=\"elementor-element elementor-element-bd97e61 elementor-widget elementor-widget-heading\" data-id=\"bd97e61\" data-element_type=\"widget\" data-e-type=\"widget\" data-widget_type=\"heading.default\">\n\t\t\t\t<div class=\"elementor-widget-container\">\n\t\t\t\t\t<h2 class=\"elementor-heading-title elementor-size-default\">Conduire en toute s\u00e9curit\u00e9<\/h2>\t\t\t\t<\/div>\n\t\t\t\t<\/div>\n\t\t<div class=\"elementor-element elementor-element-131b61b e-flex e-con-boxed wpr-particle-no wpr-jarallax-no wpr-parallax-no wpr-sticky-section-no wpr-equal-height-no e-con e-child\" data-id=\"131b61b\" data-element_type=\"container\" data-e-type=\"container\" data-settings=\"{&quot;_ha_eqh_enable&quot;:false}\">\n\t\t\t\t\t<div class=\"e-con-inner\">\n\t\t<div class=\"elementor-element elementor-element-867aa65 e-con-full e-flex wpr-particle-no wpr-jarallax-no wpr-parallax-no wpr-sticky-section-no wpr-equal-height-no e-con e-child\" data-id=\"867aa65\" data-element_type=\"container\" data-e-type=\"container\" data-settings=\"{&quot;_ha_eqh_enable&quot;:false}\">\n\t\t\t\t<div class=\"elementor-element elementor-element-c808626 elementor-align-center elementor-widget elementor-widget-button\" data-id=\"c808626\" data-element_type=\"widget\" data-e-type=\"widget\" data-widget_type=\"button.default\">\n\t\t\t\t<div class=\"elementor-widget-container\">\n\t\t\t\t\t\t\t\t\t<div class=\"elementor-button-wrapper\">\n\t\t\t\t\t<a class=\"elementor-button elementor-button-link elementor-size-sm\" href=\"https:\/\/www.securite-routiere.gouv.fr\/les-medias\/nos-campagnes-de-communication-page-1-14\/nos-campagnes-de-communication-page-1-14-84\">\n\t\t\t\t\t\t<span class=\"elementor-button-content-wrapper\">\n\t\t\t\t\t\t\t\t\t<span class=\"elementor-button-text\">Conduire sans Permis <\/span>\n\t\t\t\t\t<\/span>\n\t\t\t\t\t<\/a>\n\t\t\t\t<\/div>\n\t\t\t\t\t\t\t\t<\/div>\n\t\t\t\t<\/div>\n\t\t\t\t<\/div>\n\t\t<div class=\"elementor-element elementor-element-ae606c7 e-con-full e-flex wpr-particle-no wpr-jarallax-no wpr-parallax-no wpr-sticky-section-no wpr-equal-height-no e-con e-child\" data-id=\"ae606c7\" data-element_type=\"container\" data-e-type=\"container\" data-settings=\"{&quot;_ha_eqh_enable&quot;:false}\">\n\t\t\t\t<div class=\"elementor-element elementor-element-f688031 elementor-align-center elementor-widget elementor-widget-button\" data-id=\"f688031\" data-element_type=\"widget\" data-e-type=\"widget\" data-widget_type=\"button.default\">\n\t\t\t\t<div class=\"elementor-widget-container\">\n\t\t\t\t\t\t\t\t\t<div class=\"elementor-button-wrapper\">\n\t\t\t\t\t<a class=\"elementor-button elementor-button-link elementor-size-sm\" href=\"https:\/\/www.securite-routiere.gouv.fr\/permis-de-conduire-education-routiere\">\n\t\t\t\t\t\t<span class=\"elementor-button-content-wrapper\">\n\t\t\t\t\t\t\t\t\t<span class=\"elementor-button-text\">\u00c2ge pour le permis de conduire <\/span>\n\t\t\t\t\t<\/span>\n\t\t\t\t\t<\/a>\n\t\t\t\t<\/div>\n\t\t\t\t\t\t\t\t<\/div>\n\t\t\t\t<\/div>\n\t\t\t\t<\/div>\n\t\t<div class=\"elementor-element elementor-element-b93f5a0 e-con-full e-flex wpr-particle-no wpr-jarallax-no wpr-parallax-no wpr-sticky-section-no wpr-equal-height-no e-con e-child\" data-id=\"b93f5a0\" data-element_type=\"container\" data-e-type=\"container\" data-settings=\"{&quot;_ha_eqh_enable&quot;:false}\">\n\t\t\t\t<div class=\"elementor-element elementor-element-50ec712 elementor-align-center elementor-widget elementor-widget-button\" data-id=\"50ec712\" data-element_type=\"widget\" data-e-type=\"widget\" data-widget_type=\"button.default\">\n\t\t\t\t<div class=\"elementor-widget-container\">\n\t\t\t\t\t\t\t\t\t<div class=\"elementor-button-wrapper\">\n\t\t\t\t\t<a class=\"elementor-button elementor-button-link elementor-size-sm\" href=\"https:\/\/www.securite-routiere.gouv.fr\/chacun-sa-conduite\/conseils-aux-proches-des-seniors\">\n\t\t\t\t\t\t<span class=\"elementor-button-content-wrapper\">\n\t\t\t\t\t\t\t\t\t<span class=\"elementor-button-text\">Limite d'\u00e2ge pour le permis de conduire <\/span>\n\t\t\t\t\t<\/span>\n\t\t\t\t\t<\/a>\n\t\t\t\t<\/div>\n\t\t\t\t\t\t\t\t<\/div>\n\t\t\t\t<\/div>\n\t\t\t\t<\/div>\n\t\t\t\t\t<\/div>\n\t\t\t\t<\/div>\n\t\t\t\t<div class=\"elementor-element elementor-element-fb81ed9 elementor-widget elementor-widget-image\" data-id=\"fb81ed9\" data-element_type=\"widget\" data-e-type=\"widget\" data-widget_type=\"image.default\">\n\t\t\t\t<div class=\"elementor-widget-container\">\n\t\t\t\t\t\t\t\t\t\t\t\t\t\t\t<img fetchpriority=\"high\" decoding=\"async\" width=\"688\" height=\"1536\" src=\"https:\/\/lioneletlesautresvictimesdelaroute.fr\/justice\/wp-content\/uploads\/2025\/12\/Sans-titre-688x1536.jpg\" class=\"attachment-1536x1536 size-1536x1536 wp-image-54167\" alt=\"\" srcset=\"https:\/\/lioneletlesautresvictimesdelaroute.fr\/justice\/wp-content\/uploads\/2025\/12\/Sans-titre-688x1536.jpg 688w, https:\/\/lioneletlesautresvictimesdelaroute.fr\/justice\/wp-content\/uploads\/2025\/12\/Sans-titre-134x300.jpg 134w, https:\/\/lioneletlesautresvictimesdelaroute.fr\/justice\/wp-content\/uploads\/2025\/12\/Sans-titre-459x1024.jpg 459w, https:\/\/lioneletlesautresvictimesdelaroute.fr\/justice\/wp-content\/uploads\/2025\/12\/Sans-titre-768x1714.jpg 768w, https:\/\/lioneletlesautresvictimesdelaroute.fr\/justice\/wp-content\/uploads\/2025\/12\/Sans-titre-918x2048.jpg 918w, https:\/\/lioneletlesautresvictimesdelaroute.fr\/justice\/wp-content\/uploads\/2025\/12\/Sans-titre-scaled.jpg 1147w\" sizes=\"(max-width: 688px) 100vw, 688px\" \/>\t\t\t\t\t\t\t\t\t\t\t\t\t\t\t<\/div>\n\t\t\t\t<\/div>\n\t\t\t\t<div class=\"elementor-element elementor-element-b187c29 elementor-widget elementor-widget-text-editor\" data-id=\"b187c29\" data-element_type=\"widget\" data-e-type=\"widget\" data-widget_type=\"text-editor.default\">\n\t\t\t\t<div class=\"elementor-widget-container\">\n\t\t\t\t\t\t\t\t\t<p>Source :<a href=\"https:\/\/www.securite-routiere.gouv.fr\/permis-de-conduire-education-routiere\"> S\u00e9curit\u00e9 Routi\u00e8re\u00a0<\/a><\/p><p><strong>La route est un danger, un v\u00e9lo, un scooter qui changent de file, \u00eatre attentif pour \u00e9viter l\u2019accident.<\/strong><\/p><ul><li>M\u00e9fiez-vous de chaque lieu ayant un croisement de route et particuli\u00e8rement des carrefours \u00e0 sens giratoire.<\/li><li>Garder vos distances de s\u00e9curit\u00e9\u2026.<\/li><\/ul><p><strong><br \/>La vitesse<\/strong><\/p><p>Ne surprenez pas les automobilistes en surgissant brusquement dans la circulation. Vous n\u2019\u00eates pas seul sur la route. Le danger peut venir de partout.<\/p><p><strong>Conduire suivant la m\u00e9t\u00e9o<br \/><\/strong><\/p><p>Particuli\u00e8rement risqu\u00e9e, la conduite en cas d\u2019intemp\u00e9ries impose non seulement une grande vigilance, mais aussi une juste adaptation de sa conduite et de ses r\u00e9flexes.<\/p><ul><li style=\"list-style-type: none;\"><ul><li>En cas de pluie, l\u2019adh\u00e9rence r\u00e9duite et le manque de visibilit\u00e9 n\u00e9cessitent de r\u00e9duire son allure et d\u2019augmenter les distances de s\u00e9curit\u00e9..<\/li><li>En cas de verglas, l\u2019adh\u00e9rence est encore plus r\u00e9duite.<\/li><li>En cas de grand vent, le deux-roues motoris\u00e9 risque \u00e0 tout instant de d\u00e9vier de sa trajectoire et de venir heurter un obstacle ou un usager : r\u00e9duisez votre vitesse, soyez particuli\u00e8rement vigilant lors des d\u00e9passements (de poids lourds notamment) et augmenter les distances de s\u00e9curit\u00e9. Tout cela permet de r\u00e9duire les risques.<\/li><li>Le brouillard vous emp\u00eache de voir mais aussi d\u2019\u00eatre vu : r\u00e9duisez votre vitesse et conduisez bien \u00e0 droite, assurez-vous d\u2019\u00eatre visible en allumant vos feux de croisement ou de brouillard et en portant des v\u00eatements clairs<\/li><\/ul><\/li><\/ul><p><strong><br \/>Fatigue au volant<\/strong><\/p><ul><li style=\"list-style-type: none;\"><ul><li>Apr\u00e8s une journ\u00e9e de travail harassant ne prenez pas votre v\u00e9hicule.<\/li><li>Lors de longs trajets apprenez \u00e0 faire des pauses, pause-caf\u00e9, pause d\u00e9tente, marcher quelques minutes pour vous d\u00e9fouler, grignoter quelque chose et avec la seule chaleur buvez beaucoup d\u2019eau que de l\u2019eau l\u2019alcool peut cuire gravement sur la route.<\/li><li>Les pauses sont importantes, vous retrouverez votre concentration pour conduire.<\/li><li>Faites v\u00e9rifier vos yeux votre vue r\u00e9guli\u00e8rement prot\u00e9gez vos yeux du soleil avec des lunettes pour ne pas \u00eatre \u00e9bloui et voir tous les dangers de la route.<\/li><li>Ne conduisez pas si vous \u00eates sous l\u2019effet de la fatigue, de l\u2019alcool, de la drogue ou de m\u00e9dicaments qui provoquent des baisses de vigilance.<\/li><li>Pensez aussi \u00e0 la qualit\u00e9 de votre vue et \u00e0 la bonne adaptation de vos lunettes : la vue est votre premier sens de d\u00e9fense face aux dangers de la route en deux-roues !<\/li><li>L\u2019allumage de vos feux ne consomme pas d\u2019essence, ni le clignotant pensez \u00e0 le mettre ils sauvent des vies.<br \/>V\u00e9rifier toujours vos r\u00e9troviseurs.<\/li><\/ul><\/li><\/ul><p><a href=\"https:\/\/mobile.interieur.gouv.fr\/Archives\/Archives-des-communiques-de-presse\/2017-Communiques\/Le-permis-a-points-a-25-ans\"><strong>Permis \u00e0 points<\/strong> <\/a><\/p><p>Pour r\u00e9sumer, quand vous passez votre permis de conduire maintenant \u00e0 l\u2019\u00e2ge de 17 ans vous avez 6 points sur votre permis de conduire vous pouvez en r\u00e9cup\u00e9rer\u00a02 points chaque ann\u00e9e si vous n\u2019avez pas fait eux d\u2019infractions. Donc au bout de 3 ans vous aurez vos 12 points.<\/p><p>Par contre si vous avez fait d\u2019une conduite accompagn\u00e9e, vous r\u00e9cup\u00e9rerez 3 points la premi\u00e8re ann\u00e9e et 3 points la 2e ann\u00e9e donc vous aurez vos 12 points en 2 ans \u00e9galement si vous n\u2019avez pas eux d\u2019infractions.<\/p><p>Conduire alors que l&rsquo;on fait l&rsquo;objet d&rsquo;une r\u00e9tention du permis de conduire est passible de 2 ans d&#8217;emprisonnement, de 4 500 \u20ac d&rsquo;amende, de la suspension du permis pour une dur\u00e9e de 3 ans et de la peine compl\u00e9mentaire de confiscation du v\u00e9hicule.<\/p><p>Combien de temps peut durer la r\u00e9tention de votre permis de conduire<\/p>\t\t\t\t\t\t\t\t<\/div>\n\t\t\t\t<\/div>\n\t\t\t\t<div class=\"elementor-element elementor-element-910717a elementor-widget elementor-widget-spacer\" data-id=\"910717a\" data-element_type=\"widget\" data-e-type=\"widget\" data-widget_type=\"spacer.default\">\n\t\t\t\t<div class=\"elementor-widget-container\">\n\t\t\t\t\t\t\t<div class=\"elementor-spacer\">\n\t\t\t<div class=\"elementor-spacer-inner\"><\/div>\n\t\t<\/div>\n\t\t\t\t\t\t<\/div>\n\t\t\t\t<\/div>\n\t\t\t\t<div class=\"elementor-element elementor-element-9de9e3f elementor-widget elementor-widget-image\" data-id=\"9de9e3f\" data-element_type=\"widget\" data-e-type=\"widget\" data-widget_type=\"image.default\">\n\t\t\t\t<div class=\"elementor-widget-container\">\n\t\t\t\t\t\t\t\t\t\t\t\t\t\t\t<img decoding=\"async\" width=\"608\" height=\"578\" src=\"https:\/\/lioneletlesautresvictimesdelaroute.fr\/justice\/wp-content\/uploads\/2025\/06\/voiture.png\" class=\"attachment-large size-large wp-image-52258\" alt=\"\" srcset=\"https:\/\/lioneletlesautresvictimesdelaroute.fr\/justice\/wp-content\/uploads\/2025\/06\/voiture.png 608w, https:\/\/lioneletlesautresvictimesdelaroute.fr\/justice\/wp-content\/uploads\/2025\/06\/voiture-300x285.png 300w\" sizes=\"(max-width: 608px) 100vw, 608px\" \/>\t\t\t\t\t\t\t\t\t\t\t\t\t\t\t<\/div>\n\t\t\t\t<\/div>\n\t\t\t\t<div class=\"elementor-element elementor-element-0bce250 elementor-widget elementor-widget-spacer\" data-id=\"0bce250\" data-element_type=\"widget\" data-e-type=\"widget\" data-widget_type=\"spacer.default\">\n\t\t\t\t<div class=\"elementor-widget-container\">\n\t\t\t\t\t\t\t<div class=\"elementor-spacer\">\n\t\t\t<div class=\"elementor-spacer-inner\"><\/div>\n\t\t<\/div>\n\t\t\t\t\t\t<\/div>\n\t\t\t\t<\/div>\n\t\t\t\t<\/div>\n\t\t\t\t<\/div>\n\t\t","protected":false},"excerpt":{"rendered":"<p>Voiture Conduire en toute s\u00e9curit\u00e9 Conduire sans Permis \u00c2ge pour le permis de conduire Limite d&rsquo;\u00e2ge pour le permis de conduire Source : S\u00e9curit\u00e9 Routi\u00e8re\u00a0 La route est un danger, un v\u00e9lo, un scooter qui changent de file, \u00eatre attentif pour \u00e9viter l\u2019accident. M\u00e9fiez-vous de chaque lieu ayant un croisement de route et particuli\u00e8rement des carrefours \u00e0 sens giratoire. Garder vos distances de s\u00e9curit\u00e9\u2026. La vitesse Ne surprenez pas les automobilistes en surgissant brusquement dans la circulation. Vous n\u2019\u00eates pas seul sur la route. Le danger peut venir de partout. Conduire suivant la m\u00e9t\u00e9o Particuli\u00e8rement risqu\u00e9e, la conduite en cas d\u2019intemp\u00e9ries impose non seulement une grande vigilance, mais aussi une juste adaptation de sa conduite et de ses r\u00e9flexes. En cas de pluie, l\u2019adh\u00e9rence r\u00e9duite et le manque de visibilit\u00e9 n\u00e9cessitent de r\u00e9duire son allure et d\u2019augmenter les distances de s\u00e9curit\u00e9.. En cas de verglas, l\u2019adh\u00e9rence est encore plus r\u00e9duite. En cas de grand vent, le deux-roues motoris\u00e9 risque \u00e0 tout instant de d\u00e9vier de sa trajectoire et de venir heurter un obstacle ou un usager : r\u00e9duisez votre vitesse, soyez particuli\u00e8rement vigilant lors des d\u00e9passements (de poids lourds notamment) et augmenter les distances de s\u00e9curit\u00e9. Tout cela permet de r\u00e9duire les risques. Le brouillard vous emp\u00eache de voir mais aussi d\u2019\u00eatre vu : r\u00e9duisez votre vitesse et conduisez bien \u00e0 droite, assurez-vous d\u2019\u00eatre visible en allumant vos feux de croisement ou de brouillard et en portant des v\u00eatements clairs Fatigue au volant Apr\u00e8s une journ\u00e9e de travail harassant ne prenez pas votre v\u00e9hicule. Lors de longs trajets apprenez \u00e0 faire des pauses, pause-caf\u00e9, pause d\u00e9tente, marcher quelques minutes pour vous d\u00e9fouler, grignoter quelque chose et avec la seule chaleur buvez beaucoup d\u2019eau que de l\u2019eau l\u2019alcool peut cuire gravement sur la route. Les pauses sont importantes, vous retrouverez votre concentration pour conduire. Faites v\u00e9rifier vos yeux votre vue r\u00e9guli\u00e8rement prot\u00e9gez vos yeux du soleil avec des lunettes pour ne pas \u00eatre \u00e9bloui et voir tous les dangers de la route. Ne conduisez pas si vous \u00eates sous l\u2019effet de la fatigue, de l\u2019alcool, de la drogue ou de m\u00e9dicaments qui provoquent des baisses de vigilance. Pensez aussi \u00e0 la qualit\u00e9 de votre vue et \u00e0 la bonne adaptation de vos lunettes : la vue est votre premier sens de d\u00e9fense face aux dangers de la route en deux-roues ! L\u2019allumage de vos feux ne consomme pas d\u2019essence, ni le clignotant pensez \u00e0 le mettre ils sauvent des vies.V\u00e9rifier toujours vos r\u00e9troviseurs. Permis \u00e0 points Pour r\u00e9sumer, quand vous passez votre permis de conduire maintenant \u00e0 l\u2019\u00e2ge de 17 ans vous avez 6 points sur votre permis de conduire vous pouvez en r\u00e9cup\u00e9rer\u00a02 points chaque ann\u00e9e si vous n\u2019avez pas fait eux d\u2019infractions. Donc au bout de 3 ans vous aurez vos 12 points. Par contre si vous avez fait d\u2019une conduite accompagn\u00e9e, vous r\u00e9cup\u00e9rerez 3 points la premi\u00e8re ann\u00e9e et 3 points la 2e ann\u00e9e donc vous aurez vos 12 points en 2 ans \u00e9galement si vous n\u2019avez pas eux d\u2019infractions. Conduire alors que l&rsquo;on fait l&rsquo;objet d&rsquo;une r\u00e9tention du permis de conduire est passible de 2 ans d&#8217;emprisonnement, de 4 500 \u20ac d&rsquo;amende, de la suspension du permis pour une dur\u00e9e de 3 ans et de la peine compl\u00e9mentaire de confiscation du v\u00e9hicule. Combien de temps peut durer la r\u00e9tention de votre permis de conduire<\/p>\n","protected":false},"author":3,"featured_media":0,"parent":53909,"menu_order":4,"comment_status":"closed","ping_status":"closed","template":"","meta":{"_uag_custom_page_level_css":"","sfsi_plus_gutenberg_text_before_share":"","sfsi_plus_gutenberg_show_text_before_share":"","sfsi_plus_gutenberg_icon_type":"","sfsi_plus_gutenberg_icon_alignemt":"","sfsi_plus_gutenburg_max_per_row":"","_lmt_disableupdate":"no","_lmt_disable":"no","_monsterinsights_skip_tracking":false,"_monsterinsights_sitenote_active":false,"_monsterinsights_sitenote_note":"","_monsterinsights_sitenote_category":0,"site-sidebar-layout":"right-sidebar","site-content-layout":"","ast-site-content-layout":"default","site-content-style":"default","site-sidebar-style":"default","ast-global-header-display":"","ast-banner-title-visibility":"","ast-main-header-display":"","ast-hfb-above-header-display":"","ast-hfb-below-header-display":"","ast-hfb-mobile-header-display":"","site-post-title":"disabled","ast-breadcrumbs-content":"","ast-featured-img":"disabled","footer-sml-layout":"","ast-disable-related-posts":"","theme-transparent-header-meta":"default","adv-header-id-meta":"","stick-header-meta":"","header-above-stick-meta":"","header-main-stick-meta":"","header-below-stick-meta":"","astra-migrate-meta-layouts":"set","ast-page-background-enabled":"default","ast-page-background-meta":{"desktop":{"background-color":"var(--ast-global-color-4)","background-image":"","background-repeat":"repeat","background-position":"center center","background-size":"auto","background-attachment":"scroll","background-type":"","background-media":"","overlay-type":"","overlay-color":"","overlay-opacity":"","overlay-gradient":""},"tablet":{"background-color":"","background-image":"","background-repeat":"repeat","background-position":"center center","background-size":"auto","background-attachment":"scroll","background-type":"","background-media":"","overlay-type":"","overlay-color":"","overlay-opacity":"","overlay-gradient":""},"mobile":{"background-color":"","background-image":"","background-repeat":"repeat","background-position":"center center","background-size":"auto","background-attachment":"scroll","background-type":"","background-media":"","overlay-type":"","overlay-color":"","overlay-opacity":"","overlay-gradient":""}},"ast-content-background-meta":{"desktop":{"background-color":"var(--ast-global-color-5)","background-image":"","background-repeat":"repeat","background-position":"center center","background-size":"auto","background-attachment":"scroll","background-type":"","background-media":"","overlay-type":"","overlay-color":"","overlay-opacity":"","overlay-gradient":""},"tablet":{"background-color":"var(--ast-global-color-5)","background-image":"","background-repeat":"repeat","background-position":"center center","background-size":"auto","background-attachment":"scroll","background-type":"","background-media":"","overlay-type":"","overlay-color":"","overlay-opacity":"","overlay-gradient":""},"mobile":{"background-color":"var(--ast-global-color-5)","background-image":"","background-repeat":"repeat","background-position":"center center","background-size":"auto","background-attachment":"scroll","background-type":"","background-media":"","overlay-type":"","overlay-color":"","overlay-opacity":"","overlay-gradient":""}},"iawp_total_views":1,"footnotes":""},"categories":[],"tags":[],"class_list":["post-52180","page","type-page","status-publish","hentry"],"aioseo_notices":[],"uagb_featured_image_src":{"full":false,"thumbnail":false,"medium":false,"medium_large":false,"large":false,"1536x1536":false,"2048x2048":false},"uagb_author_info":{"display_name":"Michel BOUDRY","author_link":"https:\/\/lioneletlesautresvictimesdelaroute.fr\/justice\/author\/wmbdylavr20250522\/"},"uagb_comment_info":0,"uagb_excerpt":"Voiture Conduire en toute s\u00e9curit\u00e9 Conduire sans Permis \u00c2ge pour le permis de conduire Limite d&rsquo;\u00e2ge pour le permis de conduire Source : S\u00e9curit\u00e9 Routi\u00e8re\u00a0 La route est un danger, un v\u00e9lo, un scooter qui changent de file, \u00eatre attentif pour \u00e9viter l\u2019accident. M\u00e9fiez-vous de chaque lieu ayant un croisement de route et particuli\u00e8rement des\u2026","rttpg_featured_image_url":null,"rttpg_author":{"display_name":"Michel BOUDRY","author_link":"https:\/\/lioneletlesautresvictimesdelaroute.fr\/justice\/author\/wmbdylavr20250522\/"},"rttpg_comment":0,"rttpg_category":false,"rttpg_excerpt":"Voiture Conduire en toute s\u00e9curit\u00e9 Conduire sans Permis \u00c2ge pour le permis de conduire Limite d&rsquo;\u00e2ge pour le permis de conduire Source : S\u00e9curit\u00e9 Routi\u00e8re\u00a0 La route est un danger, un v\u00e9lo, un scooter qui changent de file, \u00eatre attentif pour \u00e9viter l\u2019accident. M\u00e9fiez-vous de chaque lieu ayant un croisement de route et particuli\u00e8rement des\u2026","_links":{"self":[{"href":"https:\/\/lioneletlesautresvictimesdelaroute.fr\/justice\/wp-json\/wp\/v2\/pages\/52180","targetHints":{"allow":["GET"]}}],"collection":[{"href":"https:\/\/lioneletlesautresvictimesdelaroute.fr\/justice\/wp-json\/wp\/v2\/pages"}],"about":[{"href":"https:\/\/lioneletlesautresvictimesdelaroute.fr\/justice\/wp-json\/wp\/v2\/types\/page"}],"author":[{"embeddable":true,"href":"https:\/\/lioneletlesautresvictimesdelaroute.fr\/justice\/wp-json\/wp\/v2\/users\/3"}],"replies":[{"embeddable":true,"href":"https:\/\/lioneletlesautresvictimesdelaroute.fr\/justice\/wp-json\/wp\/v2\/comments?post=52180"}],"version-history":[{"count":2,"href":"https:\/\/lioneletlesautresvictimesdelaroute.fr\/justice\/wp-json\/wp\/v2\/pages\/52180\/revisions"}],"predecessor-version":[{"id":54263,"href":"https:\/\/lioneletlesautresvictimesdelaroute.fr\/justice\/wp-json\/wp\/v2\/pages\/52180\/revisions\/54263"}],"up":[{"embeddable":true,"href":"https:\/\/lioneletlesautresvictimesdelaroute.fr\/justice\/wp-json\/wp\/v2\/pages\/53909"}],"wp:attachment":[{"href":"https:\/\/lioneletlesautresvictimesdelaroute.fr\/justice\/wp-json\/wp\/v2\/media?parent=52180"}],"wp:term":[{"taxonomy":"category","embeddable":true,"href":"https:\/\/lioneletlesautresvictimesdelaroute.fr\/justice\/wp-json\/wp\/v2\/categories?post=52180"},{"taxonomy":"post_tag","embeddable":true,"href":"https:\/\/lioneletlesautresvictimesdelaroute.fr\/justice\/wp-json\/wp\/v2\/tags?post=52180"}],"curies":[{"name":"wp","href":"https:\/\/api.w.org\/{rel}","templated":true}]}}