{"id":54344,"date":"2026-01-12T13:59:34","date_gmt":"2026-01-12T12:59:34","guid":{"rendered":"https:\/\/lioneletlesautresvictimesdelaroute.fr\/justice\/?page_id=54344"},"modified":"2026-01-12T14:20:14","modified_gmt":"2026-01-12T13:20:14","slug":"telephone-au-volant","status":"publish","type":"page","link":"https:\/\/lioneletlesautresvictimesdelaroute.fr\/justice\/etat-des-lieux\/code-de-la-route\/telephone-au-volant\/","title":{"rendered":"T\u00e9l\u00e9phone au volant"},"content":{"rendered":"\t\t<div data-elementor-type=\"wp-page\" data-elementor-id=\"54344\" class=\"elementor elementor-54344\" data-elementor-settings=\"{&quot;ha_cmc_init_switcher&quot;:&quot;no&quot;}\">\n\t\t\t\t<div class=\"elementor-element elementor-element-9b7d4a7 e-flex e-con-boxed wpr-particle-no wpr-jarallax-no wpr-parallax-no wpr-sticky-section-no wpr-equal-height-no e-con e-parent\" data-id=\"9b7d4a7\" data-element_type=\"container\" data-e-type=\"container\" data-settings=\"{&quot;_ha_eqh_enable&quot;:false}\">\n\t\t\t\t\t<div class=\"e-con-inner\">\n\t\t\t\t<div class=\"elementor-element elementor-element-68448f1 elementor-widget elementor-widget-text-editor\" data-id=\"68448f1\" data-element_type=\"widget\" data-e-type=\"widget\" data-widget_type=\"text-editor.default\">\n\t\t\t\t<div class=\"elementor-widget-container\">\n\t\t\t\t\t\t\t\t\t<p>Le t\u00e9l\u00e9phone portable s&rsquo;insinue partout dans nos vies, compagnon de tous les instants. <a href=\"https:\/\/www.notretemps.com\/vie-pratique\/voiture\/ce-mauvais-reflexe-au-volant-qui-augmente-95435\">Y compris o\u00f9 il n&rsquo;a pas sa place, comme au volant<\/a>. De plus en plus d&rsquo;automobilistes l&rsquo;utilisent alors que son usage est formellement interdit.\u00a0Cette infraction, responsable de nombreux accidents meurtriers, est sanctionn\u00e9e par une amende forfaitaire de 135\u00a0euros et du retrait imm\u00e9diat de 3\u00a0points sur le permis de conduire.<\/p>\t\t\t\t\t\t\t\t<\/div>\n\t\t\t\t<\/div>\n\t\t\t\t<div class=\"elementor-element elementor-element-b8d7b9b elementor-align-right elementor-widget elementor-widget-button\" data-id=\"b8d7b9b\" data-element_type=\"widget\" data-e-type=\"widget\" data-widget_type=\"button.default\">\n\t\t\t\t<div class=\"elementor-widget-container\">\n\t\t\t\t\t\t\t\t\t<div class=\"elementor-button-wrapper\">\n\t\t\t\t\t<a class=\"elementor-button elementor-button-link elementor-size-sm\" href=\"https:\/\/www.securite-routiere.gouv.fr\/dangers-de-la-route\/le-telephone-et-la-conduite\">\n\t\t\t\t\t\t<span class=\"elementor-button-content-wrapper\">\n\t\t\t\t\t\t\t\t\t<span class=\"elementor-button-text\">D\u00e9monstration : Tester vous r\u00e9flexes.<\/span>\n\t\t\t\t\t<\/span>\n\t\t\t\t\t<\/a>\n\t\t\t\t<\/div>\n\t\t\t\t\t\t\t\t<\/div>\n\t\t\t\t<\/div>\n\t\t\t\t<div class=\"elementor-element elementor-element-d8affbb elementor-widget elementor-widget-text-editor\" data-id=\"d8affbb\" data-element_type=\"widget\" data-e-type=\"widget\" data-widget_type=\"text-editor.default\">\n\t\t\t\t<div class=\"elementor-widget-container\">\n\t\t\t\t\t\t\t\t\t<p>\u00a0<\/p><p>Insuffisant pour certains, comme le pr\u00e9fet des Landes, qui a d\u00e9cid\u00e9 de s\u00e9vir. Dans son d\u00e9partement, r\u00e9put\u00e9 pour ses longues lignes droites accidentog\u00e8nes, il veut durcir le ton \u00e0 l&rsquo;encontre des automobilistes d\u00e9cid\u00e9s \u00e0 utiliser leur t\u00e9l\u00e9phone au volant, rapporte <a href=\"https:\/\/www.sudouest.fr\/societe\/securite-routiere\/info-sud-ouest-le-prefet-des-landes-va-suspendre-les-permis-en-cas-d-utilisation-du-telephone-au-volant-25897039.php\"><em>Sud-Ouest<\/em><\/a><a href=\"https:\/\/www.sudouest.fr\/societe\/securite-routiere\/info-sud-ouest-le-prefet-des-landes-va-suspendre-les-permis-en-cas-d-utilisation-du-telephone-au-volant-25897039.php\">.<\/a><\/p><p>\u00a0<\/p>\t\t\t\t\t\t\t\t<\/div>\n\t\t\t\t<\/div>\n\t\t\t\t<div class=\"elementor-element elementor-element-3e88f73 elementor-widget elementor-widget-image\" data-id=\"3e88f73\" data-element_type=\"widget\" data-e-type=\"widget\" data-widget_type=\"image.default\">\n\t\t\t\t<div class=\"elementor-widget-container\">\n\t\t\t\t\t\t\t\t\t\t\t\t\t\t\t<img fetchpriority=\"high\" decoding=\"async\" width=\"1024\" height=\"724\" src=\"https:\/\/lioneletlesautresvictimesdelaroute.fr\/justice\/wp-content\/uploads\/2023\/06\/affiche-6-scaled-1-1024x724.jpg\" class=\"attachment-large size-large wp-image-27152\" alt=\"Affiche S\u00e9curit\u00e9 routi\u00e8re T\u00e9l\u00e9phone\" srcset=\"https:\/\/lioneletlesautresvictimesdelaroute.fr\/justice\/wp-content\/uploads\/2023\/06\/affiche-6-scaled-1-1024x724.jpg 1024w, https:\/\/lioneletlesautresvictimesdelaroute.fr\/justice\/wp-content\/uploads\/2023\/06\/affiche-6-scaled-1-300x212.jpg 300w, https:\/\/lioneletlesautresvictimesdelaroute.fr\/justice\/wp-content\/uploads\/2023\/06\/affiche-6-scaled-1-768x543.jpg 768w, https:\/\/lioneletlesautresvictimesdelaroute.fr\/justice\/wp-content\/uploads\/2023\/06\/affiche-6-scaled-1-1536x1086.jpg 1536w, https:\/\/lioneletlesautresvictimesdelaroute.fr\/justice\/wp-content\/uploads\/2023\/06\/affiche-6-scaled-1-2048x1448.jpg 2048w\" sizes=\"(max-width: 1024px) 100vw, 1024px\" \/>\t\t\t\t\t\t\t\t\t\t\t\t\t\t\t<\/div>\n\t\t\t\t<\/div>\n\t\t\t\t<div class=\"elementor-element elementor-element-3067af8 elementor-widget elementor-widget-spacer\" data-id=\"3067af8\" data-element_type=\"widget\" data-e-type=\"widget\" data-widget_type=\"spacer.default\">\n\t\t\t\t<div class=\"elementor-widget-container\">\n\t\t\t\t\t\t\t<div class=\"elementor-spacer\">\n\t\t\t<div class=\"elementor-spacer-inner\"><\/div>\n\t\t<\/div>\n\t\t\t\t\t\t<\/div>\n\t\t\t\t<\/div>\n\t\t\t\t<div class=\"elementor-element elementor-element-b6c4aaa elementor-widget elementor-widget-spacer\" data-id=\"b6c4aaa\" data-element_type=\"widget\" data-e-type=\"widget\" data-widget_type=\"spacer.default\">\n\t\t\t\t<div class=\"elementor-widget-container\">\n\t\t\t\t\t\t\t<div class=\"elementor-spacer\">\n\t\t\t<div class=\"elementor-spacer-inner\"><\/div>\n\t\t<\/div>\n\t\t\t\t\t\t<\/div>\n\t\t\t\t<\/div>\n\t\t\t\t\t<\/div>\n\t\t\t\t<\/div>\n\t\t\t\t<\/div>\n\t\t","protected":false},"excerpt":{"rendered":"<p>Le t\u00e9l\u00e9phone portable s&rsquo;insinue partout dans nos vies, compagnon de tous les instants. Y compris o\u00f9 il n&rsquo;a pas sa place, comme au volant. De plus en plus d&rsquo;automobilistes l&rsquo;utilisent alors que son usage est formellement interdit.\u00a0Cette infraction, responsable de nombreux accidents meurtriers, est sanctionn\u00e9e par une amende forfaitaire de 135\u00a0euros et du retrait imm\u00e9diat de 3\u00a0points sur le permis de conduire. D\u00e9monstration : Tester vous r\u00e9flexes. \u00a0 Insuffisant pour certains, comme le pr\u00e9fet des Landes, qui a d\u00e9cid\u00e9 de s\u00e9vir. Dans son d\u00e9partement, r\u00e9put\u00e9 pour ses longues lignes droites accidentog\u00e8nes, il veut durcir le ton \u00e0 l&rsquo;encontre des automobilistes d\u00e9cid\u00e9s \u00e0 utiliser leur t\u00e9l\u00e9phone au volant, rapporte Sud-Ouest. \u00a0<\/p>\n","protected":false},"author":2,"featured_media":27267,"parent":52168,"menu_order":0,"comment_status":"closed","ping_status":"closed","template":"","meta":{"_uag_custom_page_level_css":"","sfsi_plus_gutenberg_text_before_share":"","sfsi_plus_gutenberg_show_text_before_share":"","sfsi_plus_gutenberg_icon_type":"","sfsi_plus_gutenberg_icon_alignemt":"","sfsi_plus_gutenburg_max_per_row":"","_lmt_disableupdate":"no","_lmt_disable":"no","_monsterinsights_skip_tracking":false,"_monsterinsights_sitenote_active":false,"_monsterinsights_sitenote_note":"","_monsterinsights_sitenote_category":0,"site-sidebar-layout":"right-sidebar","site-content-layout":"","ast-site-content-layout":"default","site-content-style":"default","site-sidebar-style":"default","ast-global-header-display":"","ast-banner-title-visibility":"","ast-main-header-display":"","ast-hfb-above-header-display":"","ast-hfb-below-header-display":"","ast-hfb-mobile-header-display":"","site-post-title":"","ast-breadcrumbs-content":"","ast-featured-img":"disabled","footer-sml-layout":"","ast-disable-related-posts":"","theme-transparent-header-meta":"default","adv-header-id-meta":"","stick-header-meta":"","header-above-stick-meta":"","header-main-stick-meta":"","header-below-stick-meta":"","astra-migrate-meta-layouts":"set","ast-page-background-enabled":"default","ast-page-background-meta":{"desktop":{"background-color":"var(--ast-global-color-4)","background-image":"","background-repeat":"repeat","background-position":"center center","background-size":"auto","background-attachment":"scroll","background-type":"","background-media":"","overlay-type":"","overlay-color":"","overlay-opacity":"","overlay-gradient":""},"tablet":{"background-color":"","background-image":"","background-repeat":"repeat","background-position":"center center","background-size":"auto","background-attachment":"scroll","background-type":"","background-media":"","overlay-type":"","overlay-color":"","overlay-opacity":"","overlay-gradient":""},"mobile":{"background-color":"","background-image":"","background-repeat":"repeat","background-position":"center center","background-size":"auto","background-attachment":"scroll","background-type":"","background-media":"","overlay-type":"","overlay-color":"","overlay-opacity":"","overlay-gradient":""}},"ast-content-background-meta":{"desktop":{"background-color":"var(--ast-global-color-5)","background-image":"","background-repeat":"repeat","background-position":"center center","background-size":"auto","background-attachment":"scroll","background-type":"","background-media":"","overlay-type":"","overlay-color":"","overlay-opacity":"","overlay-gradient":""},"tablet":{"background-color":"var(--ast-global-color-5)","background-image":"","background-repeat":"repeat","background-position":"center center","background-size":"auto","background-attachment":"scroll","background-type":"","background-media":"","overlay-type":"","overlay-color":"","overlay-opacity":"","overlay-gradient":""},"mobile":{"background-color":"var(--ast-global-color-5)","background-image":"","background-repeat":"repeat","background-position":"center center","background-size":"auto","background-attachment":"scroll","background-type":"","background-media":"","overlay-type":"","overlay-color":"","overlay-opacity":"","overlay-gradient":""}},"iawp_total_views":0,"footnotes":""},"categories":[],"tags":[],"class_list":["post-54344","page","type-page","status-publish","has-post-thumbnail","hentry"],"aioseo_notices":[],"uagb_featured_image_src":{"full":["https:\/\/lioneletlesautresvictimesdelaroute.fr\/justice\/wp-content\/uploads\/2023\/05\/onglet_telephone.jpg",187,269,false],"thumbnail":["https:\/\/lioneletlesautresvictimesdelaroute.fr\/justice\/wp-content\/uploads\/2023\/05\/onglet_telephone-150x150.jpg",150,150,true],"medium":["https:\/\/lioneletlesautresvictimesdelaroute.fr\/justice\/wp-content\/uploads\/2023\/05\/onglet_telephone.jpg",187,269,false],"medium_large":["https:\/\/lioneletlesautresvictimesdelaroute.fr\/justice\/wp-content\/uploads\/2023\/05\/onglet_telephone.jpg",187,269,false],"large":["https:\/\/lioneletlesautresvictimesdelaroute.fr\/justice\/wp-content\/uploads\/2023\/05\/onglet_telephone.jpg",187,269,false],"1536x1536":["https:\/\/lioneletlesautresvictimesdelaroute.fr\/justice\/wp-content\/uploads\/2023\/05\/onglet_telephone.jpg",187,269,false],"2048x2048":["https:\/\/lioneletlesautresvictimesdelaroute.fr\/justice\/wp-content\/uploads\/2023\/05\/onglet_telephone.jpg",187,269,false]},"uagb_author_info":{"display_name":"Coralie PAILHES","author_link":"https:\/\/lioneletlesautresvictimesdelaroute.fr\/justice\/author\/edliojus01513\/"},"uagb_comment_info":0,"uagb_excerpt":"Le t\u00e9l\u00e9phone portable s&rsquo;insinue partout dans nos vies, compagnon de tous les instants. Y compris o\u00f9 il n&rsquo;a pas sa place, comme au volant. De plus en plus d&rsquo;automobilistes l&rsquo;utilisent alors que son usage est formellement interdit.\u00a0Cette infraction, responsable de nombreux accidents meurtriers, est sanctionn\u00e9e par une amende forfaitaire de 135\u00a0euros et du retrait imm\u00e9diat\u2026","rttpg_featured_image_url":{"full":["https:\/\/lioneletlesautresvictimesdelaroute.fr\/justice\/wp-content\/uploads\/2023\/05\/onglet_telephone.jpg",187,269,false],"landscape":["https:\/\/lioneletlesautresvictimesdelaroute.fr\/justice\/wp-content\/uploads\/2023\/05\/onglet_telephone.jpg",187,269,false],"portraits":["https:\/\/lioneletlesautresvictimesdelaroute.fr\/justice\/wp-content\/uploads\/2023\/05\/onglet_telephone.jpg",187,269,false],"thumbnail":["https:\/\/lioneletlesautresvictimesdelaroute.fr\/justice\/wp-content\/uploads\/2023\/05\/onglet_telephone-150x150.jpg",150,150,true],"medium":["https:\/\/lioneletlesautresvictimesdelaroute.fr\/justice\/wp-content\/uploads\/2023\/05\/onglet_telephone.jpg",187,269,false],"large":["https:\/\/lioneletlesautresvictimesdelaroute.fr\/justice\/wp-content\/uploads\/2023\/05\/onglet_telephone.jpg",187,269,false],"1536x1536":["https:\/\/lioneletlesautresvictimesdelaroute.fr\/justice\/wp-content\/uploads\/2023\/05\/onglet_telephone.jpg",187,269,false],"2048x2048":["https:\/\/lioneletlesautresvictimesdelaroute.fr\/justice\/wp-content\/uploads\/2023\/05\/onglet_telephone.jpg",187,269,false]},"rttpg_author":{"display_name":"Coralie PAILHES","author_link":"https:\/\/lioneletlesautresvictimesdelaroute.fr\/justice\/author\/edliojus01513\/"},"rttpg_comment":0,"rttpg_category":false,"rttpg_excerpt":"Le t\u00e9l\u00e9phone portable s&rsquo;insinue partout dans nos vies, compagnon de tous les instants. Y compris o\u00f9 il n&rsquo;a pas sa place, comme au volant. De plus en plus d&rsquo;automobilistes l&rsquo;utilisent alors que son usage est formellement interdit.\u00a0Cette infraction, responsable de nombreux accidents meurtriers, est sanctionn\u00e9e par une amende forfaitaire de 135\u00a0euros et du retrait imm\u00e9diat\u2026","_links":{"self":[{"href":"https:\/\/lioneletlesautresvictimesdelaroute.fr\/justice\/wp-json\/wp\/v2\/pages\/54344","targetHints":{"allow":["GET"]}}],"collection":[{"href":"https:\/\/lioneletlesautresvictimesdelaroute.fr\/justice\/wp-json\/wp\/v2\/pages"}],"about":[{"href":"https:\/\/lioneletlesautresvictimesdelaroute.fr\/justice\/wp-json\/wp\/v2\/types\/page"}],"author":[{"embeddable":true,"href":"https:\/\/lioneletlesautresvictimesdelaroute.fr\/justice\/wp-json\/wp\/v2\/users\/2"}],"replies":[{"embeddable":true,"href":"https:\/\/lioneletlesautresvictimesdelaroute.fr\/justice\/wp-json\/wp\/v2\/comments?post=54344"}],"version-history":[{"count":2,"href":"https:\/\/lioneletlesautresvictimesdelaroute.fr\/justice\/wp-json\/wp\/v2\/pages\/54344\/revisions"}],"predecessor-version":[{"id":54364,"href":"https:\/\/lioneletlesautresvictimesdelaroute.fr\/justice\/wp-json\/wp\/v2\/pages\/54344\/revisions\/54364"}],"up":[{"embeddable":true,"href":"https:\/\/lioneletlesautresvictimesdelaroute.fr\/justice\/wp-json\/wp\/v2\/pages\/52168"}],"wp:featuredmedia":[{"embeddable":true,"href":"https:\/\/lioneletlesautresvictimesdelaroute.fr\/justice\/wp-json\/wp\/v2\/media\/27267"}],"wp:attachment":[{"href":"https:\/\/lioneletlesautresvictimesdelaroute.fr\/justice\/wp-json\/wp\/v2\/media?parent=54344"}],"wp:term":[{"taxonomy":"category","embeddable":true,"href":"https:\/\/lioneletlesautresvictimesdelaroute.fr\/justice\/wp-json\/wp\/v2\/categories?post=54344"},{"taxonomy":"post_tag","embeddable":true,"href":"https:\/\/lioneletlesautresvictimesdelaroute.fr\/justice\/wp-json\/wp\/v2\/tags?post=54344"}],"curies":[{"name":"wp","href":"https:\/\/api.w.org\/{rel}","templated":true}]}}